{"id":51,"date":"2021-03-24T22:41:40","date_gmt":"2021-03-24T22:41:40","guid":{"rendered":"http:\/\/amej.org.mx\/home\/?page_id=51"},"modified":"2021-12-19T19:55:03","modified_gmt":"2021-12-19T19:55:03","slug":"home","status":"publish","type":"page","link":"http:\/\/amej.org.mx\/home\/","title":{"rendered":"Home"},"content":{"rendered":"\t\t<div data-elementor-type=\"wp-page\" data-elementor-id=\"51\" class=\"elementor elementor-51\">\n\t\t\t\t\t\t<section class=\"elementor-section elementor-top-section elementor-element elementor-element-35d8681 elementor-section-full_width elementor-section-height-default elementor-section-height-default\" data-id=\"35d8681\" data-element_type=\"section\">\n\t\t\t\t\t\t<div class=\"elementor-container elementor-column-gap-default\">\n\t\t\t\t\t<div class=\"elementor-column elementor-col-100 elementor-top-column elementor-element elementor-element-ddb86b9\" data-id=\"ddb86b9\" data-element_type=\"column\">\n\t\t\t<div class=\"elementor-widget-wrap elementor-element-populated\">\n\t\t\t\t\t\t<div class=\"elementor-element elementor-element-b5a710b elementor-widget elementor-widget-shortcode\" data-id=\"b5a710b\" data-element_type=\"widget\" data-widget_type=\"shortcode.default\">\n\t\t\t\t<div class=\"elementor-widget-container\">\n\t\t\t\t\t\t\t<div class=\"elementor-shortcode\"><div id=\"metaslider-id-1254\" style=\"width: 100%; margin: 0 auto;\" class=\"ml-slider-3-102-0 metaslider metaslider-flex metaslider-1254 ml-slider has-dots-nav ms-theme-default\" role=\"region\" aria-label=\"Carrousel\">\n    <div id=\"metaslider_container_1254\">\n        <div id=\"metaslider_1254\">\n            <ul class='slides'>\n                <li style=\"display: block; width: 100%;\" class=\"slide-1306 ms-image \" aria-roledescription=\"slide\" data-date=\"2023-04-16 19:17:28\" data-slide-type=\"image\"><img fetchpriority=\"high\" decoding=\"async\" width=\"1024\" height=\"674\" src=\"http:\/\/amej.org.mx\/home\/wp-content\/uploads\/Carrusel\/WhatsApp-Image-2023-04-14-at-12.58.56-PM.jpeg\" class=\"slider-1254 slide-1306 msDefaultImage\" alt=\"\" rel=\"\" title=\"WhatsApp-Image-2023-04-14-at-12\" style=\"margin: 0 auto; width: 65.112335735481%\" srcset=\"http:\/\/amej.org.mx\/home\/wp-content\/uploads\/Carrusel\/WhatsApp-Image-2023-04-14-at-12.58.56-PM.jpeg 1024w, http:\/\/amej.org.mx\/home\/wp-content\/uploads\/Carrusel\/WhatsApp-Image-2023-04-14-at-12.58.56-PM-300x197.jpeg 300w, http:\/\/amej.org.mx\/home\/wp-content\/uploads\/Carrusel\/WhatsApp-Image-2023-04-14-at-12.58.56-PM-768x506.jpeg 768w, http:\/\/amej.org.mx\/home\/wp-content\/uploads\/Carrusel\/WhatsApp-Image-2023-04-14-at-12.58.56-PM-350x230.jpeg 350w, http:\/\/amej.org.mx\/home\/wp-content\/uploads\/Carrusel\/WhatsApp-Image-2023-04-14-at-12.58.56-PM-850x559.jpeg 850w\" sizes=\"(max-width: 1024px) 100vw, 1024px\" \/><\/li>\n                <li style=\"display: none; width: 100%;\" class=\"slide-1305 ms-image \" aria-roledescription=\"slide\" data-date=\"2023-04-16 19:17:22\" data-slide-type=\"image\"><img decoding=\"async\" width=\"1024\" height=\"768\" src=\"http:\/\/amej.org.mx\/home\/wp-content\/uploads\/Carrusel\/WhatsApp-Image-2023-04-14-at-12.58.21-PM.jpeg\" class=\"slider-1254 slide-1305 msDefaultImage\" alt=\"\" rel=\"\" title=\"WhatsApp-Image-2023-04-14-at-12\" style=\"margin: 0 auto; width: 57.142857142857%\" srcset=\"http:\/\/amej.org.mx\/home\/wp-content\/uploads\/Carrusel\/WhatsApp-Image-2023-04-14-at-12.58.21-PM.jpeg 1024w, http:\/\/amej.org.mx\/home\/wp-content\/uploads\/Carrusel\/WhatsApp-Image-2023-04-14-at-12.58.21-PM-300x225.jpeg 300w, http:\/\/amej.org.mx\/home\/wp-content\/uploads\/Carrusel\/WhatsApp-Image-2023-04-14-at-12.58.21-PM-768x576.jpeg 768w, http:\/\/amej.org.mx\/home\/wp-content\/uploads\/Carrusel\/WhatsApp-Image-2023-04-14-at-12.58.21-PM-850x638.jpeg 850w\" sizes=\"(max-width: 1024px) 100vw, 1024px\" \/><\/li>\n                <li style=\"display: none; width: 100%;\" class=\"slide-1255 ms-image \" aria-roledescription=\"slide\" data-date=\"2021-12-19 19:48:47\" data-slide-type=\"image\"><img decoding=\"async\" width=\"1024\" height=\"683\" src=\"http:\/\/amej.org.mx\/home\/wp-content\/uploads\/Carrusel\/Presidentes-AMEJ.jpg\" class=\"slider-1254 slide-1255 msDefaultImage\" alt=\"\" rel=\"\" title=\"Presidentes-AMEJ\" style=\"margin: 0 auto; width: 64.254340096214%\" srcset=\"http:\/\/amej.org.mx\/home\/wp-content\/uploads\/Carrusel\/Presidentes-AMEJ.jpg 1024w, http:\/\/amej.org.mx\/home\/wp-content\/uploads\/Carrusel\/Presidentes-AMEJ-300x200.jpg 300w, http:\/\/amej.org.mx\/home\/wp-content\/uploads\/Carrusel\/Presidentes-AMEJ-768x512.jpg 768w, http:\/\/amej.org.mx\/home\/wp-content\/uploads\/Carrusel\/Presidentes-AMEJ-850x567.jpg 850w\" sizes=\"(max-width: 1024px) 100vw, 1024px\" \/><\/li>\n                <li style=\"display: none; width: 100%;\" class=\"slide-1256 ms-image \" aria-roledescription=\"slide\" data-date=\"2021-12-19 19:48:48\" data-slide-type=\"image\"><img loading=\"lazy\" decoding=\"async\" width=\"1024\" height=\"754\" src=\"http:\/\/amej.org.mx\/home\/wp-content\/uploads\/Carrusel\/IMG_9002.jpg\" class=\"slider-1254 slide-1256 msDefaultImage\" alt=\"\" rel=\"\" title=\"IMG_9002\" style=\"margin: 0 auto; width: 58.203865100417%\" srcset=\"http:\/\/amej.org.mx\/home\/wp-content\/uploads\/Carrusel\/IMG_9002.jpg 1024w, http:\/\/amej.org.mx\/home\/wp-content\/uploads\/Carrusel\/IMG_9002-300x221.jpg 300w, http:\/\/amej.org.mx\/home\/wp-content\/uploads\/Carrusel\/IMG_9002-768x566.jpg 768w, http:\/\/amej.org.mx\/home\/wp-content\/uploads\/Carrusel\/IMG_9002-850x626.jpg 850w\" sizes=\"(max-width: 1024px) 100vw, 1024px\" \/><\/li>\n                <li style=\"display: none; width: 100%;\" class=\"slide-1257 ms-image \" aria-roledescription=\"slide\" data-date=\"2021-12-19 19:48:48\" data-slide-type=\"image\"><img loading=\"lazy\" decoding=\"async\" width=\"1024\" height=\"683\" src=\"http:\/\/amej.org.mx\/home\/wp-content\/uploads\/Carrusel\/Experiencia-exbecarios-2020-14.jpg\" class=\"slider-1254 slide-1257 msDefaultImage\" alt=\"\" rel=\"\" title=\"Experiencia-exbecarios-2020-14\" style=\"margin: 0 auto; width: 64.254340096214%\" srcset=\"http:\/\/amej.org.mx\/home\/wp-content\/uploads\/Carrusel\/Experiencia-exbecarios-2020-14.jpg 1024w, http:\/\/amej.org.mx\/home\/wp-content\/uploads\/Carrusel\/Experiencia-exbecarios-2020-14-300x200.jpg 300w, http:\/\/amej.org.mx\/home\/wp-content\/uploads\/Carrusel\/Experiencia-exbecarios-2020-14-768x512.jpg 768w, http:\/\/amej.org.mx\/home\/wp-content\/uploads\/Carrusel\/Experiencia-exbecarios-2020-14-850x567.jpg 850w\" sizes=\"(max-width: 1024px) 100vw, 1024px\" \/><\/li>\n                <li style=\"display: none; width: 100%;\" class=\"slide-1258 ms-image \" aria-roledescription=\"slide\" data-date=\"2021-12-19 19:48:48\" data-slide-type=\"image\"><img loading=\"lazy\" decoding=\"async\" width=\"1024\" height=\"768\" src=\"http:\/\/amej.org.mx\/home\/wp-content\/uploads\/Carrusel\/Condecorados.jpg\" class=\"slider-1254 slide-1258 msDefaultImage\" alt=\"\" rel=\"\" title=\"Condecorados\" style=\"margin: 0 auto; width: 57.142857142857%\" srcset=\"http:\/\/amej.org.mx\/home\/wp-content\/uploads\/Carrusel\/Condecorados.jpg 1024w, http:\/\/amej.org.mx\/home\/wp-content\/uploads\/Carrusel\/Condecorados-300x225.jpg 300w, http:\/\/amej.org.mx\/home\/wp-content\/uploads\/Carrusel\/Condecorados-768x576.jpg 768w, http:\/\/amej.org.mx\/home\/wp-content\/uploads\/Carrusel\/Condecorados-850x638.jpg 850w\" sizes=\"(max-width: 1024px) 100vw, 1024px\" \/><\/li>\n                <li style=\"display: none; width: 100%;\" class=\"slide-1259 ms-image \" aria-roledescription=\"slide\" data-date=\"2021-12-19 19:48:48\" data-slide-type=\"image\"><img loading=\"lazy\" decoding=\"async\" width=\"1024\" height=\"683\" src=\"http:\/\/amej.org.mx\/home\/wp-content\/uploads\/Carrusel\/CenaBaile25Aniv.jpg\" class=\"slider-1254 slide-1259 msDefaultImage\" alt=\"\" rel=\"\" title=\"CenaBaile25Aniv\" style=\"margin: 0 auto; width: 64.254340096214%\" srcset=\"http:\/\/amej.org.mx\/home\/wp-content\/uploads\/Carrusel\/CenaBaile25Aniv.jpg 1024w, http:\/\/amej.org.mx\/home\/wp-content\/uploads\/Carrusel\/CenaBaile25Aniv-300x200.jpg 300w, http:\/\/amej.org.mx\/home\/wp-content\/uploads\/Carrusel\/CenaBaile25Aniv-768x512.jpg 768w, http:\/\/amej.org.mx\/home\/wp-content\/uploads\/Carrusel\/CenaBaile25Aniv-850x567.jpg 850w\" sizes=\"(max-width: 1024px) 100vw, 1024px\" \/><\/li>\n                <li style=\"display: none; width: 100%;\" class=\"slide-1260 ms-image \" aria-roledescription=\"slide\" data-date=\"2021-12-19 19:48:48\" data-slide-type=\"image\"><img loading=\"lazy\" decoding=\"async\" width=\"1024\" height=\"769\" src=\"http:\/\/amej.org.mx\/home\/wp-content\/uploads\/Carrusel\/Asamblea-2019.png\" class=\"slider-1254 slide-1260 msDefaultImage\" alt=\"\" rel=\"\" title=\"Asamblea 2019\" style=\"margin: 0 auto; width: 57.068549136169%\" srcset=\"http:\/\/amej.org.mx\/home\/wp-content\/uploads\/Carrusel\/Asamblea-2019.png 1024w, http:\/\/amej.org.mx\/home\/wp-content\/uploads\/Carrusel\/Asamblea-2019-300x225.png 300w, http:\/\/amej.org.mx\/home\/wp-content\/uploads\/Carrusel\/Asamblea-2019-768x577.png 768w, http:\/\/amej.org.mx\/home\/wp-content\/uploads\/Carrusel\/Asamblea-2019-850x638.png 850w\" sizes=\"(max-width: 1024px) 100vw, 1024px\" \/><\/li>\n                <li style=\"display: none; width: 100%;\" class=\"slide-1261 ms-image \" aria-roledescription=\"slide\" data-date=\"2021-12-19 19:48:48\" data-slide-type=\"image\"><img loading=\"lazy\" decoding=\"async\" width=\"1024\" height=\"690\" src=\"http:\/\/amej.org.mx\/home\/wp-content\/uploads\/Carrusel\/16174472_734165496742954_6375685404712314816_n.jpg\" class=\"slider-1254 slide-1261 msDefaultImage\" alt=\"\" rel=\"\" title=\"16174472_734165496742954_6375685404712314816_n\" style=\"margin: 0 auto; width: 63.60248447205%\" srcset=\"http:\/\/amej.org.mx\/home\/wp-content\/uploads\/Carrusel\/16174472_734165496742954_6375685404712314816_n.jpg 1024w, http:\/\/amej.org.mx\/home\/wp-content\/uploads\/Carrusel\/16174472_734165496742954_6375685404712314816_n-300x202.jpg 300w, http:\/\/amej.org.mx\/home\/wp-content\/uploads\/Carrusel\/16174472_734165496742954_6375685404712314816_n-768x518.jpg 768w, http:\/\/amej.org.mx\/home\/wp-content\/uploads\/Carrusel\/16174472_734165496742954_6375685404712314816_n-850x573.jpg 850w\" sizes=\"(max-width: 1024px) 100vw, 1024px\" \/><\/li>\n                <li style=\"display: none; width: 100%;\" class=\"slide-1262 ms-image \" aria-roledescription=\"slide\" data-date=\"2021-12-19 19:48:48\" data-slide-type=\"image\"><img loading=\"lazy\" decoding=\"async\" width=\"1024\" height=\"556\" src=\"http:\/\/amej.org.mx\/home\/wp-content\/uploads\/Carrusel\/2018-6-Foro-del-Conocimiento-del-Japon-en-Mexico-copy.jpg\" class=\"slider-1254 slide-1262 msDefaultImage\" alt=\"\" rel=\"\" title=\"2018-6-Foro-del-Conocimiento-del-Japon-en-Mexico-copy\" style=\"margin: 0 auto; width: 78.931140801644%\" srcset=\"http:\/\/amej.org.mx\/home\/wp-content\/uploads\/Carrusel\/2018-6-Foro-del-Conocimiento-del-Japon-en-Mexico-copy.jpg 1024w, http:\/\/amej.org.mx\/home\/wp-content\/uploads\/Carrusel\/2018-6-Foro-del-Conocimiento-del-Japon-en-Mexico-copy-300x163.jpg 300w, http:\/\/amej.org.mx\/home\/wp-content\/uploads\/Carrusel\/2018-6-Foro-del-Conocimiento-del-Japon-en-Mexico-copy-768x417.jpg 768w, http:\/\/amej.org.mx\/home\/wp-content\/uploads\/Carrusel\/2018-6-Foro-del-Conocimiento-del-Japon-en-Mexico-copy-850x462.jpg 850w\" sizes=\"(max-width: 1024px) 100vw, 1024px\" \/><\/li>\n                <li style=\"display: none; width: 100%;\" class=\"slide-1263 ms-image \" aria-roledescription=\"slide\" data-date=\"2021-12-19 19:48:48\" data-slide-type=\"image\"><img loading=\"lazy\" decoding=\"async\" width=\"1024\" height=\"768\" src=\"http:\/\/amej.org.mx\/home\/wp-content\/uploads\/Carrusel\/2018-3-1er-Foro-de-Amistad-Me\u0301xico-Japo\u0301n-copy.jpg\" class=\"slider-1254 slide-1263 msDefaultImage\" alt=\"\" rel=\"\" title=\"2018-3-1er-Foro-de-Amistad-Me\u0301xico-Japo\u0301n-copy\" style=\"margin: 0 auto; width: 57.142857142857%\" srcset=\"http:\/\/amej.org.mx\/home\/wp-content\/uploads\/Carrusel\/2018-3-1er-Foro-de-Amistad-Me\u0301xico-Japo\u0301n-copy.jpg 1024w, http:\/\/amej.org.mx\/home\/wp-content\/uploads\/Carrusel\/2018-3-1er-Foro-de-Amistad-Me\u0301xico-Japo\u0301n-copy-300x225.jpg 300w, http:\/\/amej.org.mx\/home\/wp-content\/uploads\/Carrusel\/2018-3-1er-Foro-de-Amistad-Me\u0301xico-Japo\u0301n-copy-768x576.jpg 768w, http:\/\/amej.org.mx\/home\/wp-content\/uploads\/Carrusel\/2018-3-1er-Foro-de-Amistad-Me\u0301xico-Japo\u0301n-copy-850x638.jpg 850w\" sizes=\"(max-width: 1024px) 100vw, 1024px\" \/><\/li>\n                <li style=\"display: none; width: 100%;\" class=\"slide-1264 ms-image \" aria-roledescription=\"slide\" data-date=\"2021-12-19 19:48:48\" data-slide-type=\"image\"><img loading=\"lazy\" decoding=\"async\" width=\"1024\" height=\"684\" src=\"http:\/\/amej.org.mx\/home\/wp-content\/uploads\/Carrusel\/2016-1er-Networking-Me\u0301xico-Japo\u0301n.jpg\" class=\"slider-1254 slide-1264 msDefaultImage\" alt=\"\" rel=\"\" title=\"2016-1er-Networking-Me\u0301xico-Japo\u0301n\" style=\"margin: 0 auto; width: 64.160401002506%\" srcset=\"http:\/\/amej.org.mx\/home\/wp-content\/uploads\/Carrusel\/2016-1er-Networking-Me\u0301xico-Japo\u0301n.jpg 1024w, http:\/\/amej.org.mx\/home\/wp-content\/uploads\/Carrusel\/2016-1er-Networking-Me\u0301xico-Japo\u0301n-300x200.jpg 300w, http:\/\/amej.org.mx\/home\/wp-content\/uploads\/Carrusel\/2016-1er-Networking-Me\u0301xico-Japo\u0301n-768x513.jpg 768w, http:\/\/amej.org.mx\/home\/wp-content\/uploads\/Carrusel\/2016-1er-Networking-Me\u0301xico-Japo\u0301n-850x568.jpg 850w\" sizes=\"(max-width: 1024px) 100vw, 1024px\" \/><\/li>\n                <li style=\"display: none; width: 100%;\" class=\"slide-1265 ms-image \" aria-roledescription=\"slide\" data-date=\"2021-12-19 19:48:48\" data-slide-type=\"image\"><img loading=\"lazy\" decoding=\"async\" width=\"1024\" height=\"516\" src=\"http:\/\/amej.org.mx\/home\/wp-content\/uploads\/Carrusel\/011-Shinnenkai-2015-edit.jpg\" class=\"slider-1254 slide-1265 msDefaultImage\" alt=\"\" rel=\"\" title=\"011-Shinnenkai-2015-edit\" style=\"margin: 0 auto; width: 85.049833887043%\" srcset=\"http:\/\/amej.org.mx\/home\/wp-content\/uploads\/Carrusel\/011-Shinnenkai-2015-edit.jpg 1024w, http:\/\/amej.org.mx\/home\/wp-content\/uploads\/Carrusel\/011-Shinnenkai-2015-edit-300x151.jpg 300w, http:\/\/amej.org.mx\/home\/wp-content\/uploads\/Carrusel\/011-Shinnenkai-2015-edit-768x387.jpg 768w, http:\/\/amej.org.mx\/home\/wp-content\/uploads\/Carrusel\/011-Shinnenkai-2015-edit-850x428.jpg 850w\" sizes=\"(max-width: 1024px) 100vw, 1024px\" \/><\/li>\n                <li style=\"display: none; width: 100%;\" class=\"slide-1266 ms-image \" aria-roledescription=\"slide\" data-date=\"2021-12-19 19:48:48\" data-slide-type=\"image\"><img loading=\"lazy\" decoding=\"async\" width=\"1024\" height=\"702\" src=\"http:\/\/amej.org.mx\/home\/wp-content\/uploads\/Carrusel\/010-Shinnenkai0001.jpg\" class=\"slider-1254 slide-1266 msDefaultImage\" alt=\"\" rel=\"\" title=\"010-Shinnenkai0001\" style=\"margin: 0 auto; width: 62.515262515263%\" srcset=\"http:\/\/amej.org.mx\/home\/wp-content\/uploads\/Carrusel\/010-Shinnenkai0001.jpg 1024w, http:\/\/amej.org.mx\/home\/wp-content\/uploads\/Carrusel\/010-Shinnenkai0001-300x206.jpg 300w, http:\/\/amej.org.mx\/home\/wp-content\/uploads\/Carrusel\/010-Shinnenkai0001-768x527.jpg 768w, http:\/\/amej.org.mx\/home\/wp-content\/uploads\/Carrusel\/010-Shinnenkai0001-850x583.jpg 850w\" sizes=\"(max-width: 1024px) 100vw, 1024px\" \/><\/li>\n                <li style=\"display: none; width: 100%;\" class=\"slide-1267 ms-image \" aria-roledescription=\"slide\" data-date=\"2021-12-19 19:48:48\" data-slide-type=\"image\"><img loading=\"lazy\" decoding=\"async\" width=\"1024\" height=\"730\" src=\"http:\/\/amej.org.mx\/home\/wp-content\/uploads\/Carrusel\/004-Viaje-Monterrey0001.jpg\" class=\"slider-1254 slide-1267 msDefaultImage\" alt=\"\" rel=\"\" title=\"004-Viaje-Monterrey0001\" style=\"margin: 0 auto; width: 60.117416829746%\" srcset=\"http:\/\/amej.org.mx\/home\/wp-content\/uploads\/Carrusel\/004-Viaje-Monterrey0001.jpg 1024w, http:\/\/amej.org.mx\/home\/wp-content\/uploads\/Carrusel\/004-Viaje-Monterrey0001-300x214.jpg 300w, http:\/\/amej.org.mx\/home\/wp-content\/uploads\/Carrusel\/004-Viaje-Monterrey0001-768x548.jpg 768w, http:\/\/amej.org.mx\/home\/wp-content\/uploads\/Carrusel\/004-Viaje-Monterrey0001-850x606.jpg 850w\" sizes=\"(max-width: 1024px) 100vw, 1024px\" \/><\/li>\n            <\/ul>\n        <\/div>\n        \n    <\/div>\n<\/div><\/div>\n\t\t\t\t\t\t<\/div>\n\t\t\t\t<\/div>\n\t\t\t\t\t<\/div>\n\t\t<\/div>\n\t\t\t\t\t<\/div>\n\t\t<\/section>\n\t\t\t\t<section class=\"elementor-section elementor-top-section elementor-element elementor-element-1632ad5 elementor-section-full_width elementor-section-height-default elementor-section-height-default\" data-id=\"1632ad5\" data-element_type=\"section\">\n\t\t\t\t\t\t<div class=\"elementor-container elementor-column-gap-default\">\n\t\t\t\t\t<div class=\"elementor-column elementor-col-100 elementor-top-column elementor-element elementor-element-fa9c931\" data-id=\"fa9c931\" data-element_type=\"column\">\n\t\t\t<div class=\"elementor-widget-wrap elementor-element-populated\">\n\t\t\t\t\t\t<div class=\"elementor-element elementor-element-3a6c33a elementor-widget elementor-widget-text-editor\" data-id=\"3a6c33a\" data-element_type=\"widget\" data-widget_type=\"text-editor.default\">\n\t\t\t\t<div class=\"elementor-widget-container\">\n\t\t\t\t\t\t\t\t\t<p><span style=\"color: #000000; font-family: Armata; font-size: medium;\"><b><span class=\"larger-text\">La Asociaci\u00f3n Mexicana de Exbecarios del Jap\u00f3n, A.C. (AMEJ)<\/span><\/b> fue creada por iniciativa del Gobierno Japon\u00e9s, quien expres\u00f3 la importancia de que los beneficiarios de las becas del Ministerio de Educaci\u00f3n, Deporte, Ciencia y Tecnolog\u00eda del Jap\u00f3n, tuvieran una Asociaci\u00f3n de Exbecarios, como ya ocurr\u00eda con otros organismos de origen japon\u00e9s o en otros pa\u00edses. La idea era contar con el apoyo de los exbecarios para difundir las becas del gobierno japon\u00e9s, sustentados por el Departamento Cultural de la Oficina del Ministerio de Relaciones Exteriores (MOFA) de la Embajada del Jap\u00f3n en M\u00e9xico. Con dicha difusi\u00f3n se buscar\u00eda que los exbecarios motivaran, fortalecieran y transmitieran sus experiencias a futuros j\u00f3venes a postularse como candidatos de alguno de los programas de becas ofrecidos en diferentes tiempos.<\/span><\/p>\t\t\t\t\t\t\t\t<\/div>\n\t\t\t\t<\/div>\n\t\t\t\t\t<\/div>\n\t\t<\/div>\n\t\t\t\t\t<\/div>\n\t\t<\/section>\n\t\t\t\t<section class=\"elementor-section elementor-top-section elementor-element elementor-element-e4b01ef elementor-section-boxed elementor-section-height-default elementor-section-height-default\" data-id=\"e4b01ef\" data-element_type=\"section\">\n\t\t\t\t\t\t<div class=\"elementor-container elementor-column-gap-default\">\n\t\t\t\t\t<div class=\"elementor-column elementor-col-100 elementor-top-column elementor-element elementor-element-d03d39f\" data-id=\"d03d39f\" data-element_type=\"column\">\n\t\t\t<div class=\"elementor-widget-wrap\">\n\t\t\t\t\t\t\t<\/div>\n\t\t<\/div>\n\t\t\t\t\t<\/div>\n\t\t<\/section>\n\t\t\t\t<section class=\"elementor-section elementor-top-section elementor-element elementor-element-c2553a5 elementor-section-full_width elementor-section-height-default elementor-section-height-default\" data-id=\"c2553a5\" data-element_type=\"section\">\n\t\t\t\t\t\t<div class=\"elementor-container elementor-column-gap-default\">\n\t\t\t\t\t<div class=\"elementor-column elementor-col-33 elementor-top-column elementor-element elementor-element-5865ac8\" data-id=\"5865ac8\" data-element_type=\"column\">\n\t\t\t<div class=\"elementor-widget-wrap elementor-element-populated\">\n\t\t\t\t\t\t<div class=\"elementor-element elementor-element-b9866fa feed-box elementor-widget elementor-widget-shortcode\" data-id=\"b9866fa\" data-element_type=\"widget\" data-widget_type=\"shortcode.default\">\n\t\t\t\t<div class=\"elementor-widget-container\">\n\t\t\t\t\t\t\t<div class=\"elementor-shortcode\">\n<!-- Custom Twitter Feeds by Smash Balloon -->\n<div id=\"ctf\" class=\" ctf ctf-type-usertimeline ctf-rebranded ctf-feed-1  ctf-styles ctf-list ctf-regular-style ctf-fixed-height\"   data-ctfshortcode=\"{&quot;feed&quot;:1}\"   data-ctfdisablelinks=\"false\" data-ctflinktextcolor=\"#\" data-header-size=\"small\" data-feedid=\"1\" data-postid=\"51\"  data-feed=\"1\" data-ctfintents=\"1\"  data-ctfneeded=\"-18\">\n    \n<div class=\"ctf-header  ctf-no-bio\" >\n    <a href=\"https:\/\/twitter.com\/AMEJ_org_mx\/\" target=\"_blank\" rel=\"noopener noreferrer\" title=\"@AMEJ_org_mx\" class=\"ctf-header-link\">\n        <div class=\"ctf-header-text\">\n            <p class=\"ctf-header-user\">\n                <span class=\"ctf-header-name\">AMEJ<\/span>\n                <span class=\"ctf-verified\"><\/span>\n                <span class=\"ctf-header-follow\">\n                    <svg width=\"30\" height=\"30\" viewBox=\"0 0 30 30\" fill=\"none\" xmlns=\"http:\/\/www.w3.org\/2000\/svg\"><path d=\"M21.1161 6.27344H24.2289L17.4284 14.0459L25.4286 24.6225H19.1645L14.2583 18.2079L8.6444 24.6225H5.52976L12.8035 16.309L5.12891 6.27344H11.552L15.9868 12.1367L21.1161 6.27344ZM20.0236 22.7594H21.7484L10.6148 8.03871H8.7639L20.0236 22.7594Z\" fill=\"black\"\/>\n\t\t\t<\/svg> Follow                <\/span>\n            <\/p>\n\n\t\t\t                <p class=\"ctf-header-bio\"  >\n\t\t\t\t\t#AMEJ Asociaci\u00f3n Mexicana de Exbecarios del Jap\u00f3n. Siendo puentes entre #M\u00e9xico y #Jap\u00f3n #Becas #Cultura #Academia #Econom\u00eda #Educaci\u00f3n #\u30e1\u30ad\u30b7\u30b3 #\u5143\u56fd\u8cbb\u7559\u5b66\u751f                <\/p>\n\t\t\t        <\/div>\n\n        <div class=\"ctf-header-img\">\n            <div class=\"ctf-header-img-hover\">\n                <svg width=\"30\" height=\"30\" viewBox=\"0 0 30 30\" fill=\"none\" xmlns=\"http:\/\/www.w3.org\/2000\/svg\"><path d=\"M21.1161 6.27344H24.2289L17.4284 14.0459L25.4286 24.6225H19.1645L14.2583 18.2079L8.6444 24.6225H5.52976L12.8035 16.309L5.12891 6.27344H11.552L15.9868 12.1367L21.1161 6.27344ZM20.0236 22.7594H21.7484L10.6148 8.03871H8.7639L20.0236 22.7594Z\" fill=\"black\"\/>\n\t\t\t<\/svg>            <\/div>\n\t\t\t                <img loading=\"lazy\" decoding=\"async\" src=\"https:\/\/pbs.twimg.com\/profile_images\/641102074323689473\/XUekgBzS_normal.jpg\" alt=\"AMEJ_org_mx\" width=\"48\" height=\"48\">\n\t\t\t        <\/div>\n    <\/a>\n<\/div>\n    <div class=\"ctf-tweets\">\n   \t\t\n<div  class=\"ctf-item ctf-author-amej_org_mx ctf-new\"  id=\"1998630327435276715\" >\n\n\t\n\t<div class=\"ctf-author-box\">\n\t\t<div class=\"ctf-author-box-link\">\n\t        \t\t\t\t\t\t\t\t\t<a href=\"https:\/\/twitter.com\/amej_org_mx\" class=\"ctf-author-avatar\" target=\"_blank\" rel=\"noopener noreferrer\" >\n\t\t\t\t\t\t\t\t\t\t\t\t\t<img loading=\"lazy\" decoding=\"async\" src=\"https:\/\/pbs.twimg.com\/profile_images\/641102074323689473\/XUekgBzS_normal.jpg\" alt=\"amej_org_mx\" width=\"48\" height=\"48\">\n\t\t\t\t\t\t\t\t\t\t\t<\/a>\n\t\t\t\t\n\t\t\t\t\t\t\t\t\t<a href=\"https:\/\/twitter.com\/amej_org_mx\" target=\"_blank\" rel=\"noopener noreferrer\" class=\"ctf-author-name\" >AMEJ<\/a>\n\t\t\t\t\t\t\t\t\t\t<a href=\"https:\/\/twitter.com\/amej_org_mx\" class=\"ctf-author-screenname\" target=\"_blank\" rel=\"noopener noreferrer\" >@amej_org_mx<\/a>\n\t\t\t\t\t<span class=\"ctf-screename-sep\">&middot;<\/span>\n\t\t\t\t\t        \n\t\t\t\t\t\t\t<div class=\"ctf-tweet-meta\" >\n\t\t\t\t\t<a href=\"https:\/\/twitter.com\/amej_org_mx\/status\/1998630327435276715\" class=\"ctf-tweet-date\" target=\"_blank\" rel=\"noopener noreferrer\" >10 Dic<\/a>\n\t\t\t\t<\/div>\n\t\t\t\t\t<\/div>\n\t    \t\t\t<div class=\"ctf-corner-logo\" >\n\t\t\t\t<svg width=\"30\" height=\"30\" viewBox=\"0 0 30 30\" fill=\"none\" xmlns=\"http:\/\/www.w3.org\/2000\/svg\"><path d=\"M21.1161 6.27344H24.2289L17.4284 14.0459L25.4286 24.6225H19.1645L14.2583 18.2079L8.6444 24.6225H5.52976L12.8035 16.309L5.12891 6.27344H11.552L15.9868 12.1367L21.1161 6.27344ZM20.0236 22.7594H21.7484L10.6148 8.03871H8.7639L20.0236 22.7594Z\" fill=\"black\"\/>\n\t\t\t<\/svg>\t\t\t<\/div>\n\t\t\n\t<\/div>\n\t<div class=\"ctf-tweet-content\">\n\t\t                <p class=\"ctf-tweet-text\">\n                    \u00bfVives en Jap\u00f3n? No faltes al webinar  \u201cBr\u00fajula Emocional: Herramientas de Salud Mental\u201d q abordar\u00e1n retos d los estudiantes \ud83c\uddf2\ud83c\uddfd en \ud83c\uddef\ud83c\uddf5:<br \/>\n \u2022 Estr\u00e9s acad\u00e9mico<br \/>\n \u2022 Adaptaci\u00f3n cultural<br \/>\n \u2022 Aislamiento social<br \/>\n<br \/>\n\ud83d\udcc5 13 de diciembre<br \/>\n\u23f0 9:00 a 10:30 am<br \/>\n<br \/>\n\u27a1\ufe0f Reg\u00edstrate https:\/\/docs.google.com\/forms\/d\/e\/1FAIpQLSfKhDmoeFHcxWqn5_zW2CRfQ8FNVaeOuBycy5zPzpyLqrAEWA\/viewform                     <\/p><a href=\"https:\/\/twitter.com\/AMEJ_org_mx\/status\/1998630327435276715\" target=\"_blank\" rel=\"noopener noreferrer\" class=\"ctf-tweet-text-media-wrap\"><svg aria-hidden=\"true\" aria-label=\"images in tweet\" focusable=\"false\" data-prefix=\"far\" data-icon=\"image\" role=\"img\" xmlns=\"http:\/\/www.w3.org\/2000\/svg\" viewBox=\"0 0 512 512\" class=\"svg-inline--fa fa-image fa-w-16 fa-9x ctf-tweet-text-media\"><path fill=\"currentColor\" d=\"M464 64H48C21.49 64 0 85.49 0 112v288c0 26.51 21.49 48 48 48h416c26.51 0 48-21.49 48-48V112c0-26.51-21.49-48-48-48zm-6 336H54a6 6 0 0 1-6-6V118a6 6 0 0 1 6-6h404a6 6 0 0 1 6 6v276a6 6 0 0 1-6 6zM128 152c-22.091 0-40 17.909-40 40s17.909 40 40 40 40-17.909 40-40-17.909-40-40-40zM96 352h320v-80l-87.515-87.515c-4.686-4.686-12.284-4.686-16.971 0L192 304l-39.515-39.515c-4.686-4.686-12.284-4.686-16.971 0L96 304v48z\" class=\"\"><\/path><\/svg><\/a>                <\/p>\n                        \t<\/div>\n\n\t\t\n\t<div class=\"ctf-tweet-actions\" >\n\t\t\n\t\t<a href=\"https:\/\/twitter.com\/intent\/tweet?in_reply_to=1998630327435276715&#038;related=amej_org_mx\" class=\"ctf-reply\" target=\"_blank\" rel=\"noopener noreferrer\">\n\t\t\t<svg class=\"svg-inline--fa fa-w-16\" viewBox=\"0 0 24 24\" aria-label=\"reply\" role=\"img\" xmlns=\"http:\/\/www.w3.org\/2000\/svg\"><g><path fill=\"currentColor\" d=\"M14.046 2.242l-4.148-.01h-.002c-4.374 0-7.8 3.427-7.8 7.802 0 4.098 3.186 7.206 7.465 7.37v3.828c0 .108.044.286.12.403.142.225.384.347.632.347.138 0 .277-.038.402-.118.264-.168 6.473-4.14 8.088-5.506 1.902-1.61 3.04-3.97 3.043-6.312v-.017c-.006-4.367-3.43-7.787-7.8-7.788zm3.787 12.972c-1.134.96-4.862 3.405-6.772 4.643V16.67c0-.414-.335-.75-.75-.75h-.396c-3.66 0-6.318-2.476-6.318-5.886 0-3.534 2.768-6.302 6.3-6.302l4.147.01h.002c3.532 0 6.3 2.766 6.302 6.296-.003 1.91-.942 3.844-2.514 5.176z\"><\/path><\/g><\/svg>\t\t\t<span class=\"ctf-screenreader\">Reply on Twitter 1998630327435276715<\/span>\n\t\t<\/a>\n\n\t\t<a href=\"https:\/\/twitter.com\/intent\/retweet?tweet_id=1998630327435276715&#038;related=amej_org_mx\" class=\"ctf-retweet\" target=\"_blank\" rel=\"noopener noreferrer\"><svg class=\"svg-inline--fa fa-w-16\" viewBox=\"0 0 24 24\" aria-hidden=\"true\" aria-label=\"retweet\" role=\"img\"><path fill=\"currentColor\" d=\"M23.77 15.67c-.292-.293-.767-.293-1.06 0l-2.22 2.22V7.65c0-2.068-1.683-3.75-3.75-3.75h-5.85c-.414 0-.75.336-.75.75s.336.75.75.75h5.85c1.24 0 2.25 1.01 2.25 2.25v10.24l-2.22-2.22c-.293-.293-.768-.293-1.06 0s-.294.768 0 1.06l3.5 3.5c.145.147.337.22.53.22s.383-.072.53-.22l3.5-3.5c.294-.292.294-.767 0-1.06zm-10.66 3.28H7.26c-1.24 0-2.25-1.01-2.25-2.25V6.46l2.22 2.22c.148.147.34.22.532.22s.384-.073.53-.22c.293-.293.293-.768 0-1.06l-3.5-3.5c-.293-.294-.768-.294-1.06 0l-3.5 3.5c-.294.292-.294.767 0 1.06s.767.293 1.06 0l2.22-2.22V16.7c0 2.068 1.683 3.75 3.75 3.75h5.85c.414 0 .75-.336.75-.75s-.337-.75-.75-.75z\"><\/path><\/svg>\t\t\t<span class=\"ctf-screenreader\">Retweet on Twitter 1998630327435276715<\/span>\n\t\t\t<span class=\"ctf-action-count ctf-retweet-count\"><\/span>\n\t\t<\/a>\n\n\t\t<a href=\"https:\/\/twitter.com\/intent\/like?tweet_id=1998630327435276715&#038;related=amej_org_mx\" class=\"ctf-like\" target=\"_blank\" rel=\"nofollow noopener noreferrer\">\n\t\t\t<svg class=\"svg-inline--fa fa-w-16\" viewBox=\"0 0 24 24\" aria-hidden=\"true\" aria-label=\"like\" role=\"img\" xmlns=\"http:\/\/www.w3.org\/2000\/svg\"><g><path fill=\"currentColor\" d=\"M12 21.638h-.014C9.403 21.59 1.95 14.856 1.95 8.478c0-3.064 2.525-5.754 5.403-5.754 2.29 0 3.83 1.58 4.646 2.73.814-1.148 2.354-2.73 4.645-2.73 2.88 0 5.404 2.69 5.404 5.755 0 6.376-7.454 13.11-10.037 13.157H12zM7.354 4.225c-2.08 0-3.903 1.988-3.903 4.255 0 5.74 7.034 11.596 8.55 11.658 1.518-.062 8.55-5.917 8.55-11.658 0-2.267-1.823-4.255-3.903-4.255-2.528 0-3.94 2.936-3.952 2.965-.23.562-1.156.562-1.387 0-.014-.03-1.425-2.965-3.954-2.965z\"><\/path><\/g><\/svg>\t\t\t<span class=\"ctf-screenreader\">Like on Twitter 1998630327435276715<\/span>\n\t\t\t<span class=\"ctf-action-count ctf-favorite-count\">2<\/span>\n\t\t<\/a>\n\t\t\n\t\t\t\t\t<a href=\"https:\/\/twitter.com\/amej_org_mx\/status\/1998630327435276715\" class=\"ctf-twitterlink\" target=\"_blank\" rel=\"nofollow noopener noreferrer\" >\n\t\t\t\t<span >Twitter<\/span>\n\t\t\t\t<span class=\"ctf-screenreader\">1998630327435276715<\/span>\n\t\t\t<\/a>\n\t\t\t<\/div>\n<\/div>\n<div  class=\"ctf-item ctf-author-amej_org_mx ctf-new ctf-retweet\"  id=\"1965585756115906719\" >\n\n\t\t<div class=\"ctf-context\" >\n\t    <a href=\"https:\/\/twitter.com\/intent\/user?screen_name=AMEJ_org_mx\" target=\"_blank\" rel=\"nofollow noopener noreferrer\" class=\"ctf-retweet-icon\"><svg class=\"svg-inline--fa fa-w-16\" viewBox=\"0 0 24 24\" aria-hidden=\"true\" aria-label=\"retweet\" role=\"img\"><path fill=\"currentColor\" d=\"M23.77 15.67c-.292-.293-.767-.293-1.06 0l-2.22 2.22V7.65c0-2.068-1.683-3.75-3.75-3.75h-5.85c-.414 0-.75.336-.75.75s.336.75.75.75h5.85c1.24 0 2.25 1.01 2.25 2.25v10.24l-2.22-2.22c-.293-.293-.768-.293-1.06 0s-.294.768 0 1.06l3.5 3.5c.145.147.337.22.53.22s.383-.072.53-.22l3.5-3.5c.294-.292.294-.767 0-1.06zm-10.66 3.28H7.26c-1.24 0-2.25-1.01-2.25-2.25V6.46l2.22 2.22c.148.147.34.22.532.22s.384-.073.53-.22c.293-.293.293-.768 0-1.06l-3.5-3.5c-.293-.294-.768-.294-1.06 0l-3.5 3.5c-.294.292-.294.767 0 1.06s.767.293 1.06 0l2.22-2.22V16.7c0 2.068 1.683 3.75 3.75 3.75h5.85c.414 0 .75-.336.75-.75s-.337-.75-.75-.75z\"><\/path><\/svg><span class=\"ctf-screenreader\">Retweet on Twitter<\/span><\/a>\n\t    <a href=\"https:\/\/twitter.com\/amej_org_mx\" target=\"_blank\" rel=\"nofollow noopener noreferrer\" class=\"ctf-retweet-text\">AMEJ Retweeted<\/a>\n\t<\/div>\n\n\t<div class=\"ctf-author-box\">\n\t\t<div class=\"ctf-author-box-link\">\n\t        \t\t\t\t\t\t\t\t\t<a href=\"https:\/\/twitter.com\/japanemb_mexico\" class=\"ctf-author-avatar\" target=\"_blank\" rel=\"noopener noreferrer\" >\n\t\t\t\t\t\t\t\t\t\t\t\t\t<img loading=\"lazy\" decoding=\"async\" src=\"https:\/\/pbs.twimg.com\/profile_images\/1940112072777367552\/XxIv4dCv_normal.jpg\" alt=\"japanemb_mexico\" width=\"48\" height=\"48\">\n\t\t\t\t\t\t\t\t\t\t\t<\/a>\n\t\t\t\t\n\t\t\t\t\t\t\t\t\t<a href=\"https:\/\/twitter.com\/japanemb_mexico\" target=\"_blank\" rel=\"noopener noreferrer\" class=\"ctf-author-name\" >JapanEmb_Mexico<\/a>\n\t\t\t\t\t\t\t\t\t\t<a href=\"https:\/\/twitter.com\/japanemb_mexico\" class=\"ctf-author-screenname\" target=\"_blank\" rel=\"noopener noreferrer\" >@japanemb_mexico<\/a>\n\t\t\t\t\t<span class=\"ctf-screename-sep\">&middot;<\/span>\n\t\t\t\t\t        \n\t\t\t\t\t\t\t<div class=\"ctf-tweet-meta\" >\n\t\t\t\t\t<a href=\"https:\/\/twitter.com\/japanemb_mexico\/status\/1965585756115906719\" class=\"ctf-tweet-date\" target=\"_blank\" rel=\"noopener noreferrer\" >10 Sep<\/a>\n\t\t\t\t<\/div>\n\t\t\t\t\t<\/div>\n\t    \t\t\t<div class=\"ctf-corner-logo\" >\n\t\t\t\t<svg width=\"30\" height=\"30\" viewBox=\"0 0 30 30\" fill=\"none\" xmlns=\"http:\/\/www.w3.org\/2000\/svg\"><path d=\"M21.1161 6.27344H24.2289L17.4284 14.0459L25.4286 24.6225H19.1645L14.2583 18.2079L8.6444 24.6225H5.52976L12.8035 16.309L5.12891 6.27344H11.552L15.9868 12.1367L21.1161 6.27344ZM20.0236 22.7594H21.7484L10.6148 8.03871H8.7639L20.0236 22.7594Z\" fill=\"black\"\/>\n\t\t\t<\/svg>\t\t\t<\/div>\n\t\t\n\t<\/div>\n\t<div class=\"ctf-tweet-content\">\n\t\t                <p class=\"ctf-tweet-text\">\n                    El d\u00eda de hoy en @SRE_mx, Akihiko Tanaka, presidente de la Agencia de Cooperaci\u00f3n Japonesa @jica_direct_en y el @embjpmx Kozo Honsei se reunieron con el canciller Juan Ram\u00f3n de la Fuente.<br \/>\nSe abordaron temas de cooperaci\u00f3n bilateral que refrendan el compromiso de M\u00e9xico y Jap\u00f3n.                                     <\/p>\n                        \t<\/div>\n\n\t\t\n\t<div class=\"ctf-tweet-actions\" >\n\t\t\n\t\t<a href=\"https:\/\/twitter.com\/intent\/tweet?in_reply_to=1965585756115906719&#038;related=japanemb_mexico\" class=\"ctf-reply\" target=\"_blank\" rel=\"noopener noreferrer\">\n\t\t\t<svg class=\"svg-inline--fa fa-w-16\" viewBox=\"0 0 24 24\" aria-label=\"reply\" role=\"img\" xmlns=\"http:\/\/www.w3.org\/2000\/svg\"><g><path fill=\"currentColor\" d=\"M14.046 2.242l-4.148-.01h-.002c-4.374 0-7.8 3.427-7.8 7.802 0 4.098 3.186 7.206 7.465 7.37v3.828c0 .108.044.286.12.403.142.225.384.347.632.347.138 0 .277-.038.402-.118.264-.168 6.473-4.14 8.088-5.506 1.902-1.61 3.04-3.97 3.043-6.312v-.017c-.006-4.367-3.43-7.787-7.8-7.788zm3.787 12.972c-1.134.96-4.862 3.405-6.772 4.643V16.67c0-.414-.335-.75-.75-.75h-.396c-3.66 0-6.318-2.476-6.318-5.886 0-3.534 2.768-6.302 6.3-6.302l4.147.01h.002c3.532 0 6.3 2.766 6.302 6.296-.003 1.91-.942 3.844-2.514 5.176z\"><\/path><\/g><\/svg>\t\t\t<span class=\"ctf-screenreader\">Reply on Twitter 1965585756115906719<\/span>\n\t\t<\/a>\n\n\t\t<a href=\"https:\/\/twitter.com\/intent\/retweet?tweet_id=1965585756115906719&#038;related=japanemb_mexico\" class=\"ctf-retweet\" target=\"_blank\" rel=\"noopener noreferrer\"><svg class=\"svg-inline--fa fa-w-16\" viewBox=\"0 0 24 24\" aria-hidden=\"true\" aria-label=\"retweet\" role=\"img\"><path fill=\"currentColor\" d=\"M23.77 15.67c-.292-.293-.767-.293-1.06 0l-2.22 2.22V7.65c0-2.068-1.683-3.75-3.75-3.75h-5.85c-.414 0-.75.336-.75.75s.336.75.75.75h5.85c1.24 0 2.25 1.01 2.25 2.25v10.24l-2.22-2.22c-.293-.293-.768-.293-1.06 0s-.294.768 0 1.06l3.5 3.5c.145.147.337.22.53.22s.383-.072.53-.22l3.5-3.5c.294-.292.294-.767 0-1.06zm-10.66 3.28H7.26c-1.24 0-2.25-1.01-2.25-2.25V6.46l2.22 2.22c.148.147.34.22.532.22s.384-.073.53-.22c.293-.293.293-.768 0-1.06l-3.5-3.5c-.293-.294-.768-.294-1.06 0l-3.5 3.5c-.294.292-.294.767 0 1.06s.767.293 1.06 0l2.22-2.22V16.7c0 2.068 1.683 3.75 3.75 3.75h5.85c.414 0 .75-.336.75-.75s-.337-.75-.75-.75z\"><\/path><\/svg>\t\t\t<span class=\"ctf-screenreader\">Retweet on Twitter 1965585756115906719<\/span>\n\t\t\t<span class=\"ctf-action-count ctf-retweet-count\">12<\/span>\n\t\t<\/a>\n\n\t\t<a href=\"https:\/\/twitter.com\/intent\/like?tweet_id=1965585756115906719&#038;related=japanemb_mexico\" class=\"ctf-like\" target=\"_blank\" rel=\"nofollow noopener noreferrer\">\n\t\t\t<svg class=\"svg-inline--fa fa-w-16\" viewBox=\"0 0 24 24\" aria-hidden=\"true\" aria-label=\"like\" role=\"img\" xmlns=\"http:\/\/www.w3.org\/2000\/svg\"><g><path fill=\"currentColor\" d=\"M12 21.638h-.014C9.403 21.59 1.95 14.856 1.95 8.478c0-3.064 2.525-5.754 5.403-5.754 2.29 0 3.83 1.58 4.646 2.73.814-1.148 2.354-2.73 4.645-2.73 2.88 0 5.404 2.69 5.404 5.755 0 6.376-7.454 13.11-10.037 13.157H12zM7.354 4.225c-2.08 0-3.903 1.988-3.903 4.255 0 5.74 7.034 11.596 8.55 11.658 1.518-.062 8.55-5.917 8.55-11.658 0-2.267-1.823-4.255-3.903-4.255-2.528 0-3.94 2.936-3.952 2.965-.23.562-1.156.562-1.387 0-.014-.03-1.425-2.965-3.954-2.965z\"><\/path><\/g><\/svg>\t\t\t<span class=\"ctf-screenreader\">Like on Twitter 1965585756115906719<\/span>\n\t\t\t<span class=\"ctf-action-count ctf-favorite-count\">72<\/span>\n\t\t<\/a>\n\t\t\n\t\t\t\t\t<a href=\"https:\/\/twitter.com\/japanemb_mexico\/status\/1965585756115906719\" class=\"ctf-twitterlink\" target=\"_blank\" rel=\"nofollow noopener noreferrer\" >\n\t\t\t\t<span >Twitter<\/span>\n\t\t\t\t<span class=\"ctf-screenreader\">1965585756115906719<\/span>\n\t\t\t<\/a>\n\t\t\t<\/div>\n<\/div>\n<div  class=\"ctf-item ctf-author-amej_org_mx ctf-new\"  id=\"1945876147235160103\" >\n\n\t\n\t<div class=\"ctf-author-box\">\n\t\t<div class=\"ctf-author-box-link\">\n\t        \t\t\t\t\t\t\t\t\t<a href=\"https:\/\/twitter.com\/amej_org_mx\" class=\"ctf-author-avatar\" target=\"_blank\" rel=\"noopener noreferrer\" >\n\t\t\t\t\t\t\t\t\t\t\t\t\t<img loading=\"lazy\" decoding=\"async\" src=\"https:\/\/pbs.twimg.com\/profile_images\/641102074323689473\/XUekgBzS_normal.jpg\" alt=\"amej_org_mx\" width=\"48\" height=\"48\">\n\t\t\t\t\t\t\t\t\t\t\t<\/a>\n\t\t\t\t\n\t\t\t\t\t\t\t\t\t<a href=\"https:\/\/twitter.com\/amej_org_mx\" target=\"_blank\" rel=\"noopener noreferrer\" class=\"ctf-author-name\" >AMEJ<\/a>\n\t\t\t\t\t\t\t\t\t\t<a href=\"https:\/\/twitter.com\/amej_org_mx\" class=\"ctf-author-screenname\" target=\"_blank\" rel=\"noopener noreferrer\" >@amej_org_mx<\/a>\n\t\t\t\t\t<span class=\"ctf-screename-sep\">&middot;<\/span>\n\t\t\t\t\t        \n\t\t\t\t\t\t\t<div class=\"ctf-tweet-meta\" >\n\t\t\t\t\t<a href=\"https:\/\/twitter.com\/amej_org_mx\/status\/1945876147235160103\" class=\"ctf-tweet-date\" target=\"_blank\" rel=\"noopener noreferrer\" >17 Jul<\/a>\n\t\t\t\t<\/div>\n\t\t\t\t\t<\/div>\n\t    \t\t\t<div class=\"ctf-corner-logo\" >\n\t\t\t\t<svg width=\"30\" height=\"30\" viewBox=\"0 0 30 30\" fill=\"none\" xmlns=\"http:\/\/www.w3.org\/2000\/svg\"><path d=\"M21.1161 6.27344H24.2289L17.4284 14.0459L25.4286 24.6225H19.1645L14.2583 18.2079L8.6444 24.6225H5.52976L12.8035 16.309L5.12891 6.27344H11.552L15.9868 12.1367L21.1161 6.27344ZM20.0236 22.7594H21.7484L10.6148 8.03871H8.7639L20.0236 22.7594Z\" fill=\"black\"\/>\n\t\t\t<\/svg>\t\t\t<\/div>\n\t\t\n\t<\/div>\n\t<div class=\"ctf-tweet-content\">\n\t\t                <p class=\"ctf-tweet-text\">\n                    \u2728Un momento hist\u00f3rico para la AMEJ \ud83c\uddf2\ud83c\uddfd\ud83c\uddef\ud83c\uddf5<br \/>\nPor primera vez en sus 30 a\u00f1os de historia, la AMEJ fue invitada a participar como jurado en las entrevistas del proceso de selecci\u00f3n de las Becas MEXT.<br \/>\nGracias por confiar en la AMEJ como un puente de cooperaci\u00f3n entre nuestras naciones\u2728                     <\/p><a href=\"https:\/\/twitter.com\/AMEJ_org_mx\/status\/1945876147235160103\" target=\"_blank\" rel=\"noopener noreferrer\" class=\"ctf-tweet-text-media-wrap ctf-multi-media-icon\">2<svg aria-hidden=\"true\" aria-label=\"images in tweet\" focusable=\"false\" data-prefix=\"far\" data-icon=\"image\" role=\"img\" xmlns=\"http:\/\/www.w3.org\/2000\/svg\" viewBox=\"0 0 512 512\" class=\"svg-inline--fa fa-image fa-w-16 fa-9x ctf-tweet-text-media\"><path fill=\"currentColor\" d=\"M464 64H48C21.49 64 0 85.49 0 112v288c0 26.51 21.49 48 48 48h416c26.51 0 48-21.49 48-48V112c0-26.51-21.49-48-48-48zm-6 336H54a6 6 0 0 1-6-6V118a6 6 0 0 1 6-6h404a6 6 0 0 1 6 6v276a6 6 0 0 1-6 6zM128 152c-22.091 0-40 17.909-40 40s17.909 40 40 40 40-17.909 40-40-17.909-40-40-40zM96 352h320v-80l-87.515-87.515c-4.686-4.686-12.284-4.686-16.971 0L192 304l-39.515-39.515c-4.686-4.686-12.284-4.686-16.971 0L96 304v48z\" class=\"\"><\/path><\/svg><\/a>                <\/p>\n                        \t<\/div>\n\n\t\t\n\t<div class=\"ctf-tweet-actions\" >\n\t\t\n\t\t<a href=\"https:\/\/twitter.com\/intent\/tweet?in_reply_to=1945876147235160103&#038;related=amej_org_mx\" class=\"ctf-reply\" target=\"_blank\" rel=\"noopener noreferrer\">\n\t\t\t<svg class=\"svg-inline--fa fa-w-16\" viewBox=\"0 0 24 24\" aria-label=\"reply\" role=\"img\" xmlns=\"http:\/\/www.w3.org\/2000\/svg\"><g><path fill=\"currentColor\" d=\"M14.046 2.242l-4.148-.01h-.002c-4.374 0-7.8 3.427-7.8 7.802 0 4.098 3.186 7.206 7.465 7.37v3.828c0 .108.044.286.12.403.142.225.384.347.632.347.138 0 .277-.038.402-.118.264-.168 6.473-4.14 8.088-5.506 1.902-1.61 3.04-3.97 3.043-6.312v-.017c-.006-4.367-3.43-7.787-7.8-7.788zm3.787 12.972c-1.134.96-4.862 3.405-6.772 4.643V16.67c0-.414-.335-.75-.75-.75h-.396c-3.66 0-6.318-2.476-6.318-5.886 0-3.534 2.768-6.302 6.3-6.302l4.147.01h.002c3.532 0 6.3 2.766 6.302 6.296-.003 1.91-.942 3.844-2.514 5.176z\"><\/path><\/g><\/svg>\t\t\t<span class=\"ctf-screenreader\">Reply on Twitter 1945876147235160103<\/span>\n\t\t<\/a>\n\n\t\t<a href=\"https:\/\/twitter.com\/intent\/retweet?tweet_id=1945876147235160103&#038;related=amej_org_mx\" class=\"ctf-retweet\" target=\"_blank\" rel=\"noopener noreferrer\"><svg class=\"svg-inline--fa fa-w-16\" viewBox=\"0 0 24 24\" aria-hidden=\"true\" aria-label=\"retweet\" role=\"img\"><path fill=\"currentColor\" d=\"M23.77 15.67c-.292-.293-.767-.293-1.06 0l-2.22 2.22V7.65c0-2.068-1.683-3.75-3.75-3.75h-5.85c-.414 0-.75.336-.75.75s.336.75.75.75h5.85c1.24 0 2.25 1.01 2.25 2.25v10.24l-2.22-2.22c-.293-.293-.768-.293-1.06 0s-.294.768 0 1.06l3.5 3.5c.145.147.337.22.53.22s.383-.072.53-.22l3.5-3.5c.294-.292.294-.767 0-1.06zm-10.66 3.28H7.26c-1.24 0-2.25-1.01-2.25-2.25V6.46l2.22 2.22c.148.147.34.22.532.22s.384-.073.53-.22c.293-.293.293-.768 0-1.06l-3.5-3.5c-.293-.294-.768-.294-1.06 0l-3.5 3.5c-.294.292-.294.767 0 1.06s.767.293 1.06 0l2.22-2.22V16.7c0 2.068 1.683 3.75 3.75 3.75h5.85c.414 0 .75-.336.75-.75s-.337-.75-.75-.75z\"><\/path><\/svg>\t\t\t<span class=\"ctf-screenreader\">Retweet on Twitter 1945876147235160103<\/span>\n\t\t\t<span class=\"ctf-action-count ctf-retweet-count\">3<\/span>\n\t\t<\/a>\n\n\t\t<a href=\"https:\/\/twitter.com\/intent\/like?tweet_id=1945876147235160103&#038;related=amej_org_mx\" class=\"ctf-like\" target=\"_blank\" rel=\"nofollow noopener noreferrer\">\n\t\t\t<svg class=\"svg-inline--fa fa-w-16\" viewBox=\"0 0 24 24\" aria-hidden=\"true\" aria-label=\"like\" role=\"img\" xmlns=\"http:\/\/www.w3.org\/2000\/svg\"><g><path fill=\"currentColor\" d=\"M12 21.638h-.014C9.403 21.59 1.95 14.856 1.95 8.478c0-3.064 2.525-5.754 5.403-5.754 2.29 0 3.83 1.58 4.646 2.73.814-1.148 2.354-2.73 4.645-2.73 2.88 0 5.404 2.69 5.404 5.755 0 6.376-7.454 13.11-10.037 13.157H12zM7.354 4.225c-2.08 0-3.903 1.988-3.903 4.255 0 5.74 7.034 11.596 8.55 11.658 1.518-.062 8.55-5.917 8.55-11.658 0-2.267-1.823-4.255-3.903-4.255-2.528 0-3.94 2.936-3.952 2.965-.23.562-1.156.562-1.387 0-.014-.03-1.425-2.965-3.954-2.965z\"><\/path><\/g><\/svg>\t\t\t<span class=\"ctf-screenreader\">Like on Twitter 1945876147235160103<\/span>\n\t\t\t<span class=\"ctf-action-count ctf-favorite-count\">4<\/span>\n\t\t<\/a>\n\t\t\n\t\t\t\t\t<a href=\"https:\/\/twitter.com\/amej_org_mx\/status\/1945876147235160103\" class=\"ctf-twitterlink\" target=\"_blank\" rel=\"nofollow noopener noreferrer\" >\n\t\t\t\t<span >Twitter<\/span>\n\t\t\t\t<span class=\"ctf-screenreader\">1945876147235160103<\/span>\n\t\t\t<\/a>\n\t\t\t<\/div>\n<\/div>    <\/div>\n    \n    <a href=\"javascript:void(0);\" id=\"ctf-more\" class=\"ctf-more\" ><span>Load More<\/span><\/a>\n\n\n<\/div>\n<\/div>\n\t\t\t\t\t\t<\/div>\n\t\t\t\t<\/div>\n\t\t\t\t\t<\/div>\n\t\t<\/div>\n\t\t\t\t<div class=\"elementor-column elementor-col-33 elementor-top-column elementor-element elementor-element-76f9e3d\" data-id=\"76f9e3d\" data-element_type=\"column\">\n\t\t\t<div class=\"elementor-widget-wrap elementor-element-populated\">\n\t\t\t\t\t\t<div class=\"elementor-element elementor-element-fffb92a feed-box elementor-widget elementor-widget-html\" data-id=\"fffb92a\" data-element_type=\"widget\" data-widget_type=\"html.default\">\n\t\t\t\t<div class=\"elementor-widget-container\">\n\t\t\t\t\t<div class=\"fb-page centered-div\" data-href=\"https:\/\/www.facebook.com\/AMEJ.org.mx\/\" data-tabs=\"timeline\" data-width=\"\" data-height=\"600px\" data-small-header=\"false\" data-adapt-container-width=\"true\" data-hide-cover=\"false\" data-show-facepile=\"true\"><blockquote cite=\"https:\/\/www.facebook.com\/AMEJ.org.mx\/\" class=\"fb-xfbml-parse-ignore\"><a href=\"https:\/\/www.facebook.com\/AMEJ.org.mx\/\">AMEJ - Asociaci\u00f3n Mexicana de Exbecarios del Jap\u00f3n, A.C.<\/a><\/blockquote><\/div>\t\t\t\t<\/div>\n\t\t\t\t<\/div>\n\t\t\t\t\t<\/div>\n\t\t<\/div>\n\t\t\t\t<div class=\"elementor-column elementor-col-33 elementor-top-column elementor-element elementor-element-7773a57\" data-id=\"7773a57\" data-element_type=\"column\">\n\t\t\t<div class=\"elementor-widget-wrap elementor-element-populated\">\n\t\t\t\t\t\t<div class=\"elementor-element elementor-element-5acd342 feed-box elementor-widget elementor-widget-shortcode\" data-id=\"5acd342\" data-element_type=\"widget\" data-widget_type=\"shortcode.default\">\n\t\t\t\t<div class=\"elementor-widget-container\">\n\t\t\t\t\t\t\t<div class=\"elementor-shortcode\">\n<div id=\"sb_instagram\"  class=\"sbi sbi_mob_col_1 sbi_tab_col_2 sbi_col_4 sbi_fixed_height\" style=\"padding-bottom: 10px; width: 100%; height: 600px;\"\t data-feedid=\"*1\"  data-res=\"auto\" data-cols=\"4\" data-colsmobile=\"1\" data-colstablet=\"2\" data-num=\"20\" data-nummobile=\"\" data-item-padding=\"5\"\t data-shortcode-atts=\"{}\"  data-postid=\"51\" data-locatornonce=\"5c23c1b48e\" data-imageaspectratio=\"1:1\" data-sbi-flags=\"favorLocal\">\n\t<div class=\"sb_instagram_header  sbi_no_avatar\"   >\n\t<a class=\"sbi_header_link\" target=\"_blank\"\n\t   rel=\"nofollow noopener\" href=\"https:\/\/www.instagram.com\/amej.mx\/\" title=\"@amej.mx\">\n\t\t<div class=\"sbi_header_text sbi_no_bio\">\n\t\t\t<div class=\"sbi_header_img\">\n\t\t\t\t\n\t\t\t\t\t\t\t\t\t<div class=\"sbi_header_hashtag_icon\"  ><svg class=\"sbi_new_logo fa-instagram fa-w-14\" aria-hidden=\"true\" data-fa-processed=\"\" aria-label=\"Instagram\" data-prefix=\"fab\" data-icon=\"instagram\" role=\"img\" viewBox=\"0 0 448 512\">\n                    <path fill=\"currentColor\" d=\"M224.1 141c-63.6 0-114.9 51.3-114.9 114.9s51.3 114.9 114.9 114.9S339 319.5 339 255.9 287.7 141 224.1 141zm0 189.6c-41.1 0-74.7-33.5-74.7-74.7s33.5-74.7 74.7-74.7 74.7 33.5 74.7 74.7-33.6 74.7-74.7 74.7zm146.4-194.3c0 14.9-12 26.8-26.8 26.8-14.9 0-26.8-12-26.8-26.8s12-26.8 26.8-26.8 26.8 12 26.8 26.8zm76.1 27.2c-1.7-35.9-9.9-67.7-36.2-93.9-26.2-26.2-58-34.4-93.9-36.2-37-2.1-147.9-2.1-184.9 0-35.8 1.7-67.6 9.9-93.9 36.1s-34.4 58-36.2 93.9c-2.1 37-2.1 147.9 0 184.9 1.7 35.9 9.9 67.7 36.2 93.9s58 34.4 93.9 36.2c37 2.1 147.9 2.1 184.9 0 35.9-1.7 67.7-9.9 93.9-36.2 26.2-26.2 34.4-58 36.2-93.9 2.1-37 2.1-147.8 0-184.8zM398.8 388c-7.8 19.6-22.9 34.7-42.6 42.6-29.5 11.7-99.5 9-132.1 9s-102.7 2.6-132.1-9c-19.6-7.8-34.7-22.9-42.6-42.6-11.7-29.5-9-99.5-9-132.1s-2.6-102.7 9-132.1c7.8-19.6 22.9-34.7 42.6-42.6 29.5-11.7 99.5-9 132.1-9s102.7-2.6 132.1 9c19.6 7.8 34.7 22.9 42.6 42.6 11.7 29.5 9 99.5 9 132.1s2.7 102.7-9 132.1z\"><\/path>\n                <\/svg><\/div>\n\t\t\t\t\t\t\t<\/div>\n\n\t\t\t<div class=\"sbi_feedtheme_header_text\">\n\t\t\t\t<h3>amej.mx<\/h3>\n\t\t\t\t\t\t\t<\/div>\n\t\t<\/div>\n\t<\/a>\n<\/div>\n\n\t<div id=\"sbi_images\"  style=\"gap: 10px;\">\n\t\t<div class=\"sbi_item sbi_type_image sbi_new sbi_transition\"\n\tid=\"sbi_18021012271814986\" data-date=\"1697821275\">\n\t<div class=\"sbi_photo_wrap\">\n\t\t<a class=\"sbi_photo\" href=\"https:\/\/www.instagram.com\/p\/CyoNUqlKdeJ\/\" target=\"_blank\" rel=\"noopener nofollow\"\n\t\t\tdata-full-res=\"https:\/\/scontent-dfw5-2.cdninstagram.com\/v\/t39.30808-6\/391620673_614579034199799_3407034667180355171_n.jpg?_nc_cat=108&#038;ccb=1-7&#038;_nc_sid=c4dd86&#038;_nc_ohc=CWz-hD_gVbAAX-BN0sN&#038;_nc_ht=scontent-dfw5-2.cdninstagram.com&#038;edm=ANo9K5cEAAAA&#038;oh=00_AfAlKerY5w_VtUfZmpDsUQd31x9ueqIcG62ULb0zDoPY3w&#038;oe=65427AC5\"\n\t\t\tdata-img-src-set=\"{&quot;d&quot;:&quot;https:\\\/\\\/scontent-dfw5-2.cdninstagram.com\\\/v\\\/t39.30808-6\\\/391620673_614579034199799_3407034667180355171_n.jpg?_nc_cat=108&amp;ccb=1-7&amp;_nc_sid=c4dd86&amp;_nc_ohc=CWz-hD_gVbAAX-BN0sN&amp;_nc_ht=scontent-dfw5-2.cdninstagram.com&amp;edm=ANo9K5cEAAAA&amp;oh=00_AfAlKerY5w_VtUfZmpDsUQd31x9ueqIcG62ULb0zDoPY3w&amp;oe=65427AC5&quot;,&quot;150&quot;:&quot;https:\\\/\\\/scontent-dfw5-2.cdninstagram.com\\\/v\\\/t39.30808-6\\\/391620673_614579034199799_3407034667180355171_n.jpg?_nc_cat=108&amp;ccb=1-7&amp;_nc_sid=c4dd86&amp;_nc_ohc=CWz-hD_gVbAAX-BN0sN&amp;_nc_ht=scontent-dfw5-2.cdninstagram.com&amp;edm=ANo9K5cEAAAA&amp;oh=00_AfAlKerY5w_VtUfZmpDsUQd31x9ueqIcG62ULb0zDoPY3w&amp;oe=65427AC5&quot;,&quot;320&quot;:&quot;https:\\\/\\\/scontent-dfw5-2.cdninstagram.com\\\/v\\\/t39.30808-6\\\/391620673_614579034199799_3407034667180355171_n.jpg?_nc_cat=108&amp;ccb=1-7&amp;_nc_sid=c4dd86&amp;_nc_ohc=CWz-hD_gVbAAX-BN0sN&amp;_nc_ht=scontent-dfw5-2.cdninstagram.com&amp;edm=ANo9K5cEAAAA&amp;oh=00_AfAlKerY5w_VtUfZmpDsUQd31x9ueqIcG62ULb0zDoPY3w&amp;oe=65427AC5&quot;,&quot;640&quot;:&quot;https:\\\/\\\/scontent-dfw5-2.cdninstagram.com\\\/v\\\/t39.30808-6\\\/391620673_614579034199799_3407034667180355171_n.jpg?_nc_cat=108&amp;ccb=1-7&amp;_nc_sid=c4dd86&amp;_nc_ohc=CWz-hD_gVbAAX-BN0sN&amp;_nc_ht=scontent-dfw5-2.cdninstagram.com&amp;edm=ANo9K5cEAAAA&amp;oh=00_AfAlKerY5w_VtUfZmpDsUQd31x9ueqIcG62ULb0zDoPY3w&amp;oe=65427AC5&quot;}\">\n\t\t\t<span class=\"sbi-screenreader\">El Programa Universitario de Estudios sobre Asia y<\/span>\n\t\t\t\t\t\t\t\t\t<img decoding=\"async\" src=\"http:\/\/amej.org.mx\/home\/wp-content\/plugins\/instagram-feed\/img\/placeholder.png\" alt=\"El Programa Universitario de Estudios sobre Asia y \u00c1frica, UNAM nos invita al \ud835\udc02\ud835\udc2e\ud835\udc2b\ud835\udc2c\ud835\udc28 \ud835\udc0b\ud835\udc2e\ud835\udc1c\ud835\udc1e\ud835\udc2c \ud835\udc32 \ud835\udc12\ud835\udc28\ud835\udc26\ud835\udc1b\ud835\udc2b\ud835\udc1a\ud835\udc2c \ud835\udc1d\ud835\udc1e \ud835\udc25\ud835\udc1a \ud835\udc0c\ud835\udc28\ud835\udc1d\ud835\udc1e\ud835\udc2b\ud835\udc27\ud835\udc22\ud835\udc33\ud835\udc1a\ud835\udc1c\ud835\udc22\ud835\udc28\u0301\ud835\udc27 \ud835\udc09\ud835\udc1a\ud835\udc29\ud835\udc28\ud835\udc27\ud835\udc1e\ud835\udc2c\ud835\udc1a, el cual se propone analizar el fen\u00f3meno de la modernizaci\u00f3n en Jap\u00f3n a la luz de los grandes costos sociales,  ecol\u00f3gicos, econ\u00f3micos y culturales, tanto positivos como negativos,  que atraviesa la sociedad japonesa contempor\u00e1nea. \n\n\ud83d\udcc5 Martes 16 de enero - 27 de febrero, 2024\n\u23f0 10 a 12 hrs\n\ud83d\udccd En l\u00ednea\nTodas las sesiones se graban. Material incluido\nM\u00e1s info \ud83d\udc49 https:\/\/bit.ly\/46wA5pK\n\n#AMEJ #lazosmexicojapon\" aria-hidden=\"true\">\n\t\t<\/a>\n\t<\/div>\n<\/div><div class=\"sbi_item sbi_type_image sbi_new sbi_transition\"\n\tid=\"sbi_17913769568817366\" data-date=\"1697648489\">\n\t<div class=\"sbi_photo_wrap\">\n\t\t<a class=\"sbi_photo\" href=\"https:\/\/www.instagram.com\/p\/CyjDwvaInHz\/\" target=\"_blank\" rel=\"noopener nofollow\"\n\t\t\tdata-full-res=\"https:\/\/scontent-dfw5-2.cdninstagram.com\/v\/t39.30808-6\/393681311_614576010866768_4714132976470370311_n.jpg?_nc_cat=103&#038;ccb=1-7&#038;_nc_sid=c4dd86&#038;_nc_ohc=vX_vTVsxiKEAX8S6-7Y&#038;_nc_ht=scontent-dfw5-2.cdninstagram.com&#038;edm=ANo9K5cEAAAA&#038;oh=00_AfAfPoVw_BT_0hQU57cWl-_mBzrPc4t53lQk444nAi3KQQ&#038;oe=654269AB\"\n\t\t\tdata-img-src-set=\"{&quot;d&quot;:&quot;https:\\\/\\\/scontent-dfw5-2.cdninstagram.com\\\/v\\\/t39.30808-6\\\/393681311_614576010866768_4714132976470370311_n.jpg?_nc_cat=103&amp;ccb=1-7&amp;_nc_sid=c4dd86&amp;_nc_ohc=vX_vTVsxiKEAX8S6-7Y&amp;_nc_ht=scontent-dfw5-2.cdninstagram.com&amp;edm=ANo9K5cEAAAA&amp;oh=00_AfAfPoVw_BT_0hQU57cWl-_mBzrPc4t53lQk444nAi3KQQ&amp;oe=654269AB&quot;,&quot;150&quot;:&quot;https:\\\/\\\/scontent-dfw5-2.cdninstagram.com\\\/v\\\/t39.30808-6\\\/393681311_614576010866768_4714132976470370311_n.jpg?_nc_cat=103&amp;ccb=1-7&amp;_nc_sid=c4dd86&amp;_nc_ohc=vX_vTVsxiKEAX8S6-7Y&amp;_nc_ht=scontent-dfw5-2.cdninstagram.com&amp;edm=ANo9K5cEAAAA&amp;oh=00_AfAfPoVw_BT_0hQU57cWl-_mBzrPc4t53lQk444nAi3KQQ&amp;oe=654269AB&quot;,&quot;320&quot;:&quot;https:\\\/\\\/scontent-dfw5-2.cdninstagram.com\\\/v\\\/t39.30808-6\\\/393681311_614576010866768_4714132976470370311_n.jpg?_nc_cat=103&amp;ccb=1-7&amp;_nc_sid=c4dd86&amp;_nc_ohc=vX_vTVsxiKEAX8S6-7Y&amp;_nc_ht=scontent-dfw5-2.cdninstagram.com&amp;edm=ANo9K5cEAAAA&amp;oh=00_AfAfPoVw_BT_0hQU57cWl-_mBzrPc4t53lQk444nAi3KQQ&amp;oe=654269AB&quot;,&quot;640&quot;:&quot;https:\\\/\\\/scontent-dfw5-2.cdninstagram.com\\\/v\\\/t39.30808-6\\\/393681311_614576010866768_4714132976470370311_n.jpg?_nc_cat=103&amp;ccb=1-7&amp;_nc_sid=c4dd86&amp;_nc_ohc=vX_vTVsxiKEAX8S6-7Y&amp;_nc_ht=scontent-dfw5-2.cdninstagram.com&amp;edm=ANo9K5cEAAAA&amp;oh=00_AfAfPoVw_BT_0hQU57cWl-_mBzrPc4t53lQk444nAi3KQQ&amp;oe=654269AB&quot;}\">\n\t\t\t<span class=\"sbi-screenreader\">Programa Universitario de Estudios sobre Asia y \u00c1<\/span>\n\t\t\t\t\t\t\t\t\t<img decoding=\"async\" src=\"http:\/\/amej.org.mx\/home\/wp-content\/plugins\/instagram-feed\/img\/placeholder.png\" alt=\"Programa Universitario de Estudios sobre Asia y \u00c1frica, UNAM y la expresidenta de la AMEJ, Vania de la Vega, nos invitan al \ud835\udc03\ud835\udc22\ud835\udc29\ud835\udc25\ud835\udc28\ud835\udc26\ud835\udc1a\ud835\udc1d\ud835\udc28 \ud835\udc1e\ud835\udc27 \ud835\udc04\ud835\udc2c\ud835\udc2d\ud835\udc2e\ud835\udc1d\ud835\udc22\ud835\udc28\ud835\udc2c \ud835\udc2c\ud835\udc28\ud835\udc1b\ud835\udc2b\ud835\udc1e \ud835\udc00\ud835\udc2c\ud835\udc22\ud835\udc1a \ud835\udfd0\ud835\udfce\ud835\udfd0\ud835\udfd2, \u00a1AHORA CON OPCI\u00d3N A TITULACI\u00d3N!\n\nProfundiza en el estudio de Asia a trav\u00e9s de cinco m\u00f3dulos regionales: el este asi\u00e1tico, el sur de Asia y sureste asi\u00e1tico, Medio Oriente y ahora se incorpora Asia Central.\nNo pierdas la oportunidad de intercambiar ideas e investigaciones con acad\u00e9micos especialistas en el \u00e1rea, tanto nacionales como internacionales. A trav\u00e9s de conferencias, seminarios, investigaciones y actividades pr\u00e1cticas, los participantes adquirir\u00e1n conocimientos actualizados, habilidades de investigaci\u00f3n y an\u00e1lisis, y una comprensi\u00f3n contextualizada de Asia.\n\nCON OPCI\u00d3N A TITULACI\u00d3N\n\ud83d\udcc5 6 de febrero 2024 - 26 de noviembre 2024\n\u23f0 Martes de 15 a 20 hrs\nDos s\u00e1bados al mes de 9 a 13 hrs\n\ud83d\udccd Modalidad en l\u00ednea\n\nSIN OPCI\u00d3N A TITULACI\u00d3N\n\ud83d\udcc5 6 de febrero 2024 - 26 de noviembre 2024\n\u23f0 Martes de 15 a 20 hrs\n\ud83d\udccd Modalidad en l\u00ednea\nTodas las clases son grabadas. Material incluido. Se entrega Constancia de la UNAM\nM\u00e1s info \ud83d\udc49 https:\/\/bit.ly\/3sXuYQF\n\n#amej #lazosmexicojapon\" aria-hidden=\"true\">\n\t\t<\/a>\n\t<\/div>\n<\/div><div class=\"sbi_item sbi_type_image sbi_new sbi_transition\"\n\tid=\"sbi_17979871832333902\" data-date=\"1697562064\">\n\t<div class=\"sbi_photo_wrap\">\n\t\t<a class=\"sbi_photo\" href=\"https:\/\/www.instagram.com\/p\/Cyge60MqWQ8\/\" target=\"_blank\" rel=\"noopener nofollow\"\n\t\t\tdata-full-res=\"https:\/\/scontent-dfw5-2.cdninstagram.com\/v\/t39.30808-6\/393625993_614031497587886_1764164915873020353_n.jpg?_nc_cat=111&#038;ccb=1-7&#038;_nc_sid=c4dd86&#038;_nc_ohc=r2PGJhGH5EcAX_5hPGh&#038;_nc_ht=scontent-dfw5-2.cdninstagram.com&#038;edm=ANo9K5cEAAAA&#038;oh=00_AfC6xnkbTCMOcQtd5O8aP2Jc_y348yQLSWTqRTWNeZ4l2g&#038;oe=6543288C\"\n\t\t\tdata-img-src-set=\"{&quot;d&quot;:&quot;https:\\\/\\\/scontent-dfw5-2.cdninstagram.com\\\/v\\\/t39.30808-6\\\/393625993_614031497587886_1764164915873020353_n.jpg?_nc_cat=111&amp;ccb=1-7&amp;_nc_sid=c4dd86&amp;_nc_ohc=r2PGJhGH5EcAX_5hPGh&amp;_nc_ht=scontent-dfw5-2.cdninstagram.com&amp;edm=ANo9K5cEAAAA&amp;oh=00_AfC6xnkbTCMOcQtd5O8aP2Jc_y348yQLSWTqRTWNeZ4l2g&amp;oe=6543288C&quot;,&quot;150&quot;:&quot;https:\\\/\\\/scontent-dfw5-2.cdninstagram.com\\\/v\\\/t39.30808-6\\\/393625993_614031497587886_1764164915873020353_n.jpg?_nc_cat=111&amp;ccb=1-7&amp;_nc_sid=c4dd86&amp;_nc_ohc=r2PGJhGH5EcAX_5hPGh&amp;_nc_ht=scontent-dfw5-2.cdninstagram.com&amp;edm=ANo9K5cEAAAA&amp;oh=00_AfC6xnkbTCMOcQtd5O8aP2Jc_y348yQLSWTqRTWNeZ4l2g&amp;oe=6543288C&quot;,&quot;320&quot;:&quot;https:\\\/\\\/scontent-dfw5-2.cdninstagram.com\\\/v\\\/t39.30808-6\\\/393625993_614031497587886_1764164915873020353_n.jpg?_nc_cat=111&amp;ccb=1-7&amp;_nc_sid=c4dd86&amp;_nc_ohc=r2PGJhGH5EcAX_5hPGh&amp;_nc_ht=scontent-dfw5-2.cdninstagram.com&amp;edm=ANo9K5cEAAAA&amp;oh=00_AfC6xnkbTCMOcQtd5O8aP2Jc_y348yQLSWTqRTWNeZ4l2g&amp;oe=6543288C&quot;,&quot;640&quot;:&quot;https:\\\/\\\/scontent-dfw5-2.cdninstagram.com\\\/v\\\/t39.30808-6\\\/393625993_614031497587886_1764164915873020353_n.jpg?_nc_cat=111&amp;ccb=1-7&amp;_nc_sid=c4dd86&amp;_nc_ohc=r2PGJhGH5EcAX_5hPGh&amp;_nc_ht=scontent-dfw5-2.cdninstagram.com&amp;edm=ANo9K5cEAAAA&amp;oh=00_AfC6xnkbTCMOcQtd5O8aP2Jc_y348yQLSWTqRTWNeZ4l2g&amp;oe=6543288C&quot;}\">\n\t\t\t<span class=\"sbi-screenreader\">Jes\u00fas Garc\u00edaRa, miembro de AMEJ, nos invita a la<\/span>\n\t\t\t\t\t\t\t\t\t<img decoding=\"async\" src=\"http:\/\/amej.org.mx\/home\/wp-content\/plugins\/instagram-feed\/img\/placeholder.png\" alt=\"Jes\u00fas Garc\u00edaRa, miembro de AMEJ, nos invita a la obra &quot;BALAM el jaguar&quot;. La obra se est\u00e1 presentando los s\u00e1bados de octubre, noviembre y diciembre (revisar calendario en el poster) en el MarkeTeatro (hasta el 28 de octubre). La obra habla de la importancia del Jaguar en nuestra cultura y su inminente desaparici\u00f3n. \n***\nPara aquellos que presenten este cartel publicado por AMEJ recibir\u00e1n 2 entradas por el precio de un boleto, $250\n***\n#amej #lazosmexicojapon\" aria-hidden=\"true\">\n\t\t<\/a>\n\t<\/div>\n<\/div><div class=\"sbi_item sbi_type_image sbi_new sbi_transition\"\n\tid=\"sbi_17876739992915476\" data-date=\"1697475661\">\n\t<div class=\"sbi_photo_wrap\">\n\t\t<a class=\"sbi_photo\" href=\"https:\/\/www.instagram.com\/p\/Cyd6HsPMeI_\/\" target=\"_blank\" rel=\"noopener nofollow\"\n\t\t\tdata-full-res=\"https:\/\/scontent-dfw5-2.cdninstagram.com\/v\/t39.30808-6\/391685364_611177404539962_2170564428366080032_n.jpg?_nc_cat=102&#038;ccb=1-7&#038;_nc_sid=c4dd86&#038;_nc_ohc=aTR_aAn6wX0AX_j8KUD&#038;_nc_ht=scontent-dfw5-2.cdninstagram.com&#038;edm=ANo9K5cEAAAA&#038;oh=00_AfBXBWsmgD1_myA-yuhs-hPFM9-40c4w0reY3HNAaiQiQg&#038;oe=6543552D\"\n\t\t\tdata-img-src-set=\"{&quot;d&quot;:&quot;https:\\\/\\\/scontent-dfw5-2.cdninstagram.com\\\/v\\\/t39.30808-6\\\/391685364_611177404539962_2170564428366080032_n.jpg?_nc_cat=102&amp;ccb=1-7&amp;_nc_sid=c4dd86&amp;_nc_ohc=aTR_aAn6wX0AX_j8KUD&amp;_nc_ht=scontent-dfw5-2.cdninstagram.com&amp;edm=ANo9K5cEAAAA&amp;oh=00_AfBXBWsmgD1_myA-yuhs-hPFM9-40c4w0reY3HNAaiQiQg&amp;oe=6543552D&quot;,&quot;150&quot;:&quot;https:\\\/\\\/scontent-dfw5-2.cdninstagram.com\\\/v\\\/t39.30808-6\\\/391685364_611177404539962_2170564428366080032_n.jpg?_nc_cat=102&amp;ccb=1-7&amp;_nc_sid=c4dd86&amp;_nc_ohc=aTR_aAn6wX0AX_j8KUD&amp;_nc_ht=scontent-dfw5-2.cdninstagram.com&amp;edm=ANo9K5cEAAAA&amp;oh=00_AfBXBWsmgD1_myA-yuhs-hPFM9-40c4w0reY3HNAaiQiQg&amp;oe=6543552D&quot;,&quot;320&quot;:&quot;https:\\\/\\\/scontent-dfw5-2.cdninstagram.com\\\/v\\\/t39.30808-6\\\/391685364_611177404539962_2170564428366080032_n.jpg?_nc_cat=102&amp;ccb=1-7&amp;_nc_sid=c4dd86&amp;_nc_ohc=aTR_aAn6wX0AX_j8KUD&amp;_nc_ht=scontent-dfw5-2.cdninstagram.com&amp;edm=ANo9K5cEAAAA&amp;oh=00_AfBXBWsmgD1_myA-yuhs-hPFM9-40c4w0reY3HNAaiQiQg&amp;oe=6543552D&quot;,&quot;640&quot;:&quot;https:\\\/\\\/scontent-dfw5-2.cdninstagram.com\\\/v\\\/t39.30808-6\\\/391685364_611177404539962_2170564428366080032_n.jpg?_nc_cat=102&amp;ccb=1-7&amp;_nc_sid=c4dd86&amp;_nc_ohc=aTR_aAn6wX0AX_j8KUD&amp;_nc_ht=scontent-dfw5-2.cdninstagram.com&amp;edm=ANo9K5cEAAAA&amp;oh=00_AfBXBWsmgD1_myA-yuhs-hPFM9-40c4w0reY3HNAaiQiQg&amp;oe=6543552D&quot;}\">\n\t\t\t<span class=\"sbi-screenreader\"><\/span>\n\t\t\t\t\t\t\t\t\t<img decoding=\"async\" src=\"http:\/\/amej.org.mx\/home\/wp-content\/plugins\/instagram-feed\/img\/placeholder.png\" alt=\"El pr\u00f3ximo 16 de noviembre Asemeja Noreste estar\u00e1 entregando el reconocimiento &quot;Taiichi Ohno a la Excelencia Metodol\u00f3gica&quot;. El evento tendr\u00e1 lugar en las oficinas de la EGADE del Tec de Monterrey, en San Pedro Garza Garcia, a las 8hrs.\n\nPosterior a este evento, a partir de las 17hrs, tendr\u00e1 lugar el evento de Networking Jap\u00f3n-M\u00e9xico 2023, en el Laboratorio Cultural Ciudadano, en Monterrey.\n\nAsociaci\u00f3n M\u00e9xico Japonesa del Noreste \nAOTS Monterrey \n\n#amej #lazosmexicojapon\" aria-hidden=\"true\">\n\t\t<\/a>\n\t<\/div>\n<\/div><div class=\"sbi_item sbi_type_image sbi_new sbi_transition\"\n\tid=\"sbi_17889625187851899\" data-date=\"1697216463\">\n\t<div class=\"sbi_photo_wrap\">\n\t\t<a class=\"sbi_photo\" href=\"https:\/\/www.instagram.com\/p\/CyWLvSUr0iu\/\" target=\"_blank\" rel=\"noopener nofollow\"\n\t\t\tdata-full-res=\"https:\/\/scontent-dfw5-2.cdninstagram.com\/v\/t39.30808-6\/391716531_611171247873911_2735747264761144598_n.jpg?_nc_cat=100&#038;ccb=1-7&#038;_nc_sid=c4dd86&#038;_nc_ohc=Umd94iUNcb0AX-fJK8A&#038;_nc_ht=scontent-dfw5-2.cdninstagram.com&#038;edm=ANo9K5cEAAAA&#038;oh=00_AfCmese7HNZQV3FLQxbJpDB8ex8D1UrmvENdVVpJ-cS6PQ&#038;oe=654204B7\"\n\t\t\tdata-img-src-set=\"{&quot;d&quot;:&quot;https:\\\/\\\/scontent-dfw5-2.cdninstagram.com\\\/v\\\/t39.30808-6\\\/391716531_611171247873911_2735747264761144598_n.jpg?_nc_cat=100&amp;ccb=1-7&amp;_nc_sid=c4dd86&amp;_nc_ohc=Umd94iUNcb0AX-fJK8A&amp;_nc_ht=scontent-dfw5-2.cdninstagram.com&amp;edm=ANo9K5cEAAAA&amp;oh=00_AfCmese7HNZQV3FLQxbJpDB8ex8D1UrmvENdVVpJ-cS6PQ&amp;oe=654204B7&quot;,&quot;150&quot;:&quot;https:\\\/\\\/scontent-dfw5-2.cdninstagram.com\\\/v\\\/t39.30808-6\\\/391716531_611171247873911_2735747264761144598_n.jpg?_nc_cat=100&amp;ccb=1-7&amp;_nc_sid=c4dd86&amp;_nc_ohc=Umd94iUNcb0AX-fJK8A&amp;_nc_ht=scontent-dfw5-2.cdninstagram.com&amp;edm=ANo9K5cEAAAA&amp;oh=00_AfCmese7HNZQV3FLQxbJpDB8ex8D1UrmvENdVVpJ-cS6PQ&amp;oe=654204B7&quot;,&quot;320&quot;:&quot;https:\\\/\\\/scontent-dfw5-2.cdninstagram.com\\\/v\\\/t39.30808-6\\\/391716531_611171247873911_2735747264761144598_n.jpg?_nc_cat=100&amp;ccb=1-7&amp;_nc_sid=c4dd86&amp;_nc_ohc=Umd94iUNcb0AX-fJK8A&amp;_nc_ht=scontent-dfw5-2.cdninstagram.com&amp;edm=ANo9K5cEAAAA&amp;oh=00_AfCmese7HNZQV3FLQxbJpDB8ex8D1UrmvENdVVpJ-cS6PQ&amp;oe=654204B7&quot;,&quot;640&quot;:&quot;https:\\\/\\\/scontent-dfw5-2.cdninstagram.com\\\/v\\\/t39.30808-6\\\/391716531_611171247873911_2735747264761144598_n.jpg?_nc_cat=100&amp;ccb=1-7&amp;_nc_sid=c4dd86&amp;_nc_ohc=Umd94iUNcb0AX-fJK8A&amp;_nc_ht=scontent-dfw5-2.cdninstagram.com&amp;edm=ANo9K5cEAAAA&amp;oh=00_AfCmese7HNZQV3FLQxbJpDB8ex8D1UrmvENdVVpJ-cS6PQ&amp;oe=654204B7&quot;}\">\n\t\t\t<span class=\"sbi-screenreader\">Hashi Gallery extiende la invitaci\u00f3n a su subasta<\/span>\n\t\t\t\t\t\t\t\t\t<img decoding=\"async\" src=\"http:\/\/amej.org.mx\/home\/wp-content\/plugins\/instagram-feed\/img\/placeholder.png\" alt=\"Hashi Gallery extiende la invitaci\u00f3n a su subasta de arte asi\u00e1tico &quot;Visiones de Asia&quot;. La subasta ser\u00e1 los d\u00edas 19 y 20 de octubre a partir de las 19hrs, en la direcci\u00f3n Jerez #2 , insurgentes Mixcoac, a dos calles del Liverpool de F\u00e9lix Cuevas.\" aria-hidden=\"true\">\n\t\t<\/a>\n\t<\/div>\n<\/div><div class=\"sbi_item sbi_type_image sbi_new sbi_transition\"\n\tid=\"sbi_18116430868325259\" data-date=\"1697130024\">\n\t<div class=\"sbi_photo_wrap\">\n\t\t<a class=\"sbi_photo\" href=\"https:\/\/www.instagram.com\/p\/CyTm3pSPN1w\/\" target=\"_blank\" rel=\"noopener nofollow\"\n\t\t\tdata-full-res=\"https:\/\/scontent-dfw5-2.cdninstagram.com\/v\/t39.30808-6\/391511869_611159994541703_2963789625005557198_n.jpg?_nc_cat=110&#038;ccb=1-7&#038;_nc_sid=c4dd86&#038;_nc_ohc=rww9aNBlg0UAX-O2HlO&#038;_nc_ht=scontent-dfw5-2.cdninstagram.com&#038;edm=ANo9K5cEAAAA&#038;oh=00_AfAVsgKXoCDjyCe8oKUF5u2US4qsY1UOkZw702B-HC1BmQ&#038;oe=654328CE\"\n\t\t\tdata-img-src-set=\"{&quot;d&quot;:&quot;https:\\\/\\\/scontent-dfw5-2.cdninstagram.com\\\/v\\\/t39.30808-6\\\/391511869_611159994541703_2963789625005557198_n.jpg?_nc_cat=110&amp;ccb=1-7&amp;_nc_sid=c4dd86&amp;_nc_ohc=rww9aNBlg0UAX-O2HlO&amp;_nc_ht=scontent-dfw5-2.cdninstagram.com&amp;edm=ANo9K5cEAAAA&amp;oh=00_AfAVsgKXoCDjyCe8oKUF5u2US4qsY1UOkZw702B-HC1BmQ&amp;oe=654328CE&quot;,&quot;150&quot;:&quot;https:\\\/\\\/scontent-dfw5-2.cdninstagram.com\\\/v\\\/t39.30808-6\\\/391511869_611159994541703_2963789625005557198_n.jpg?_nc_cat=110&amp;ccb=1-7&amp;_nc_sid=c4dd86&amp;_nc_ohc=rww9aNBlg0UAX-O2HlO&amp;_nc_ht=scontent-dfw5-2.cdninstagram.com&amp;edm=ANo9K5cEAAAA&amp;oh=00_AfAVsgKXoCDjyCe8oKUF5u2US4qsY1UOkZw702B-HC1BmQ&amp;oe=654328CE&quot;,&quot;320&quot;:&quot;https:\\\/\\\/scontent-dfw5-2.cdninstagram.com\\\/v\\\/t39.30808-6\\\/391511869_611159994541703_2963789625005557198_n.jpg?_nc_cat=110&amp;ccb=1-7&amp;_nc_sid=c4dd86&amp;_nc_ohc=rww9aNBlg0UAX-O2HlO&amp;_nc_ht=scontent-dfw5-2.cdninstagram.com&amp;edm=ANo9K5cEAAAA&amp;oh=00_AfAVsgKXoCDjyCe8oKUF5u2US4qsY1UOkZw702B-HC1BmQ&amp;oe=654328CE&quot;,&quot;640&quot;:&quot;https:\\\/\\\/scontent-dfw5-2.cdninstagram.com\\\/v\\\/t39.30808-6\\\/391511869_611159994541703_2963789625005557198_n.jpg?_nc_cat=110&amp;ccb=1-7&amp;_nc_sid=c4dd86&amp;_nc_ohc=rww9aNBlg0UAX-O2HlO&amp;_nc_ht=scontent-dfw5-2.cdninstagram.com&amp;edm=ANo9K5cEAAAA&amp;oh=00_AfAVsgKXoCDjyCe8oKUF5u2US4qsY1UOkZw702B-HC1BmQ&amp;oe=654328CE&quot;}\">\n\t\t\t<span class=\"sbi-screenreader\">Les extendemos la invitaci\u00f3n al evento de Network<\/span>\n\t\t\t\t\t\t\t\t\t<img decoding=\"async\" src=\"http:\/\/amej.org.mx\/home\/wp-content\/plugins\/instagram-feed\/img\/placeholder.png\" alt=\"Les extendemos la invitaci\u00f3n al evento de Networking Jap\u00f3n-M\u00e9xico 2023; en el formato de di\u00e1logo de expertos se estar\u00e1 abordando el tema &quot;Integraci\u00f3n de la Comunidad Nikkei a trav\u00e9s del uso de la IA y Web3 para el Fortalecimiento de la Relaci\u00f3n Jap\u00f3n-M\u00e9xico&quot;. El evento tendr\u00e1 lugar el 16 de noviembre, en el Laboratorio Ciudadano, en la ciudad de Monterrey. \n\nEl registro est\u00e1 disponible en el QR del poster, el siguiente link, o el correo de la AMEJ:\nhttps:\/\/forms.gle\/jKxtLGVWyVXn7eAJ7\ninfo@amej.org.mx\n\n@japanemb_mexico \n@asemejanoreste \n@aots.monterrey \n@forzasteelmx \n@amexicojapon \n\n#amej #lazosmexicojapon\" aria-hidden=\"true\">\n\t\t<\/a>\n\t<\/div>\n<\/div><div class=\"sbi_item sbi_type_image sbi_new sbi_transition\"\n\tid=\"sbi_17895704669899610\" data-date=\"1697043673\">\n\t<div class=\"sbi_photo_wrap\">\n\t\t<a class=\"sbi_photo\" href=\"https:\/\/www.instagram.com\/p\/CyRCKrwI7Ea\/\" target=\"_blank\" rel=\"noopener nofollow\"\n\t\t\tdata-full-res=\"https:\/\/scontent-dfw5-2.cdninstagram.com\/v\/t39.30808-6\/387793241_610564971267872_1202059199537508957_n.jpg?_nc_cat=111&#038;ccb=1-7&#038;_nc_sid=c4dd86&#038;_nc_ohc=BdVyjtp1e7kAX_ghrmW&#038;_nc_ht=scontent-dfw5-2.cdninstagram.com&#038;edm=ANo9K5cEAAAA&#038;oh=00_AfAOJJJgLLE5Jdzp_QHQBoLanZ2LCy3byxWhZ-ry2sD56Q&#038;oe=6542F1CA\"\n\t\t\tdata-img-src-set=\"{&quot;d&quot;:&quot;https:\\\/\\\/scontent-dfw5-2.cdninstagram.com\\\/v\\\/t39.30808-6\\\/387793241_610564971267872_1202059199537508957_n.jpg?_nc_cat=111&amp;ccb=1-7&amp;_nc_sid=c4dd86&amp;_nc_ohc=BdVyjtp1e7kAX_ghrmW&amp;_nc_ht=scontent-dfw5-2.cdninstagram.com&amp;edm=ANo9K5cEAAAA&amp;oh=00_AfAOJJJgLLE5Jdzp_QHQBoLanZ2LCy3byxWhZ-ry2sD56Q&amp;oe=6542F1CA&quot;,&quot;150&quot;:&quot;https:\\\/\\\/scontent-dfw5-2.cdninstagram.com\\\/v\\\/t39.30808-6\\\/387793241_610564971267872_1202059199537508957_n.jpg?_nc_cat=111&amp;ccb=1-7&amp;_nc_sid=c4dd86&amp;_nc_ohc=BdVyjtp1e7kAX_ghrmW&amp;_nc_ht=scontent-dfw5-2.cdninstagram.com&amp;edm=ANo9K5cEAAAA&amp;oh=00_AfAOJJJgLLE5Jdzp_QHQBoLanZ2LCy3byxWhZ-ry2sD56Q&amp;oe=6542F1CA&quot;,&quot;320&quot;:&quot;https:\\\/\\\/scontent-dfw5-2.cdninstagram.com\\\/v\\\/t39.30808-6\\\/387793241_610564971267872_1202059199537508957_n.jpg?_nc_cat=111&amp;ccb=1-7&amp;_nc_sid=c4dd86&amp;_nc_ohc=BdVyjtp1e7kAX_ghrmW&amp;_nc_ht=scontent-dfw5-2.cdninstagram.com&amp;edm=ANo9K5cEAAAA&amp;oh=00_AfAOJJJgLLE5Jdzp_QHQBoLanZ2LCy3byxWhZ-ry2sD56Q&amp;oe=6542F1CA&quot;,&quot;640&quot;:&quot;https:\\\/\\\/scontent-dfw5-2.cdninstagram.com\\\/v\\\/t39.30808-6\\\/387793241_610564971267872_1202059199537508957_n.jpg?_nc_cat=111&amp;ccb=1-7&amp;_nc_sid=c4dd86&amp;_nc_ohc=BdVyjtp1e7kAX_ghrmW&amp;_nc_ht=scontent-dfw5-2.cdninstagram.com&amp;edm=ANo9K5cEAAAA&amp;oh=00_AfAOJJJgLLE5Jdzp_QHQBoLanZ2LCy3byxWhZ-ry2sD56Q&amp;oe=6542F1CA&quot;}\">\n\t\t\t<span class=\"sbi-screenreader\">*** Fecha l\u00edmite de aplicaci\u00f3n: 15 de Octubre 20<\/span>\n\t\t\t\t\t\t\t\t\t<img decoding=\"async\" src=\"http:\/\/amej.org.mx\/home\/wp-content\/plugins\/instagram-feed\/img\/placeholder.png\" alt=\"*** Fecha l\u00edmite de aplicaci\u00f3n: 15 de Octubre 2023 ***\nLes compartimos esta gran oportunidad de visitar Jap\u00f3n y conocer m\u00e1s sobre el desarrollo tecnol\u00f3gico en este pa\u00eds: el programa Japan Culture and Technology Immersion (JCTI)! \ud83c\udf38\nJCTI: Dos semanas intensivas de diversas actividades que incluyen seminarios de tecnolog\u00edas emergentes, visitas culturales a las ciudades de Osaka, Kioto y Nara, y visitas academicas a laboratorios con lo \u00faltimo en tecnolog\u00eda aplicada y m\u00e1s.\nEl paquete incluye:\n\u2705 Vuelo redondo\n\u2705 Alojamiento por 2 semanas\n\u2705 Traslado a los lugares culturales\n\u2705 Inscripci\u00f3n y colegiatura del programa\n\u2705 y m\u00e1s ..\n#JCTI #MiraiLife #Education #Technology #CulturalAwareness #amej #lazosmexicojapon\nAplica Ahora \ud83c\udf10\nhttps:\/\/www.mirai-innovation-lab.com\/j-cti\/\" aria-hidden=\"true\">\n\t\t<\/a>\n\t<\/div>\n<\/div><div class=\"sbi_item sbi_type_carousel sbi_new sbi_transition\"\n\tid=\"sbi_18001348256316012\" data-date=\"1696871044\">\n\t<div class=\"sbi_photo_wrap\">\n\t\t<a class=\"sbi_photo\" href=\"https:\/\/www.instagram.com\/p\/CyL455VoA-O\/\" target=\"_blank\" rel=\"noopener nofollow\"\n\t\t\tdata-full-res=\"https:\/\/scontent-dfw5-2.cdninstagram.com\/v\/t39.30808-6\/387166844_608783398112696_9150548409766386864_n.jpg?_nc_cat=106&#038;ccb=1-7&#038;_nc_sid=c4dd86&#038;_nc_ohc=loVz6P-aXOkAX8jlLYE&#038;_nc_ht=scontent-dfw5-2.cdninstagram.com&#038;edm=ANo9K5cEAAAA&#038;oh=00_AfD16q-ld1cBUypu6zpXvnq9oxiULF7eqoOKN__75ZuNXA&#038;oe=65430C32\"\n\t\t\tdata-img-src-set=\"{&quot;d&quot;:&quot;https:\\\/\\\/scontent-dfw5-2.cdninstagram.com\\\/v\\\/t39.30808-6\\\/387166844_608783398112696_9150548409766386864_n.jpg?_nc_cat=106&amp;ccb=1-7&amp;_nc_sid=c4dd86&amp;_nc_ohc=loVz6P-aXOkAX8jlLYE&amp;_nc_ht=scontent-dfw5-2.cdninstagram.com&amp;edm=ANo9K5cEAAAA&amp;oh=00_AfD16q-ld1cBUypu6zpXvnq9oxiULF7eqoOKN__75ZuNXA&amp;oe=65430C32&quot;,&quot;150&quot;:&quot;https:\\\/\\\/scontent-dfw5-2.cdninstagram.com\\\/v\\\/t39.30808-6\\\/387166844_608783398112696_9150548409766386864_n.jpg?_nc_cat=106&amp;ccb=1-7&amp;_nc_sid=c4dd86&amp;_nc_ohc=loVz6P-aXOkAX8jlLYE&amp;_nc_ht=scontent-dfw5-2.cdninstagram.com&amp;edm=ANo9K5cEAAAA&amp;oh=00_AfD16q-ld1cBUypu6zpXvnq9oxiULF7eqoOKN__75ZuNXA&amp;oe=65430C32&quot;,&quot;320&quot;:&quot;https:\\\/\\\/scontent-dfw5-2.cdninstagram.com\\\/v\\\/t39.30808-6\\\/387166844_608783398112696_9150548409766386864_n.jpg?_nc_cat=106&amp;ccb=1-7&amp;_nc_sid=c4dd86&amp;_nc_ohc=loVz6P-aXOkAX8jlLYE&amp;_nc_ht=scontent-dfw5-2.cdninstagram.com&amp;edm=ANo9K5cEAAAA&amp;oh=00_AfD16q-ld1cBUypu6zpXvnq9oxiULF7eqoOKN__75ZuNXA&amp;oe=65430C32&quot;,&quot;640&quot;:&quot;https:\\\/\\\/scontent-dfw5-2.cdninstagram.com\\\/v\\\/t39.30808-6\\\/387166844_608783398112696_9150548409766386864_n.jpg?_nc_cat=106&amp;ccb=1-7&amp;_nc_sid=c4dd86&amp;_nc_ohc=loVz6P-aXOkAX8jlLYE&amp;_nc_ht=scontent-dfw5-2.cdninstagram.com&amp;edm=ANo9K5cEAAAA&amp;oh=00_AfD16q-ld1cBUypu6zpXvnq9oxiULF7eqoOKN__75ZuNXA&amp;oe=65430C32&quot;}\">\n\t\t\t<span class=\"sbi-screenreader\">Les compartimos esta invitaci\u00f3n para la presentac<\/span>\n\t\t\t<svg class=\"svg-inline--fa fa-clone fa-w-16 sbi_lightbox_carousel_icon\" aria-hidden=\"true\" aria-label=\"Clone\" data-fa-pro\u0192cessed=\"\" data-prefix=\"far\" data-icon=\"clone\" role=\"img\" xmlns=\"http:\/\/www.w3.org\/2000\/svg\" viewBox=\"0 0 512 512\">\n                    <path fill=\"currentColor\" d=\"M464 0H144c-26.51 0-48 21.49-48 48v48H48c-26.51 0-48 21.49-48 48v320c0 26.51 21.49 48 48 48h320c26.51 0 48-21.49 48-48v-48h48c26.51 0 48-21.49 48-48V48c0-26.51-21.49-48-48-48zM362 464H54a6 6 0 0 1-6-6V150a6 6 0 0 1 6-6h42v224c0 26.51 21.49 48 48 48h224v42a6 6 0 0 1-6 6zm96-96H150a6 6 0 0 1-6-6V54a6 6 0 0 1 6-6h308a6 6 0 0 1 6 6v308a6 6 0 0 1-6 6z\"><\/path>\n                <\/svg>\t\t\t\t\t\t<img decoding=\"async\" src=\"http:\/\/amej.org.mx\/home\/wp-content\/plugins\/instagram-feed\/img\/placeholder.png\" alt=\"Les compartimos esta invitaci\u00f3n para la presentaci\u00f3n de Danza Butoh del Maestro Katsura Kan, que tendr\u00e1 lugar el s\u00e1bado 14 de octubre a las 18:30hrs, en la Casa de Pedregal. La cuota de recuperaci\u00f3n es de $500, habr\u00e1 copa de vino, tequila y mezcales de cortes\u00eda. Ser\u00e1 una danza con m\u00fasica en vivo de una fusi\u00f3n mexicana y japonesa. Esperamos nos puedan acompa\u00f1ar.\n\n#amej #lazosmexicojapon\" aria-hidden=\"true\">\n\t\t<\/a>\n\t<\/div>\n<\/div><div class=\"sbi_item sbi_type_image sbi_new sbi_transition\"\n\tid=\"sbi_17971978526429074\" data-date=\"1696438811\">\n\t<div class=\"sbi_photo_wrap\">\n\t\t<a class=\"sbi_photo\" href=\"https:\/\/www.instagram.com\/p\/Cx_AfBoCLp1\/\" target=\"_blank\" rel=\"noopener nofollow\"\n\t\t\tdata-full-res=\"https:\/\/scontent-dfw5-2.cdninstagram.com\/v\/t39.30808-6\/378391553_606938411630528_8626401926236638190_n.jpg?_nc_cat=107&#038;ccb=1-7&#038;_nc_sid=c4dd86&#038;_nc_ohc=1jbytz2yyUYAX-tafPJ&#038;_nc_ht=scontent-dfw5-2.cdninstagram.com&#038;edm=ANo9K5cEAAAA&#038;oh=00_AfBtvDn9TTxQc0trupPnpa5E9Vxs7ABigFPEQGJOVecgCg&#038;oe=6542C1B9\"\n\t\t\tdata-img-src-set=\"{&quot;d&quot;:&quot;https:\\\/\\\/scontent-dfw5-2.cdninstagram.com\\\/v\\\/t39.30808-6\\\/378391553_606938411630528_8626401926236638190_n.jpg?_nc_cat=107&amp;ccb=1-7&amp;_nc_sid=c4dd86&amp;_nc_ohc=1jbytz2yyUYAX-tafPJ&amp;_nc_ht=scontent-dfw5-2.cdninstagram.com&amp;edm=ANo9K5cEAAAA&amp;oh=00_AfBtvDn9TTxQc0trupPnpa5E9Vxs7ABigFPEQGJOVecgCg&amp;oe=6542C1B9&quot;,&quot;150&quot;:&quot;https:\\\/\\\/scontent-dfw5-2.cdninstagram.com\\\/v\\\/t39.30808-6\\\/378391553_606938411630528_8626401926236638190_n.jpg?_nc_cat=107&amp;ccb=1-7&amp;_nc_sid=c4dd86&amp;_nc_ohc=1jbytz2yyUYAX-tafPJ&amp;_nc_ht=scontent-dfw5-2.cdninstagram.com&amp;edm=ANo9K5cEAAAA&amp;oh=00_AfBtvDn9TTxQc0trupPnpa5E9Vxs7ABigFPEQGJOVecgCg&amp;oe=6542C1B9&quot;,&quot;320&quot;:&quot;https:\\\/\\\/scontent-dfw5-2.cdninstagram.com\\\/v\\\/t39.30808-6\\\/378391553_606938411630528_8626401926236638190_n.jpg?_nc_cat=107&amp;ccb=1-7&amp;_nc_sid=c4dd86&amp;_nc_ohc=1jbytz2yyUYAX-tafPJ&amp;_nc_ht=scontent-dfw5-2.cdninstagram.com&amp;edm=ANo9K5cEAAAA&amp;oh=00_AfBtvDn9TTxQc0trupPnpa5E9Vxs7ABigFPEQGJOVecgCg&amp;oe=6542C1B9&quot;,&quot;640&quot;:&quot;https:\\\/\\\/scontent-dfw5-2.cdninstagram.com\\\/v\\\/t39.30808-6\\\/378391553_606938411630528_8626401926236638190_n.jpg?_nc_cat=107&amp;ccb=1-7&amp;_nc_sid=c4dd86&amp;_nc_ohc=1jbytz2yyUYAX-tafPJ&amp;_nc_ht=scontent-dfw5-2.cdninstagram.com&amp;edm=ANo9K5cEAAAA&amp;oh=00_AfBtvDn9TTxQc0trupPnpa5E9Vxs7ABigFPEQGJOVecgCg&amp;oe=6542C1B9&quot;}\">\n\t\t\t<span class=\"sbi-screenreader\">Para todos aquellos en CDMX y los alrededores, los<\/span>\n\t\t\t\t\t\t\t\t\t<img decoding=\"async\" src=\"http:\/\/amej.org.mx\/home\/wp-content\/plugins\/instagram-feed\/img\/placeholder.png\" alt=\"Para todos aquellos en CDMX y los alrededores, los invitamos a la presentaci\u00f3n del libro &quot;La Desilusi\u00f3n \u00d3ptima del Amor&quot;, por Cristina Rasc\u00f3n, exbecaria en Jap\u00f3n. La cita es el d\u00eda de hoy a las 19:00 hrs, en Casul, UNAM.\n\n#amej #lazosmexicojapon\" aria-hidden=\"true\">\n\t\t<\/a>\n\t<\/div>\n<\/div><div class=\"sbi_item sbi_type_image sbi_new sbi_transition\"\n\tid=\"sbi_18022962901737326\" data-date=\"1696431107\">\n\t<div class=\"sbi_photo_wrap\">\n\t\t<a class=\"sbi_photo\" href=\"https:\/\/www.instagram.com\/p\/Cx-xyoBOzuR\/\" target=\"_blank\" rel=\"noopener nofollow\"\n\t\t\tdata-full-res=\"https:\/\/scontent-dfw5-2.cdninstagram.com\/v\/t51.29350-15\/385441741_632524279058553_6392042955915493062_n.heic?stp=dst-jpg&#038;_nc_cat=107&#038;ccb=1-7&#038;_nc_sid=c4dd86&#038;_nc_ohc=357jDNEhmaYAX9_6ro9&#038;_nc_ht=scontent-dfw5-2.cdninstagram.com&#038;edm=ANo9K5cEAAAA&#038;oh=00_AfDJRlrFSKUJw1hee-daEVdQF-RnO8afDy84GpFWXjlOhg&#038;oe=6541F05A\"\n\t\t\tdata-img-src-set=\"{&quot;d&quot;:&quot;https:\\\/\\\/scontent-dfw5-2.cdninstagram.com\\\/v\\\/t51.29350-15\\\/385441741_632524279058553_6392042955915493062_n.heic?stp=dst-jpg&amp;_nc_cat=107&amp;ccb=1-7&amp;_nc_sid=c4dd86&amp;_nc_ohc=357jDNEhmaYAX9_6ro9&amp;_nc_ht=scontent-dfw5-2.cdninstagram.com&amp;edm=ANo9K5cEAAAA&amp;oh=00_AfDJRlrFSKUJw1hee-daEVdQF-RnO8afDy84GpFWXjlOhg&amp;oe=6541F05A&quot;,&quot;150&quot;:&quot;https:\\\/\\\/scontent-dfw5-2.cdninstagram.com\\\/v\\\/t51.29350-15\\\/385441741_632524279058553_6392042955915493062_n.heic?stp=dst-jpg&amp;_nc_cat=107&amp;ccb=1-7&amp;_nc_sid=c4dd86&amp;_nc_ohc=357jDNEhmaYAX9_6ro9&amp;_nc_ht=scontent-dfw5-2.cdninstagram.com&amp;edm=ANo9K5cEAAAA&amp;oh=00_AfDJRlrFSKUJw1hee-daEVdQF-RnO8afDy84GpFWXjlOhg&amp;oe=6541F05A&quot;,&quot;320&quot;:&quot;https:\\\/\\\/scontent-dfw5-2.cdninstagram.com\\\/v\\\/t51.29350-15\\\/385441741_632524279058553_6392042955915493062_n.heic?stp=dst-jpg&amp;_nc_cat=107&amp;ccb=1-7&amp;_nc_sid=c4dd86&amp;_nc_ohc=357jDNEhmaYAX9_6ro9&amp;_nc_ht=scontent-dfw5-2.cdninstagram.com&amp;edm=ANo9K5cEAAAA&amp;oh=00_AfDJRlrFSKUJw1hee-daEVdQF-RnO8afDy84GpFWXjlOhg&amp;oe=6541F05A&quot;,&quot;640&quot;:&quot;https:\\\/\\\/scontent-dfw5-2.cdninstagram.com\\\/v\\\/t51.29350-15\\\/385441741_632524279058553_6392042955915493062_n.heic?stp=dst-jpg&amp;_nc_cat=107&amp;ccb=1-7&amp;_nc_sid=c4dd86&amp;_nc_ohc=357jDNEhmaYAX9_6ro9&amp;_nc_ht=scontent-dfw5-2.cdninstagram.com&amp;edm=ANo9K5cEAAAA&amp;oh=00_AfDJRlrFSKUJw1hee-daEVdQF-RnO8afDy84GpFWXjlOhg&amp;oe=6541F05A&quot;}\">\n\t\t\t<span class=\"sbi-screenreader\">Les compartimos este evento en l\u00ednea &quot;La huella d<\/span>\n\t\t\t\t\t\t\t\t\t<img decoding=\"async\" src=\"http:\/\/amej.org.mx\/home\/wp-content\/plugins\/instagram-feed\/img\/placeholder.png\" alt=\"Les compartimos este evento en l\u00ednea &quot;La huella de Jap\u00f3n y del idioma japon\u00e9s en la UNAM&quot;, en el que participa Vania de la Vega, expresidenta de AMEJ. El evento se transmitir\u00e1 el d\u00eda de hoy a las 11hrs, en Facebook y YouTube en las p\u00e1ginas del Centro de Relaciones Internacionales de la universidad\n#amej #lazosm\u00e9xicojap\u00f3n\" aria-hidden=\"true\">\n\t\t<\/a>\n\t<\/div>\n<\/div><div class=\"sbi_item sbi_type_image sbi_new sbi_transition\"\n\tid=\"sbi_18020346013661024\" data-date=\"1696266008\">\n\t<div class=\"sbi_photo_wrap\">\n\t\t<a class=\"sbi_photo\" href=\"https:\/\/www.instagram.com\/p\/Cx5245LNoUX\/\" target=\"_blank\" rel=\"noopener nofollow\"\n\t\t\tdata-full-res=\"https:\/\/scontent-dfw5-2.cdninstagram.com\/v\/t39.30808-6\/384992847_604759488515087_4898712846600154204_n.jpg?_nc_cat=105&#038;ccb=1-7&#038;_nc_sid=c4dd86&#038;_nc_ohc=LX9av7MZGtYAX89VGBr&#038;_nc_ht=scontent-dfw5-2.cdninstagram.com&#038;edm=ANo9K5cEAAAA&#038;oh=00_AfBxzusTgViAy-OZKTacylNk0mf8ZkNrSJ91G4ytgcG16w&#038;oe=65424364\"\n\t\t\tdata-img-src-set=\"{&quot;d&quot;:&quot;https:\\\/\\\/scontent-dfw5-2.cdninstagram.com\\\/v\\\/t39.30808-6\\\/384992847_604759488515087_4898712846600154204_n.jpg?_nc_cat=105&amp;ccb=1-7&amp;_nc_sid=c4dd86&amp;_nc_ohc=LX9av7MZGtYAX89VGBr&amp;_nc_ht=scontent-dfw5-2.cdninstagram.com&amp;edm=ANo9K5cEAAAA&amp;oh=00_AfBxzusTgViAy-OZKTacylNk0mf8ZkNrSJ91G4ytgcG16w&amp;oe=65424364&quot;,&quot;150&quot;:&quot;https:\\\/\\\/scontent-dfw5-2.cdninstagram.com\\\/v\\\/t39.30808-6\\\/384992847_604759488515087_4898712846600154204_n.jpg?_nc_cat=105&amp;ccb=1-7&amp;_nc_sid=c4dd86&amp;_nc_ohc=LX9av7MZGtYAX89VGBr&amp;_nc_ht=scontent-dfw5-2.cdninstagram.com&amp;edm=ANo9K5cEAAAA&amp;oh=00_AfBxzusTgViAy-OZKTacylNk0mf8ZkNrSJ91G4ytgcG16w&amp;oe=65424364&quot;,&quot;320&quot;:&quot;https:\\\/\\\/scontent-dfw5-2.cdninstagram.com\\\/v\\\/t39.30808-6\\\/384992847_604759488515087_4898712846600154204_n.jpg?_nc_cat=105&amp;ccb=1-7&amp;_nc_sid=c4dd86&amp;_nc_ohc=LX9av7MZGtYAX89VGBr&amp;_nc_ht=scontent-dfw5-2.cdninstagram.com&amp;edm=ANo9K5cEAAAA&amp;oh=00_AfBxzusTgViAy-OZKTacylNk0mf8ZkNrSJ91G4ytgcG16w&amp;oe=65424364&quot;,&quot;640&quot;:&quot;https:\\\/\\\/scontent-dfw5-2.cdninstagram.com\\\/v\\\/t39.30808-6\\\/384992847_604759488515087_4898712846600154204_n.jpg?_nc_cat=105&amp;ccb=1-7&amp;_nc_sid=c4dd86&amp;_nc_ohc=LX9av7MZGtYAX89VGBr&amp;_nc_ht=scontent-dfw5-2.cdninstagram.com&amp;edm=ANo9K5cEAAAA&amp;oh=00_AfBxzusTgViAy-OZKTacylNk0mf8ZkNrSJ91G4ytgcG16w&amp;oe=65424364&quot;}\">\n\t\t\t<span class=\"sbi-screenreader\">Eri Tamagawa colabor\u00f3 con MOFA en la publicaci\u00f3n<\/span>\n\t\t\t\t\t\t\t\t\t<img decoding=\"async\" src=\"http:\/\/amej.org.mx\/home\/wp-content\/plugins\/instagram-feed\/img\/placeholder.png\" alt=\"Eri Tamagawa colabor\u00f3 con MOFA en la publicaci\u00f3n del Diplomatic Blue Book 2023, publicado a finales de septiembre, compartiendo las actividades que hace AMEJ. As\u00ed mismo se relata la importancia y alcance que tienen las asociaciones de exbecarios de MEXT, por lo que MOFA publica esta columna en la secci\u00f3n de Japan\u2019s Foreign Policy to Promote National and Global Interests. Esto es un ejemplo del reconocimiento que se le da a la AMEJ y sus miembros, al ser un ejemplo de logros a nivel internacional. \n\nEl reporte completo en ingl\u00e9s se encuentra disponible en: https:\/\/www.mofa.go.jp\/files\/100559902.pdf (pag. 328)\" aria-hidden=\"true\">\n\t\t<\/a>\n\t<\/div>\n<\/div><div class=\"sbi_item sbi_type_carousel sbi_new sbi_transition\"\n\tid=\"sbi_18038741491554729\" data-date=\"1696035611\">\n\t<div class=\"sbi_photo_wrap\">\n\t\t<a class=\"sbi_photo\" href=\"https:\/\/www.instagram.com\/p\/Cxy_cXKvS1E\/\" target=\"_blank\" rel=\"noopener nofollow\"\n\t\t\tdata-full-res=\"https:\/\/scontent-dfw5-2.cdninstagram.com\/v\/t39.30808-6\/384785763_604022208588815_1158391480212904837_n.jpg?_nc_cat=106&#038;ccb=1-7&#038;_nc_sid=c4dd86&#038;_nc_ohc=II4kQh1i-tMAX93An3I&#038;_nc_ht=scontent-dfw5-2.cdninstagram.com&#038;edm=ANo9K5cEAAAA&#038;oh=00_AfAUGte839hV-yIA8xWZwJ_mPPTXAQvpLoLhsEcA3Vgjfg&#038;oe=6542BC40\"\n\t\t\tdata-img-src-set=\"{&quot;d&quot;:&quot;https:\\\/\\\/scontent-dfw5-2.cdninstagram.com\\\/v\\\/t39.30808-6\\\/384785763_604022208588815_1158391480212904837_n.jpg?_nc_cat=106&amp;ccb=1-7&amp;_nc_sid=c4dd86&amp;_nc_ohc=II4kQh1i-tMAX93An3I&amp;_nc_ht=scontent-dfw5-2.cdninstagram.com&amp;edm=ANo9K5cEAAAA&amp;oh=00_AfAUGte839hV-yIA8xWZwJ_mPPTXAQvpLoLhsEcA3Vgjfg&amp;oe=6542BC40&quot;,&quot;150&quot;:&quot;https:\\\/\\\/scontent-dfw5-2.cdninstagram.com\\\/v\\\/t39.30808-6\\\/384785763_604022208588815_1158391480212904837_n.jpg?_nc_cat=106&amp;ccb=1-7&amp;_nc_sid=c4dd86&amp;_nc_ohc=II4kQh1i-tMAX93An3I&amp;_nc_ht=scontent-dfw5-2.cdninstagram.com&amp;edm=ANo9K5cEAAAA&amp;oh=00_AfAUGte839hV-yIA8xWZwJ_mPPTXAQvpLoLhsEcA3Vgjfg&amp;oe=6542BC40&quot;,&quot;320&quot;:&quot;https:\\\/\\\/scontent-dfw5-2.cdninstagram.com\\\/v\\\/t39.30808-6\\\/384785763_604022208588815_1158391480212904837_n.jpg?_nc_cat=106&amp;ccb=1-7&amp;_nc_sid=c4dd86&amp;_nc_ohc=II4kQh1i-tMAX93An3I&amp;_nc_ht=scontent-dfw5-2.cdninstagram.com&amp;edm=ANo9K5cEAAAA&amp;oh=00_AfAUGte839hV-yIA8xWZwJ_mPPTXAQvpLoLhsEcA3Vgjfg&amp;oe=6542BC40&quot;,&quot;640&quot;:&quot;https:\\\/\\\/scontent-dfw5-2.cdninstagram.com\\\/v\\\/t39.30808-6\\\/384785763_604022208588815_1158391480212904837_n.jpg?_nc_cat=106&amp;ccb=1-7&amp;_nc_sid=c4dd86&amp;_nc_ohc=II4kQh1i-tMAX93An3I&amp;_nc_ht=scontent-dfw5-2.cdninstagram.com&amp;edm=ANo9K5cEAAAA&amp;oh=00_AfAUGte839hV-yIA8xWZwJ_mPPTXAQvpLoLhsEcA3Vgjfg&amp;oe=6542BC40&quot;}\">\n\t\t\t<span class=\"sbi-screenreader\">\u00bfEst\u00e1s en Monterrey y no tienes plan para este d<\/span>\n\t\t\t<svg class=\"svg-inline--fa fa-clone fa-w-16 sbi_lightbox_carousel_icon\" aria-hidden=\"true\" aria-label=\"Clone\" data-fa-pro\u0192cessed=\"\" data-prefix=\"far\" data-icon=\"clone\" role=\"img\" xmlns=\"http:\/\/www.w3.org\/2000\/svg\" viewBox=\"0 0 512 512\">\n                    <path fill=\"currentColor\" d=\"M464 0H144c-26.51 0-48 21.49-48 48v48H48c-26.51 0-48 21.49-48 48v320c0 26.51 21.49 48 48 48h320c26.51 0 48-21.49 48-48v-48h48c26.51 0 48-21.49 48-48V48c0-26.51-21.49-48-48-48zM362 464H54a6 6 0 0 1-6-6V150a6 6 0 0 1 6-6h42v224c0 26.51 21.49 48 48 48h224v42a6 6 0 0 1-6 6zm96-96H150a6 6 0 0 1-6-6V54a6 6 0 0 1 6-6h308a6 6 0 0 1 6 6v308a6 6 0 0 1-6 6z\"><\/path>\n                <\/svg>\t\t\t\t\t\t<img decoding=\"async\" src=\"http:\/\/amej.org.mx\/home\/wp-content\/plugins\/instagram-feed\/img\/placeholder.png\" alt=\"\u00bfEst\u00e1s en Monterrey y no tienes plan para este domingo? @sanpedrodepinta celebra el 1 de octubre el d\u00eda de \ud83c\uddef\ud83c\uddf5 Jap\u00f3n \ud83c\uddef\ud83c\uddf5 con muchas actividades para toda la familia\n\n\ud83c\udfa8Talleres\n\ud83e\udd4bExhibici\u00f3n deportiva\n\ud83d\udcf7Exposici\u00f3n fotogr\u00e1fica \n\ud83d\uddbc\ufe0fExposici\u00f3n de arte digital \n\ud83c\udf63Mercado japon\u00e9s \n\ud83d\udcdaCuenta cuentos\n\ud83e\uddda\ud83c\udffc\u200d\u2640\ufe0fCosplay\n\ud83d\udd8c\ufe0fPintacaritas\n\ud83d\udc58Vestimenta tradicional\n\ud83c\udf9f\ufe0fTaller de Ikebana y Kokedama... etc\n\n#amej #lazosmexicojapon \n@uerre @visitjapanjp @amexicojapon @maruchanbento_mty @northside_dp @clubkonohamonterrey @redribbonmty @bujinkan_tomodachi_dojo @kendonuevoleon @karatedo_sanpedro\" aria-hidden=\"true\">\n\t\t<\/a>\n\t<\/div>\n<\/div><div class=\"sbi_item sbi_type_image sbi_new sbi_transition\"\n\tid=\"sbi_17959765358645093\" data-date=\"1696006811\">\n\t<div class=\"sbi_photo_wrap\">\n\t\t<a class=\"sbi_photo\" href=\"https:\/\/www.instagram.com\/p\/CxyIgtMNLTe\/\" target=\"_blank\" rel=\"noopener nofollow\"\n\t\t\tdata-full-res=\"https:\/\/scontent-dfw5-2.cdninstagram.com\/v\/t39.30808-6\/384309403_604017098589326_4949672957389263619_n.jpg?_nc_cat=102&#038;ccb=1-7&#038;_nc_sid=c4dd86&#038;_nc_ohc=IAUU2pxaryEAX94DT0y&#038;_nc_ht=scontent-dfw5-2.cdninstagram.com&#038;edm=ANo9K5cEAAAA&#038;oh=00_AfDTUdkcNPev9tP27gwl94rHNMYgla6zJSk2c0I46fQu-Q&#038;oe=6542D449\"\n\t\t\tdata-img-src-set=\"{&quot;d&quot;:&quot;https:\\\/\\\/scontent-dfw5-2.cdninstagram.com\\\/v\\\/t39.30808-6\\\/384309403_604017098589326_4949672957389263619_n.jpg?_nc_cat=102&amp;ccb=1-7&amp;_nc_sid=c4dd86&amp;_nc_ohc=IAUU2pxaryEAX94DT0y&amp;_nc_ht=scontent-dfw5-2.cdninstagram.com&amp;edm=ANo9K5cEAAAA&amp;oh=00_AfDTUdkcNPev9tP27gwl94rHNMYgla6zJSk2c0I46fQu-Q&amp;oe=6542D449&quot;,&quot;150&quot;:&quot;https:\\\/\\\/scontent-dfw5-2.cdninstagram.com\\\/v\\\/t39.30808-6\\\/384309403_604017098589326_4949672957389263619_n.jpg?_nc_cat=102&amp;ccb=1-7&amp;_nc_sid=c4dd86&amp;_nc_ohc=IAUU2pxaryEAX94DT0y&amp;_nc_ht=scontent-dfw5-2.cdninstagram.com&amp;edm=ANo9K5cEAAAA&amp;oh=00_AfDTUdkcNPev9tP27gwl94rHNMYgla6zJSk2c0I46fQu-Q&amp;oe=6542D449&quot;,&quot;320&quot;:&quot;https:\\\/\\\/scontent-dfw5-2.cdninstagram.com\\\/v\\\/t39.30808-6\\\/384309403_604017098589326_4949672957389263619_n.jpg?_nc_cat=102&amp;ccb=1-7&amp;_nc_sid=c4dd86&amp;_nc_ohc=IAUU2pxaryEAX94DT0y&amp;_nc_ht=scontent-dfw5-2.cdninstagram.com&amp;edm=ANo9K5cEAAAA&amp;oh=00_AfDTUdkcNPev9tP27gwl94rHNMYgla6zJSk2c0I46fQu-Q&amp;oe=6542D449&quot;,&quot;640&quot;:&quot;https:\\\/\\\/scontent-dfw5-2.cdninstagram.com\\\/v\\\/t39.30808-6\\\/384309403_604017098589326_4949672957389263619_n.jpg?_nc_cat=102&amp;ccb=1-7&amp;_nc_sid=c4dd86&amp;_nc_ohc=IAUU2pxaryEAX94DT0y&amp;_nc_ht=scontent-dfw5-2.cdninstagram.com&amp;edm=ANo9K5cEAAAA&amp;oh=00_AfDTUdkcNPev9tP27gwl94rHNMYgla6zJSk2c0I46fQu-Q&amp;oe=6542D449&quot;}\">\n\t\t\t<span class=\"sbi-screenreader\">El pr\u00f3ximo 5 de octubre, en el marco del 10\u00b0 ani<\/span>\n\t\t\t\t\t\t\t\t\t<img decoding=\"async\" src=\"http:\/\/amej.org.mx\/home\/wp-content\/plugins\/instagram-feed\/img\/placeholder.png\" alt=\"El pr\u00f3ximo 5 de octubre, en el marco del 10\u00b0 aniversario del SUEA-PUEAA ( @pueaaunam ), se celebra el conversatorio &quot;La Ense\u00f1anza del Japon\u00e9s en M\u00e9xico&quot;. Entre los ponentes destacan Vania de la Vega y Santiago Hisaki, miembros de la AMEJ; as\u00ed como Aya Kawahata, de la Embajada del Jap\u00f3n en M\u00e9xico. El evento ser\u00e1 transmitido en vivo por Facebook Live, de 9 a 13 hrs. Los interesados deber\u00e1n registrarse en el siguiente link:\n\nhttps:\/\/bit.ly\/3PzI7Hk\n\n#amej #lazosmexicojapon\" aria-hidden=\"true\">\n\t\t<\/a>\n\t<\/div>\n<\/div><div class=\"sbi_item sbi_type_image sbi_new sbi_transition\"\n\tid=\"sbi_18012294277749905\" data-date=\"1695920409\">\n\t<div class=\"sbi_photo_wrap\">\n\t\t<a class=\"sbi_photo\" href=\"https:\/\/www.instagram.com\/p\/Cxvjtgkt5rt\/\" target=\"_blank\" rel=\"noopener nofollow\"\n\t\t\tdata-full-res=\"https:\/\/scontent-dfw5-2.cdninstagram.com\/v\/t39.30808-6\/384766695_604014131922956_3114787454714242506_n.jpg?_nc_cat=104&#038;ccb=1-7&#038;_nc_sid=c4dd86&#038;_nc_ohc=eIt8ELC9F-kAX8CcGwM&#038;_nc_ht=scontent-dfw5-2.cdninstagram.com&#038;edm=ANo9K5cEAAAA&#038;oh=00_AfCLGJhweZBePEEOYhBQBONxamdBO3HKxvOUuP67wWf1aw&#038;oe=65424C5D\"\n\t\t\tdata-img-src-set=\"{&quot;d&quot;:&quot;https:\\\/\\\/scontent-dfw5-2.cdninstagram.com\\\/v\\\/t39.30808-6\\\/384766695_604014131922956_3114787454714242506_n.jpg?_nc_cat=104&amp;ccb=1-7&amp;_nc_sid=c4dd86&amp;_nc_ohc=eIt8ELC9F-kAX8CcGwM&amp;_nc_ht=scontent-dfw5-2.cdninstagram.com&amp;edm=ANo9K5cEAAAA&amp;oh=00_AfCLGJhweZBePEEOYhBQBONxamdBO3HKxvOUuP67wWf1aw&amp;oe=65424C5D&quot;,&quot;150&quot;:&quot;https:\\\/\\\/scontent-dfw5-2.cdninstagram.com\\\/v\\\/t39.30808-6\\\/384766695_604014131922956_3114787454714242506_n.jpg?_nc_cat=104&amp;ccb=1-7&amp;_nc_sid=c4dd86&amp;_nc_ohc=eIt8ELC9F-kAX8CcGwM&amp;_nc_ht=scontent-dfw5-2.cdninstagram.com&amp;edm=ANo9K5cEAAAA&amp;oh=00_AfCLGJhweZBePEEOYhBQBONxamdBO3HKxvOUuP67wWf1aw&amp;oe=65424C5D&quot;,&quot;320&quot;:&quot;https:\\\/\\\/scontent-dfw5-2.cdninstagram.com\\\/v\\\/t39.30808-6\\\/384766695_604014131922956_3114787454714242506_n.jpg?_nc_cat=104&amp;ccb=1-7&amp;_nc_sid=c4dd86&amp;_nc_ohc=eIt8ELC9F-kAX8CcGwM&amp;_nc_ht=scontent-dfw5-2.cdninstagram.com&amp;edm=ANo9K5cEAAAA&amp;oh=00_AfCLGJhweZBePEEOYhBQBONxamdBO3HKxvOUuP67wWf1aw&amp;oe=65424C5D&quot;,&quot;640&quot;:&quot;https:\\\/\\\/scontent-dfw5-2.cdninstagram.com\\\/v\\\/t39.30808-6\\\/384766695_604014131922956_3114787454714242506_n.jpg?_nc_cat=104&amp;ccb=1-7&amp;_nc_sid=c4dd86&amp;_nc_ohc=eIt8ELC9F-kAX8CcGwM&amp;_nc_ht=scontent-dfw5-2.cdninstagram.com&amp;edm=ANo9K5cEAAAA&amp;oh=00_AfCLGJhweZBePEEOYhBQBONxamdBO3HKxvOUuP67wWf1aw&amp;oe=65424C5D&quot;}\">\n\t\t\t<span class=\"sbi-screenreader\">Nos alegra compartir que Julio Fr\u00edas, miembro de <\/span>\n\t\t\t\t\t\t\t\t\t<img decoding=\"async\" src=\"http:\/\/amej.org.mx\/home\/wp-content\/plugins\/instagram-feed\/img\/placeholder.png\" alt=\"Nos alegra compartir que Julio Fr\u00edas, miembro de AMEJ, fue elegido para la entrevista \u201cInnovando con dise\u00f1o: Julio Fr\u00edas Pe\u00f1a\u201d como un reconocimiento a su destacada trayectoria profesional. La entrevista aparece en la edici\u00f3n especial por el d\u00e9cimo aniversario de la revista Mexican Cultural Centre (MCC), que se encuentra disponible en:\n\nhttps:\/\/drive.google.com\/file\/d\/1no2sth3HNorvzFZ0CYgZY64HKzI0pdnL\/view?usp=sharing\n\n#amej #lazosmexicojapon\" aria-hidden=\"true\">\n\t\t<\/a>\n\t<\/div>\n<\/div><div class=\"sbi_item sbi_type_image sbi_new sbi_transition\"\n\tid=\"sbi_17992360556081262\" data-date=\"1695834008\">\n\t<div class=\"sbi_photo_wrap\">\n\t\t<a class=\"sbi_photo\" href=\"https:\/\/www.instagram.com\/p\/Cxs-6gUPDov\/\" target=\"_blank\" rel=\"noopener nofollow\"\n\t\t\tdata-full-res=\"https:\/\/scontent-dfw5-2.cdninstagram.com\/v\/t39.30808-6\/383076536_603256141998755_5188521127643692773_n.jpg?_nc_cat=104&#038;ccb=1-7&#038;_nc_sid=c4dd86&#038;_nc_ohc=SV4ZJOx75j4AX8kDZTy&#038;_nc_ht=scontent-dfw5-2.cdninstagram.com&#038;edm=ANo9K5cEAAAA&#038;oh=00_AfC-uxGgz-Ngl6LWTkxqgUaSp3XXU5GikBIdCxiSl7-QQA&#038;oe=65432984\"\n\t\t\tdata-img-src-set=\"{&quot;d&quot;:&quot;https:\\\/\\\/scontent-dfw5-2.cdninstagram.com\\\/v\\\/t39.30808-6\\\/383076536_603256141998755_5188521127643692773_n.jpg?_nc_cat=104&amp;ccb=1-7&amp;_nc_sid=c4dd86&amp;_nc_ohc=SV4ZJOx75j4AX8kDZTy&amp;_nc_ht=scontent-dfw5-2.cdninstagram.com&amp;edm=ANo9K5cEAAAA&amp;oh=00_AfC-uxGgz-Ngl6LWTkxqgUaSp3XXU5GikBIdCxiSl7-QQA&amp;oe=65432984&quot;,&quot;150&quot;:&quot;https:\\\/\\\/scontent-dfw5-2.cdninstagram.com\\\/v\\\/t39.30808-6\\\/383076536_603256141998755_5188521127643692773_n.jpg?_nc_cat=104&amp;ccb=1-7&amp;_nc_sid=c4dd86&amp;_nc_ohc=SV4ZJOx75j4AX8kDZTy&amp;_nc_ht=scontent-dfw5-2.cdninstagram.com&amp;edm=ANo9K5cEAAAA&amp;oh=00_AfC-uxGgz-Ngl6LWTkxqgUaSp3XXU5GikBIdCxiSl7-QQA&amp;oe=65432984&quot;,&quot;320&quot;:&quot;https:\\\/\\\/scontent-dfw5-2.cdninstagram.com\\\/v\\\/t39.30808-6\\\/383076536_603256141998755_5188521127643692773_n.jpg?_nc_cat=104&amp;ccb=1-7&amp;_nc_sid=c4dd86&amp;_nc_ohc=SV4ZJOx75j4AX8kDZTy&amp;_nc_ht=scontent-dfw5-2.cdninstagram.com&amp;edm=ANo9K5cEAAAA&amp;oh=00_AfC-uxGgz-Ngl6LWTkxqgUaSp3XXU5GikBIdCxiSl7-QQA&amp;oe=65432984&quot;,&quot;640&quot;:&quot;https:\\\/\\\/scontent-dfw5-2.cdninstagram.com\\\/v\\\/t39.30808-6\\\/383076536_603256141998755_5188521127643692773_n.jpg?_nc_cat=104&amp;ccb=1-7&amp;_nc_sid=c4dd86&amp;_nc_ohc=SV4ZJOx75j4AX8kDZTy&amp;_nc_ht=scontent-dfw5-2.cdninstagram.com&amp;edm=ANo9K5cEAAAA&amp;oh=00_AfC-uxGgz-Ngl6LWTkxqgUaSp3XXU5GikBIdCxiSl7-QQA&amp;oe=65432984&quot;}\">\n\t\t\t<span class=\"sbi-screenreader\">V\u00edctor L\u00f3pez, miembro de la AMEJ, ser\u00e1 el ponen<\/span>\n\t\t\t\t\t\t\t\t\t<img decoding=\"async\" src=\"http:\/\/amej.org.mx\/home\/wp-content\/plugins\/instagram-feed\/img\/placeholder.png\" alt=\"V\u00edctor L\u00f3pez, miembro de la AMEJ, ser\u00e1 el ponente en la conferencia &quot;Los logros del gobierno de AMLO y sus relaciones internacionales con Estados Unidos, Jap\u00f3n y Am\u00e9rica Latina&quot;, que tendr\u00e1 lugar el d\u00eda 29 de septiembre, a las 18:30hrs, en la Embajada de M\u00e9xico en Jap\u00f3n. \n\nEl Dr. L\u00f3pez-Villafa\u00f1e hablar\u00e1 sobre la pol\u00edtica exterior del actual Gobierno de M\u00e9xico y sobre sus relaciones con China, Jap\u00f3n y Estados Unidos, en el contexto de las cuestiones de econom\u00eda y seguridad en la regi\u00f3n Asia Pac\u00edfico, particularmente a la luz de la confrontaci\u00f3n hegem\u00f3nica entre China y Estados Unidos.\n\nLes compartimos el enlace para el registro, para aquellos que puedan asistir f\u00edsicamente al evento:\nhttps:\/\/docs.google.com\/forms\/d\/e\/1FAIpQLSfrRclfeRnStmqGMHzwg4imwsQzvHJMCzIL0zsE7cEVaMVlkQ\/viewform?pli=1\" aria-hidden=\"true\">\n\t\t<\/a>\n\t<\/div>\n<\/div><div class=\"sbi_item sbi_type_carousel sbi_new sbi_transition\"\n\tid=\"sbi_18101873062344120\" data-date=\"1695747608\">\n\t<div class=\"sbi_photo_wrap\">\n\t\t<a class=\"sbi_photo\" href=\"https:\/\/www.instagram.com\/p\/CxqaHrrPFQ1\/\" target=\"_blank\" rel=\"noopener nofollow\"\n\t\t\tdata-full-res=\"https:\/\/scontent-dfw5-2.cdninstagram.com\/v\/t39.30808-6\/383370740_603189372005432_5309556729646043270_n.jpg?_nc_cat=111&#038;ccb=1-7&#038;_nc_sid=c4dd86&#038;_nc_ohc=Q4FgFG4iMBkAX8jUBg-&#038;_nc_oc=AQkNEhQ6z7AFOCpTqVSW3Ybant3dCMBnZ_-9uW_PZPExyLf5nn7r23ZOIGZ8DQbsZ9M&#038;_nc_ht=scontent-dfw5-2.cdninstagram.com&#038;edm=ANo9K5cEAAAA&#038;oh=00_AfB--WqjcfC_6id2G8wcHZ19gGrPp5-2dm6-Y_EiOCT2YQ&#038;oe=6543772E\"\n\t\t\tdata-img-src-set=\"{&quot;d&quot;:&quot;https:\\\/\\\/scontent-dfw5-2.cdninstagram.com\\\/v\\\/t39.30808-6\\\/383370740_603189372005432_5309556729646043270_n.jpg?_nc_cat=111&amp;ccb=1-7&amp;_nc_sid=c4dd86&amp;_nc_ohc=Q4FgFG4iMBkAX8jUBg-&amp;_nc_oc=AQkNEhQ6z7AFOCpTqVSW3Ybant3dCMBnZ_-9uW_PZPExyLf5nn7r23ZOIGZ8DQbsZ9M&amp;_nc_ht=scontent-dfw5-2.cdninstagram.com&amp;edm=ANo9K5cEAAAA&amp;oh=00_AfB--WqjcfC_6id2G8wcHZ19gGrPp5-2dm6-Y_EiOCT2YQ&amp;oe=6543772E&quot;,&quot;150&quot;:&quot;https:\\\/\\\/scontent-dfw5-2.cdninstagram.com\\\/v\\\/t39.30808-6\\\/383370740_603189372005432_5309556729646043270_n.jpg?_nc_cat=111&amp;ccb=1-7&amp;_nc_sid=c4dd86&amp;_nc_ohc=Q4FgFG4iMBkAX8jUBg-&amp;_nc_oc=AQkNEhQ6z7AFOCpTqVSW3Ybant3dCMBnZ_-9uW_PZPExyLf5nn7r23ZOIGZ8DQbsZ9M&amp;_nc_ht=scontent-dfw5-2.cdninstagram.com&amp;edm=ANo9K5cEAAAA&amp;oh=00_AfB--WqjcfC_6id2G8wcHZ19gGrPp5-2dm6-Y_EiOCT2YQ&amp;oe=6543772E&quot;,&quot;320&quot;:&quot;https:\\\/\\\/scontent-dfw5-2.cdninstagram.com\\\/v\\\/t39.30808-6\\\/383370740_603189372005432_5309556729646043270_n.jpg?_nc_cat=111&amp;ccb=1-7&amp;_nc_sid=c4dd86&amp;_nc_ohc=Q4FgFG4iMBkAX8jUBg-&amp;_nc_oc=AQkNEhQ6z7AFOCpTqVSW3Ybant3dCMBnZ_-9uW_PZPExyLf5nn7r23ZOIGZ8DQbsZ9M&amp;_nc_ht=scontent-dfw5-2.cdninstagram.com&amp;edm=ANo9K5cEAAAA&amp;oh=00_AfB--WqjcfC_6id2G8wcHZ19gGrPp5-2dm6-Y_EiOCT2YQ&amp;oe=6543772E&quot;,&quot;640&quot;:&quot;https:\\\/\\\/scontent-dfw5-2.cdninstagram.com\\\/v\\\/t39.30808-6\\\/383370740_603189372005432_5309556729646043270_n.jpg?_nc_cat=111&amp;ccb=1-7&amp;_nc_sid=c4dd86&amp;_nc_ohc=Q4FgFG4iMBkAX8jUBg-&amp;_nc_oc=AQkNEhQ6z7AFOCpTqVSW3Ybant3dCMBnZ_-9uW_PZPExyLf5nn7r23ZOIGZ8DQbsZ9M&amp;_nc_ht=scontent-dfw5-2.cdninstagram.com&amp;edm=ANo9K5cEAAAA&amp;oh=00_AfB--WqjcfC_6id2G8wcHZ19gGrPp5-2dm6-Y_EiOCT2YQ&amp;oe=6543772E&quot;}\">\n\t\t\t<span class=\"sbi-screenreader\">Gibran Benitez, miembro de AMEJ, ser\u00e1 ponente en <\/span>\n\t\t\t<svg class=\"svg-inline--fa fa-clone fa-w-16 sbi_lightbox_carousel_icon\" aria-hidden=\"true\" aria-label=\"Clone\" data-fa-pro\u0192cessed=\"\" data-prefix=\"far\" data-icon=\"clone\" role=\"img\" xmlns=\"http:\/\/www.w3.org\/2000\/svg\" viewBox=\"0 0 512 512\">\n                    <path fill=\"currentColor\" d=\"M464 0H144c-26.51 0-48 21.49-48 48v48H48c-26.51 0-48 21.49-48 48v320c0 26.51 21.49 48 48 48h320c26.51 0 48-21.49 48-48v-48h48c26.51 0 48-21.49 48-48V48c0-26.51-21.49-48-48-48zM362 464H54a6 6 0 0 1-6-6V150a6 6 0 0 1 6-6h42v224c0 26.51 21.49 48 48 48h224v42a6 6 0 0 1-6 6zm96-96H150a6 6 0 0 1-6-6V54a6 6 0 0 1 6-6h308a6 6 0 0 1 6 6v308a6 6 0 0 1-6 6z\"><\/path>\n                <\/svg>\t\t\t\t\t\t<img decoding=\"async\" src=\"http:\/\/amej.org.mx\/home\/wp-content\/plugins\/instagram-feed\/img\/placeholder.png\" alt=\"Gibran Benitez, miembro de AMEJ, ser\u00e1 ponente en el &quot;Und\u00e9cimo Congreso de Seguridad de la Informaci\u00f3n 2023&quot; que tendr\u00e1 lugar los pr\u00f3ximos 5 y 6 de octubre.\n\nM\u00e1s informaci\u00f3n disponible en:\nhttps:\/\/congresoseguridad.mx\/\" aria-hidden=\"true\">\n\t\t<\/a>\n\t<\/div>\n<\/div><div class=\"sbi_item sbi_type_carousel sbi_new sbi_transition\"\n\tid=\"sbi_18003466310022577\" data-date=\"1695661207\">\n\t<div class=\"sbi_photo_wrap\">\n\t\t<a class=\"sbi_photo\" href=\"https:\/\/www.instagram.com\/p\/Cxn1Uytts3Y\/\" target=\"_blank\" rel=\"noopener nofollow\"\n\t\t\tdata-full-res=\"https:\/\/scontent-dfw5-2.cdninstagram.com\/v\/t39.30808-6\/381202614_600409045616798_3120825059170132155_n.jpg?_nc_cat=104&#038;ccb=1-7&#038;_nc_sid=c4dd86&#038;_nc_ohc=XCvri5IvXuQAX9eg2sj&#038;_nc_ht=scontent-dfw5-2.cdninstagram.com&#038;edm=ANo9K5cEAAAA&#038;oh=00_AfBjfHBIcojDcKfGPyCzKS7y1UPPCufqHttutvfxba9ysA&#038;oe=6542BAA1\"\n\t\t\tdata-img-src-set=\"{&quot;d&quot;:&quot;https:\\\/\\\/scontent-dfw5-2.cdninstagram.com\\\/v\\\/t39.30808-6\\\/381202614_600409045616798_3120825059170132155_n.jpg?_nc_cat=104&amp;ccb=1-7&amp;_nc_sid=c4dd86&amp;_nc_ohc=XCvri5IvXuQAX9eg2sj&amp;_nc_ht=scontent-dfw5-2.cdninstagram.com&amp;edm=ANo9K5cEAAAA&amp;oh=00_AfBjfHBIcojDcKfGPyCzKS7y1UPPCufqHttutvfxba9ysA&amp;oe=6542BAA1&quot;,&quot;150&quot;:&quot;https:\\\/\\\/scontent-dfw5-2.cdninstagram.com\\\/v\\\/t39.30808-6\\\/381202614_600409045616798_3120825059170132155_n.jpg?_nc_cat=104&amp;ccb=1-7&amp;_nc_sid=c4dd86&amp;_nc_ohc=XCvri5IvXuQAX9eg2sj&amp;_nc_ht=scontent-dfw5-2.cdninstagram.com&amp;edm=ANo9K5cEAAAA&amp;oh=00_AfBjfHBIcojDcKfGPyCzKS7y1UPPCufqHttutvfxba9ysA&amp;oe=6542BAA1&quot;,&quot;320&quot;:&quot;https:\\\/\\\/scontent-dfw5-2.cdninstagram.com\\\/v\\\/t39.30808-6\\\/381202614_600409045616798_3120825059170132155_n.jpg?_nc_cat=104&amp;ccb=1-7&amp;_nc_sid=c4dd86&amp;_nc_ohc=XCvri5IvXuQAX9eg2sj&amp;_nc_ht=scontent-dfw5-2.cdninstagram.com&amp;edm=ANo9K5cEAAAA&amp;oh=00_AfBjfHBIcojDcKfGPyCzKS7y1UPPCufqHttutvfxba9ysA&amp;oe=6542BAA1&quot;,&quot;640&quot;:&quot;https:\\\/\\\/scontent-dfw5-2.cdninstagram.com\\\/v\\\/t39.30808-6\\\/381202614_600409045616798_3120825059170132155_n.jpg?_nc_cat=104&amp;ccb=1-7&amp;_nc_sid=c4dd86&amp;_nc_ohc=XCvri5IvXuQAX9eg2sj&amp;_nc_ht=scontent-dfw5-2.cdninstagram.com&amp;edm=ANo9K5cEAAAA&amp;oh=00_AfBjfHBIcojDcKfGPyCzKS7y1UPPCufqHttutvfxba9ysA&amp;oe=6542BAA1&quot;}\">\n\t\t\t<span class=\"sbi-screenreader\">Les compartimos el evento de &quot;Negocios entre M\u00e9xi<\/span>\n\t\t\t<svg class=\"svg-inline--fa fa-clone fa-w-16 sbi_lightbox_carousel_icon\" aria-hidden=\"true\" aria-label=\"Clone\" data-fa-pro\u0192cessed=\"\" data-prefix=\"far\" data-icon=\"clone\" role=\"img\" xmlns=\"http:\/\/www.w3.org\/2000\/svg\" viewBox=\"0 0 512 512\">\n                    <path fill=\"currentColor\" d=\"M464 0H144c-26.51 0-48 21.49-48 48v48H48c-26.51 0-48 21.49-48 48v320c0 26.51 21.49 48 48 48h320c26.51 0 48-21.49 48-48v-48h48c26.51 0 48-21.49 48-48V48c0-26.51-21.49-48-48-48zM362 464H54a6 6 0 0 1-6-6V150a6 6 0 0 1 6-6h42v224c0 26.51 21.49 48 48 48h224v42a6 6 0 0 1-6 6zm96-96H150a6 6 0 0 1-6-6V54a6 6 0 0 1 6-6h308a6 6 0 0 1 6 6v308a6 6 0 0 1-6 6z\"><\/path>\n                <\/svg>\t\t\t\t\t\t<img decoding=\"async\" src=\"http:\/\/amej.org.mx\/home\/wp-content\/plugins\/instagram-feed\/img\/placeholder.png\" alt=\"Les compartimos el evento de &quot;Negocios entre M\u00e9xico y Jap\u00f3n&quot;, organizado por ASENIM que tendr\u00e1 lugar el pr\u00f3ximo 30 de septiembre. \n\nPara mayor informaci\u00f3n visita: https:\/\/www.facebook.com\/jicamexico\/posts\/690777949760906\n\n#amej #lazosmexicojapon\" aria-hidden=\"true\">\n\t\t<\/a>\n\t<\/div>\n<\/div><div class=\"sbi_item sbi_type_carousel sbi_new sbi_transition\"\n\tid=\"sbi_18101047093342802\" data-date=\"1695402014\">\n\t<div class=\"sbi_photo_wrap\">\n\t\t<a class=\"sbi_photo\" href=\"https:\/\/www.instagram.com\/p\/CxgG9AEOOVw\/\" target=\"_blank\" rel=\"noopener nofollow\"\n\t\t\tdata-full-res=\"https:\/\/scontent-dfw5-2.cdninstagram.com\/v\/t39.30808-6\/382060736_600461795611523_6002077516732982556_n.jpg?_nc_cat=103&#038;ccb=1-7&#038;_nc_sid=c4dd86&#038;_nc_ohc=RbfIIrsKfNcAX_Bhfyk&#038;_nc_oc=AQmWdUE40ha-2BGQdPqkrBjWuy_5Dsh2neJm8MXgYqUQSxMInI-tfZF1orDljxzJvJM&#038;_nc_ht=scontent-dfw5-2.cdninstagram.com&#038;edm=ANo9K5cEAAAA&#038;oh=00_AfBwUgYrF1pYxSSCcldA2mumkvVEE4wf2cSGn8aKQGFNIw&#038;oe=654358F0\"\n\t\t\tdata-img-src-set=\"{&quot;d&quot;:&quot;https:\\\/\\\/scontent-dfw5-2.cdninstagram.com\\\/v\\\/t39.30808-6\\\/382060736_600461795611523_6002077516732982556_n.jpg?_nc_cat=103&amp;ccb=1-7&amp;_nc_sid=c4dd86&amp;_nc_ohc=RbfIIrsKfNcAX_Bhfyk&amp;_nc_oc=AQmWdUE40ha-2BGQdPqkrBjWuy_5Dsh2neJm8MXgYqUQSxMInI-tfZF1orDljxzJvJM&amp;_nc_ht=scontent-dfw5-2.cdninstagram.com&amp;edm=ANo9K5cEAAAA&amp;oh=00_AfBwUgYrF1pYxSSCcldA2mumkvVEE4wf2cSGn8aKQGFNIw&amp;oe=654358F0&quot;,&quot;150&quot;:&quot;https:\\\/\\\/scontent-dfw5-2.cdninstagram.com\\\/v\\\/t39.30808-6\\\/382060736_600461795611523_6002077516732982556_n.jpg?_nc_cat=103&amp;ccb=1-7&amp;_nc_sid=c4dd86&amp;_nc_ohc=RbfIIrsKfNcAX_Bhfyk&amp;_nc_oc=AQmWdUE40ha-2BGQdPqkrBjWuy_5Dsh2neJm8MXgYqUQSxMInI-tfZF1orDljxzJvJM&amp;_nc_ht=scontent-dfw5-2.cdninstagram.com&amp;edm=ANo9K5cEAAAA&amp;oh=00_AfBwUgYrF1pYxSSCcldA2mumkvVEE4wf2cSGn8aKQGFNIw&amp;oe=654358F0&quot;,&quot;320&quot;:&quot;https:\\\/\\\/scontent-dfw5-2.cdninstagram.com\\\/v\\\/t39.30808-6\\\/382060736_600461795611523_6002077516732982556_n.jpg?_nc_cat=103&amp;ccb=1-7&amp;_nc_sid=c4dd86&amp;_nc_ohc=RbfIIrsKfNcAX_Bhfyk&amp;_nc_oc=AQmWdUE40ha-2BGQdPqkrBjWuy_5Dsh2neJm8MXgYqUQSxMInI-tfZF1orDljxzJvJM&amp;_nc_ht=scontent-dfw5-2.cdninstagram.com&amp;edm=ANo9K5cEAAAA&amp;oh=00_AfBwUgYrF1pYxSSCcldA2mumkvVEE4wf2cSGn8aKQGFNIw&amp;oe=654358F0&quot;,&quot;640&quot;:&quot;https:\\\/\\\/scontent-dfw5-2.cdninstagram.com\\\/v\\\/t39.30808-6\\\/382060736_600461795611523_6002077516732982556_n.jpg?_nc_cat=103&amp;ccb=1-7&amp;_nc_sid=c4dd86&amp;_nc_ohc=RbfIIrsKfNcAX_Bhfyk&amp;_nc_oc=AQmWdUE40ha-2BGQdPqkrBjWuy_5Dsh2neJm8MXgYqUQSxMInI-tfZF1orDljxzJvJM&amp;_nc_ht=scontent-dfw5-2.cdninstagram.com&amp;edm=ANo9K5cEAAAA&amp;oh=00_AfBwUgYrF1pYxSSCcldA2mumkvVEE4wf2cSGn8aKQGFNIw&amp;oe=654358F0&quot;}\">\n\t\t\t<span class=\"sbi-screenreader\">El 20 de septiembre, en coordinaci\u00f3n con PICUDA (<\/span>\n\t\t\t<svg class=\"svg-inline--fa fa-clone fa-w-16 sbi_lightbox_carousel_icon\" aria-hidden=\"true\" aria-label=\"Clone\" data-fa-pro\u0192cessed=\"\" data-prefix=\"far\" data-icon=\"clone\" role=\"img\" xmlns=\"http:\/\/www.w3.org\/2000\/svg\" viewBox=\"0 0 512 512\">\n                    <path fill=\"currentColor\" d=\"M464 0H144c-26.51 0-48 21.49-48 48v48H48c-26.51 0-48 21.49-48 48v320c0 26.51 21.49 48 48 48h320c26.51 0 48-21.49 48-48v-48h48c26.51 0 48-21.49 48-48V48c0-26.51-21.49-48-48-48zM362 464H54a6 6 0 0 1-6-6V150a6 6 0 0 1 6-6h42v224c0 26.51 21.49 48 48 48h224v42a6 6 0 0 1-6 6zm96-96H150a6 6 0 0 1-6-6V54a6 6 0 0 1 6-6h308a6 6 0 0 1 6 6v308a6 6 0 0 1-6 6z\"><\/path>\n                <\/svg>\t\t\t\t\t\t<img decoding=\"async\" src=\"http:\/\/amej.org.mx\/home\/wp-content\/plugins\/instagram-feed\/img\/placeholder.png\" alt=\"El 20 de septiembre, en coordinaci\u00f3n con PICUDA (Pr\u00e1cticas Internacionales Conservaci\u00f3n, Urbanismo, Dise\u00f1o, Arte y Arquitectura) y ADEMON (Asociaci\u00f3n Dominicana de Exbecarios de Monbukagakusho), la AMEJ organiz\u00f3 por primera vez un evento presencial colaborativo con el evento \u201cForo de L\u00edderes Jap\u00f3n-Latinoam\u00e9rica&quot;. Este evento fue parte del congreso internacional &quot;Disruptive Thinking&quot;. En este panel -que se realiz\u00f3 en el auditorio Manuel Cabral de la Universidad Aut\u00f3noma de Santo Domingo- se presentaron las experiencias de los exbecarios de M\u00e9xico y Rep\u00fablica Dominicana: Dr. Mart\u00edn G\u00f3mez-Tagle (AMEJ), Mtra. Maria Eugenia Fa\u00f1a Villar (ADEMON), y Dr. Jes\u00fas D\u2019Alessandro (ADEMON).\nEl evento cont\u00f3 con la presencia de la Embajada del Jap\u00f3n en la Rep\u00fablica Dominicana - \u5728\u30c9\u30df\u30cb\u30ab\u5171\u548c\u56fd\u65e5\u672c\u56fd\u5927\u4f7f\u9928 , con el Excmo. Embajador, Sr. Masahiro Takagi y el Primer Secretario, Sr. Keigo Yamamoto; as\u00ed como con miembros de ADEMON: Genaro Reynosa, Presidente, y Modesto Cruz , Secretario. Destacan los miembros de AMEJ, Katia Cervantes, Presidenta; Mart\u00edn G\u00f3mez-Tagle, Coordinador de Arquitectura y Director de PICUDA; as\u00ed como Lucero Reyes, miembro de la AMEJ en regi\u00f3n Baj\u00edo, por su participaci\u00f3n como comit\u00e9 organizador.\nLa AMEJ hizo entrega de obsequios para el embajador Takagi, el presidente de ADEMON Genaro Reynosa, secretario Modesto Cruz, as\u00ed como dulces mexicanos para toda la audiencia.\nEl evento concluy\u00f3 con una presentaci\u00f3n art\u00edstica de danza tradicional dominicana. Adem\u00e1s, los participantes de la AMEJ y ADEMON se reunieron en dos ocasiones para cenar y hacer crecer los lazos entre las asociaciones. En las cenas tambi\u00e9n participaron el Primer Secretario de la Embajada, Sr. Yamamoto y el renombrado arquitecto japon\u00e9s Sou Fujimoto , quien fue ponente magistral durante el congreso.\n\n#amej #lazosmexicojapon\" aria-hidden=\"true\">\n\t\t<\/a>\n\t<\/div>\n<\/div><div class=\"sbi_item sbi_type_carousel sbi_new sbi_transition\"\n\tid=\"sbi_18195261904262904\" data-date=\"1695315606\">\n\t<div class=\"sbi_photo_wrap\">\n\t\t<a class=\"sbi_photo\" href=\"https:\/\/www.instagram.com\/p\/CxdiJK4PSap\/\" target=\"_blank\" rel=\"noopener nofollow\"\n\t\t\tdata-full-res=\"https:\/\/scontent-dfw5-2.cdninstagram.com\/v\/t39.30808-6\/380932252_600336505624052_8102246334281067755_n.jpg?_nc_cat=111&#038;ccb=1-7&#038;_nc_sid=c4dd86&#038;_nc_ohc=2I3RJC_wf64AX_0_KSF&#038;_nc_ht=scontent-dfw5-2.cdninstagram.com&#038;edm=ANo9K5cEAAAA&#038;oh=00_AfB3eMRVXOWL2UVY8tzS4d7iwXSeSD_YZh8pgmY6-9pXug&#038;oe=6542FDAB\"\n\t\t\tdata-img-src-set=\"{&quot;d&quot;:&quot;https:\\\/\\\/scontent-dfw5-2.cdninstagram.com\\\/v\\\/t39.30808-6\\\/380932252_600336505624052_8102246334281067755_n.jpg?_nc_cat=111&amp;ccb=1-7&amp;_nc_sid=c4dd86&amp;_nc_ohc=2I3RJC_wf64AX_0_KSF&amp;_nc_ht=scontent-dfw5-2.cdninstagram.com&amp;edm=ANo9K5cEAAAA&amp;oh=00_AfB3eMRVXOWL2UVY8tzS4d7iwXSeSD_YZh8pgmY6-9pXug&amp;oe=6542FDAB&quot;,&quot;150&quot;:&quot;https:\\\/\\\/scontent-dfw5-2.cdninstagram.com\\\/v\\\/t39.30808-6\\\/380932252_600336505624052_8102246334281067755_n.jpg?_nc_cat=111&amp;ccb=1-7&amp;_nc_sid=c4dd86&amp;_nc_ohc=2I3RJC_wf64AX_0_KSF&amp;_nc_ht=scontent-dfw5-2.cdninstagram.com&amp;edm=ANo9K5cEAAAA&amp;oh=00_AfB3eMRVXOWL2UVY8tzS4d7iwXSeSD_YZh8pgmY6-9pXug&amp;oe=6542FDAB&quot;,&quot;320&quot;:&quot;https:\\\/\\\/scontent-dfw5-2.cdninstagram.com\\\/v\\\/t39.30808-6\\\/380932252_600336505624052_8102246334281067755_n.jpg?_nc_cat=111&amp;ccb=1-7&amp;_nc_sid=c4dd86&amp;_nc_ohc=2I3RJC_wf64AX_0_KSF&amp;_nc_ht=scontent-dfw5-2.cdninstagram.com&amp;edm=ANo9K5cEAAAA&amp;oh=00_AfB3eMRVXOWL2UVY8tzS4d7iwXSeSD_YZh8pgmY6-9pXug&amp;oe=6542FDAB&quot;,&quot;640&quot;:&quot;https:\\\/\\\/scontent-dfw5-2.cdninstagram.com\\\/v\\\/t39.30808-6\\\/380932252_600336505624052_8102246334281067755_n.jpg?_nc_cat=111&amp;ccb=1-7&amp;_nc_sid=c4dd86&amp;_nc_ohc=2I3RJC_wf64AX_0_KSF&amp;_nc_ht=scontent-dfw5-2.cdninstagram.com&amp;edm=ANo9K5cEAAAA&amp;oh=00_AfB3eMRVXOWL2UVY8tzS4d7iwXSeSD_YZh8pgmY6-9pXug&amp;oe=6542FDAB&quot;}\">\n\t\t\t<span class=\"sbi-screenreader\">Nos complace compartirles el no. 54 de la revista <\/span>\n\t\t\t<svg class=\"svg-inline--fa fa-clone fa-w-16 sbi_lightbox_carousel_icon\" aria-hidden=\"true\" aria-label=\"Clone\" data-fa-pro\u0192cessed=\"\" data-prefix=\"far\" data-icon=\"clone\" role=\"img\" xmlns=\"http:\/\/www.w3.org\/2000\/svg\" viewBox=\"0 0 512 512\">\n                    <path fill=\"currentColor\" d=\"M464 0H144c-26.51 0-48 21.49-48 48v48H48c-26.51 0-48 21.49-48 48v320c0 26.51 21.49 48 48 48h320c26.51 0 48-21.49 48-48v-48h48c26.51 0 48-21.49 48-48V48c0-26.51-21.49-48-48-48zM362 464H54a6 6 0 0 1-6-6V150a6 6 0 0 1 6-6h42v224c0 26.51 21.49 48 48 48h224v42a6 6 0 0 1-6 6zm96-96H150a6 6 0 0 1-6-6V54a6 6 0 0 1 6-6h308a6 6 0 0 1 6 6v308a6 6 0 0 1-6 6z\"><\/path>\n                <\/svg>\t\t\t\t\t\t<img decoding=\"async\" src=\"http:\/\/amej.org.mx\/home\/wp-content\/plugins\/instagram-feed\/img\/placeholder.png\" alt=\"Nos complace compartirles el no. 54 de la revista &quot;Trascendere Perezmora&quot;. En este n\u00famero, Carlos Naranjo, miembro de la AMEJ, colabor\u00f3 con el art\u00edculo &quot;Inversiones japonesas en M\u00e9xico; oportunidades para Oaxaca&quot;. \u00a1Los invitamos a que lo lean en el siguiente link!\n\nhttps:\/\/drive.google.com\/file\/d\/1tKhZ6TfzgElZosP9oz60HxvezJR2dw-D\/view?fbclid=IwAR0xKpuPy9FmAFDXBequHGESWYoHBzam8_VjFpdz3SjsaGFsG-8Pf9ddjpQ\n\n#AMEJ #lazosmexicojapon\" aria-hidden=\"true\">\n\t\t<\/a>\n\t<\/div>\n<\/div><div class=\"sbi_item sbi_type_carousel sbi_new sbi_transition\"\n\tid=\"sbi_18012384646895528\" data-date=\"1695229209\">\n\t<div class=\"sbi_photo_wrap\">\n\t\t<a class=\"sbi_photo\" href=\"https:\/\/www.instagram.com\/p\/Cxa9Wp-Jz1b\/\" target=\"_blank\" rel=\"noopener nofollow\"\n\t\t\tdata-full-res=\"https:\/\/scontent-dfw5-2.cdninstagram.com\/v\/t39.30808-6\/378868222_598883952435974_686351331306921378_n.jpg?_nc_cat=106&#038;ccb=1-7&#038;_nc_sid=c4dd86&#038;_nc_ohc=T8Z98a_JYKgAX_E0BiO&#038;_nc_ht=scontent-dfw5-2.cdninstagram.com&#038;edm=ANo9K5cEAAAA&#038;oh=00_AfAvyLkjss81iaUn5eHfC8oId26WIlmMp9eajW21CGg-0g&#038;oe=6542DA76\"\n\t\t\tdata-img-src-set=\"{&quot;d&quot;:&quot;https:\\\/\\\/scontent-dfw5-2.cdninstagram.com\\\/v\\\/t39.30808-6\\\/378868222_598883952435974_686351331306921378_n.jpg?_nc_cat=106&amp;ccb=1-7&amp;_nc_sid=c4dd86&amp;_nc_ohc=T8Z98a_JYKgAX_E0BiO&amp;_nc_ht=scontent-dfw5-2.cdninstagram.com&amp;edm=ANo9K5cEAAAA&amp;oh=00_AfAvyLkjss81iaUn5eHfC8oId26WIlmMp9eajW21CGg-0g&amp;oe=6542DA76&quot;,&quot;150&quot;:&quot;https:\\\/\\\/scontent-dfw5-2.cdninstagram.com\\\/v\\\/t39.30808-6\\\/378868222_598883952435974_686351331306921378_n.jpg?_nc_cat=106&amp;ccb=1-7&amp;_nc_sid=c4dd86&amp;_nc_ohc=T8Z98a_JYKgAX_E0BiO&amp;_nc_ht=scontent-dfw5-2.cdninstagram.com&amp;edm=ANo9K5cEAAAA&amp;oh=00_AfAvyLkjss81iaUn5eHfC8oId26WIlmMp9eajW21CGg-0g&amp;oe=6542DA76&quot;,&quot;320&quot;:&quot;https:\\\/\\\/scontent-dfw5-2.cdninstagram.com\\\/v\\\/t39.30808-6\\\/378868222_598883952435974_686351331306921378_n.jpg?_nc_cat=106&amp;ccb=1-7&amp;_nc_sid=c4dd86&amp;_nc_ohc=T8Z98a_JYKgAX_E0BiO&amp;_nc_ht=scontent-dfw5-2.cdninstagram.com&amp;edm=ANo9K5cEAAAA&amp;oh=00_AfAvyLkjss81iaUn5eHfC8oId26WIlmMp9eajW21CGg-0g&amp;oe=6542DA76&quot;,&quot;640&quot;:&quot;https:\\\/\\\/scontent-dfw5-2.cdninstagram.com\\\/v\\\/t39.30808-6\\\/378868222_598883952435974_686351331306921378_n.jpg?_nc_cat=106&amp;ccb=1-7&amp;_nc_sid=c4dd86&amp;_nc_ohc=T8Z98a_JYKgAX_E0BiO&amp;_nc_ht=scontent-dfw5-2.cdninstagram.com&amp;edm=ANo9K5cEAAAA&amp;oh=00_AfAvyLkjss81iaUn5eHfC8oId26WIlmMp9eajW21CGg-0g&amp;oe=6542DA76&quot;}\">\n\t\t\t<span class=\"sbi-screenreader\">AMEJ, en colaboraci\u00f3n con ADEMON (Asociaci\u00f3n Dom<\/span>\n\t\t\t<svg class=\"svg-inline--fa fa-clone fa-w-16 sbi_lightbox_carousel_icon\" aria-hidden=\"true\" aria-label=\"Clone\" data-fa-pro\u0192cessed=\"\" data-prefix=\"far\" data-icon=\"clone\" role=\"img\" xmlns=\"http:\/\/www.w3.org\/2000\/svg\" viewBox=\"0 0 512 512\">\n                    <path fill=\"currentColor\" d=\"M464 0H144c-26.51 0-48 21.49-48 48v48H48c-26.51 0-48 21.49-48 48v320c0 26.51 21.49 48 48 48h320c26.51 0 48-21.49 48-48v-48h48c26.51 0 48-21.49 48-48V48c0-26.51-21.49-48-48-48zM362 464H54a6 6 0 0 1-6-6V150a6 6 0 0 1 6-6h42v224c0 26.51 21.49 48 48 48h224v42a6 6 0 0 1-6 6zm96-96H150a6 6 0 0 1-6-6V54a6 6 0 0 1 6-6h308a6 6 0 0 1 6 6v308a6 6 0 0 1-6 6z\"><\/path>\n                <\/svg>\t\t\t\t\t\t<img decoding=\"async\" src=\"http:\/\/amej.org.mx\/home\/wp-content\/plugins\/instagram-feed\/img\/placeholder.png\" alt=\"AMEJ, en colaboraci\u00f3n con ADEMON (Asociaci\u00f3n Dominicana de Exbecarios de Monbukagakusho) y PICUDA, est\u00e1 presente el d\u00eda de hoy en el Foro de L\u00edderes Jap\u00f3n-Latinoam\u00e9rica.\n\nEl evento tendr\u00e1 lugar en el Auditorio Manuel Cabral de la Universidad Aut\u00f3noma de Santo Domingo, a las 18 horas; y es parte del congreso internacional &quot;Disruptive Thinking&quot;, Santo Domingo, Rep\u00fablica Dominicana.\n\n#amej #lazosmexicojapon\" aria-hidden=\"true\">\n\t\t<\/a>\n\t<\/div>\n<\/div>\t<\/div>\n\n\t<div id=\"sbi_load\" >\n\n\t\t\t<button class=\"sbi_load_btn\"\n\t\t\ttype=\"button\" >\n\t\t\t<span class=\"sbi_btn_text\" >Cargar m\u00e1s...<\/span>\n\t\t\t<span class=\"sbi_loader sbi_hidden\" style=\"background-color: rgb(255, 255, 255);\" aria-hidden=\"true\"><\/span>\n\t\t<\/button>\n\t\n\t\t\t<span class=\"sbi_follow_btn\" >\n\t\t\t<a target=\"_blank\"\n\t\t\t\trel=\"nofollow noopener\"  href=\"https:\/\/www.instagram.com\/amej.mx\/\">\n\t\t\t\t<svg class=\"svg-inline--fa fa-instagram fa-w-14\" aria-hidden=\"true\" data-fa-processed=\"\" aria-label=\"Instagram\" data-prefix=\"fab\" data-icon=\"instagram\" role=\"img\" viewBox=\"0 0 448 512\">\n                    <path fill=\"currentColor\" d=\"M224.1 141c-63.6 0-114.9 51.3-114.9 114.9s51.3 114.9 114.9 114.9S339 319.5 339 255.9 287.7 141 224.1 141zm0 189.6c-41.1 0-74.7-33.5-74.7-74.7s33.5-74.7 74.7-74.7 74.7 33.5 74.7 74.7-33.6 74.7-74.7 74.7zm146.4-194.3c0 14.9-12 26.8-26.8 26.8-14.9 0-26.8-12-26.8-26.8s12-26.8 26.8-26.8 26.8 12 26.8 26.8zm76.1 27.2c-1.7-35.9-9.9-67.7-36.2-93.9-26.2-26.2-58-34.4-93.9-36.2-37-2.1-147.9-2.1-184.9 0-35.8 1.7-67.6 9.9-93.9 36.1s-34.4 58-36.2 93.9c-2.1 37-2.1 147.9 0 184.9 1.7 35.9 9.9 67.7 36.2 93.9s58 34.4 93.9 36.2c37 2.1 147.9 2.1 184.9 0 35.9-1.7 67.7-9.9 93.9-36.2 26.2-26.2 34.4-58 36.2-93.9 2.1-37 2.1-147.8 0-184.8zM398.8 388c-7.8 19.6-22.9 34.7-42.6 42.6-29.5 11.7-99.5 9-132.1 9s-102.7 2.6-132.1-9c-19.6-7.8-34.7-22.9-42.6-42.6-11.7-29.5-9-99.5-9-132.1s-2.6-102.7 9-132.1c7.8-19.6 22.9-34.7 42.6-42.6 29.5-11.7 99.5-9 132.1-9s102.7-2.6 132.1 9c19.6 7.8 34.7 22.9 42.6 42.6 11.7 29.5 9 99.5 9 132.1s2.7 102.7-9 132.1z\"><\/path>\n                <\/svg>\t\t\t\t<span>S\u00edguenos en Instagram<\/span>\n\t\t\t<\/a>\n\t\t<\/span>\n\t\n<\/div>\n\t\t<span class=\"sbi_resized_image_data\" data-feed-id=\"*1\"\n\t\t  data-resized=\"{&quot;18012384646895528&quot;:{&quot;id&quot;:&quot;378868222_598883952435974_686351331306921378_n&quot;,&quot;ratio&quot;:&quot;1.00&quot;,&quot;sizes&quot;:{&quot;full&quot;:640,&quot;low&quot;:320,&quot;thumb&quot;:150}},&quot;18195261904262904&quot;:{&quot;id&quot;:&quot;380932252_600336505624052_8102246334281067755_n&quot;,&quot;ratio&quot;:&quot;1.00&quot;,&quot;sizes&quot;:{&quot;full&quot;:640,&quot;low&quot;:320,&quot;thumb&quot;:150}},&quot;18101047093342802&quot;:{&quot;id&quot;:&quot;382060736_600461795611523_6002077516732982556_n&quot;,&quot;ratio&quot;:&quot;1.00&quot;,&quot;sizes&quot;:{&quot;full&quot;:640,&quot;low&quot;:320,&quot;thumb&quot;:150}},&quot;18003466310022577&quot;:{&quot;id&quot;:&quot;381202614_600409045616798_3120825059170132155_n&quot;,&quot;ratio&quot;:&quot;0.80&quot;,&quot;sizes&quot;:{&quot;full&quot;:640,&quot;low&quot;:320,&quot;thumb&quot;:150}},&quot;18101873062344120&quot;:{&quot;id&quot;:&quot;383370740_603189372005432_5309556729646043270_n&quot;,&quot;ratio&quot;:&quot;1.00&quot;,&quot;sizes&quot;:{&quot;full&quot;:640,&quot;low&quot;:320,&quot;thumb&quot;:150}},&quot;17992360556081262&quot;:{&quot;id&quot;:&quot;383076536_603256141998755_5188521127643692773_n&quot;,&quot;ratio&quot;:&quot;0.96&quot;,&quot;sizes&quot;:{&quot;full&quot;:640,&quot;low&quot;:320,&quot;thumb&quot;:150}},&quot;18012294277749905&quot;:{&quot;id&quot;:&quot;384766695_604014131922956_3114787454714242506_n&quot;,&quot;ratio&quot;:&quot;0.80&quot;,&quot;sizes&quot;:{&quot;full&quot;:640,&quot;low&quot;:320,&quot;thumb&quot;:150}},&quot;18038741491554729&quot;:{&quot;id&quot;:&quot;384785763_604022208588815_1158391480212904837_n&quot;,&quot;ratio&quot;:&quot;1.00&quot;,&quot;sizes&quot;:{&quot;full&quot;:640,&quot;low&quot;:320,&quot;thumb&quot;:150}},&quot;17959765358645093&quot;:{&quot;id&quot;:&quot;384309403_604017098589326_4949672957389263619_n&quot;,&quot;ratio&quot;:&quot;1.00&quot;,&quot;sizes&quot;:{&quot;full&quot;:640,&quot;low&quot;:320,&quot;thumb&quot;:150}},&quot;18020346013661024&quot;:{&quot;id&quot;:&quot;384992847_604759488515087_4898712846600154204_n&quot;,&quot;ratio&quot;:&quot;1.08&quot;,&quot;sizes&quot;:{&quot;full&quot;:640,&quot;low&quot;:320,&quot;thumb&quot;:150}},&quot;17971978526429074&quot;:{&quot;id&quot;:&quot;378391553_606938411630528_8626401926236638190_n&quot;,&quot;ratio&quot;:&quot;1.00&quot;,&quot;sizes&quot;:{&quot;full&quot;:640,&quot;low&quot;:320,&quot;thumb&quot;:150}},&quot;18022962901737326&quot;:{&quot;id&quot;:&quot;385441741_632524279058553_6392042955915493062_n.heic&quot;,&quot;ratio&quot;:&quot;1.78&quot;,&quot;sizes&quot;:{&quot;full&quot;:640,&quot;low&quot;:320,&quot;thumb&quot;:150}},&quot;18001348256316012&quot;:{&quot;id&quot;:&quot;387166844_608783398112696_9150548409766386864_n&quot;,&quot;ratio&quot;:&quot;0.80&quot;,&quot;sizes&quot;:{&quot;full&quot;:640,&quot;low&quot;:320,&quot;thumb&quot;:150}},&quot;17895704669899610&quot;:{&quot;id&quot;:&quot;387793241_610564971267872_1202059199537508957_n&quot;,&quot;ratio&quot;:&quot;1.34&quot;,&quot;sizes&quot;:{&quot;full&quot;:640,&quot;low&quot;:320,&quot;thumb&quot;:150}},&quot;18116430868325259&quot;:{&quot;id&quot;:&quot;391511869_611159994541703_2963789625005557198_n&quot;,&quot;ratio&quot;:&quot;0.88&quot;,&quot;sizes&quot;:{&quot;full&quot;:640,&quot;low&quot;:320,&quot;thumb&quot;:150}},&quot;17889625187851899&quot;:{&quot;id&quot;:&quot;391716531_611171247873911_2735747264761144598_n&quot;,&quot;ratio&quot;:&quot;1.00&quot;,&quot;sizes&quot;:{&quot;full&quot;:640,&quot;low&quot;:320,&quot;thumb&quot;:150}},&quot;17876739992915476&quot;:{&quot;id&quot;:&quot;391685364_611177404539962_2170564428366080032_n&quot;,&quot;ratio&quot;:&quot;1.00&quot;,&quot;sizes&quot;:{&quot;full&quot;:640,&quot;low&quot;:320,&quot;thumb&quot;:150}},&quot;17979871832333902&quot;:{&quot;id&quot;:&quot;393625993_614031497587886_1764164915873020353_n&quot;,&quot;ratio&quot;:&quot;1.00&quot;,&quot;sizes&quot;:{&quot;full&quot;:640,&quot;low&quot;:320,&quot;thumb&quot;:150}},&quot;17913769568817366&quot;:{&quot;id&quot;:&quot;393681311_614576010866768_4714132976470370311_n&quot;,&quot;ratio&quot;:&quot;0.92&quot;,&quot;sizes&quot;:{&quot;full&quot;:640,&quot;low&quot;:320,&quot;thumb&quot;:150}},&quot;18021012271814986&quot;:{&quot;id&quot;:&quot;391620673_614579034199799_3407034667180355171_n&quot;,&quot;ratio&quot;:&quot;1.00&quot;,&quot;sizes&quot;:{&quot;full&quot;:640,&quot;low&quot;:320,&quot;thumb&quot;:150}}}\">\n\t<\/span>\n\t<\/div>\n\n<\/div>\n\t\t\t\t\t\t<\/div>\n\t\t\t\t<\/div>\n\t\t\t\t\t<\/div>\n\t\t<\/div>\n\t\t\t\t\t<\/div>\n\t\t<\/section>\n\t\t\t\t<section class=\"elementor-section elementor-top-section elementor-element elementor-element-330897c elementor-section-boxed elementor-section-height-default elementor-section-height-default\" data-id=\"330897c\" data-element_type=\"section\">\n\t\t\t\t\t\t<div class=\"elementor-container elementor-column-gap-default\">\n\t\t\t\t\t<div class=\"elementor-column elementor-col-100 elementor-top-column elementor-element elementor-element-b161410\" data-id=\"b161410\" data-element_type=\"column\">\n\t\t\t<div class=\"elementor-widget-wrap\">\n\t\t\t\t\t\t\t<\/div>\n\t\t<\/div>\n\t\t\t\t\t<\/div>\n\t\t<\/section>\n\t\t\t\t<\/div>\n\t\t","protected":false},"excerpt":{"rendered":"<p>La Asociaci\u00f3n Mexicana de Exbecarios del Jap\u00f3n, A.C. (AMEJ) fue creada por iniciativa del Gobierno Japon\u00e9s, quien expres\u00f3 la importancia de que los beneficiarios de las becas del Ministerio de Educaci\u00f3n, Deporte, Ciencia y Tecnolog\u00eda del Jap\u00f3n, tuvieran una Asociaci\u00f3n de Exbecarios, como ya ocurr\u00eda con otros organismos de origen japon\u00e9s o en otros pa\u00edses&#8230;.<\/p>\n","protected":false},"author":3,"featured_media":0,"parent":0,"menu_order":0,"comment_status":"closed","ping_status":"closed","template":"elementor_theme","meta":{"footnotes":""},"class_list":["post-51","page","type-page","status-publish","hentry"],"_links":{"self":[{"href":"http:\/\/amej.org.mx\/home\/wp-json\/wp\/v2\/pages\/51","targetHints":{"allow":["GET"]}}],"collection":[{"href":"http:\/\/amej.org.mx\/home\/wp-json\/wp\/v2\/pages"}],"about":[{"href":"http:\/\/amej.org.mx\/home\/wp-json\/wp\/v2\/types\/page"}],"author":[{"embeddable":true,"href":"http:\/\/amej.org.mx\/home\/wp-json\/wp\/v2\/users\/3"}],"replies":[{"embeddable":true,"href":"http:\/\/amej.org.mx\/home\/wp-json\/wp\/v2\/comments?post=51"}],"version-history":[{"count":155,"href":"http:\/\/amej.org.mx\/home\/wp-json\/wp\/v2\/pages\/51\/revisions"}],"predecessor-version":[{"id":1273,"href":"http:\/\/amej.org.mx\/home\/wp-json\/wp\/v2\/pages\/51\/revisions\/1273"}],"wp:attachment":[{"href":"http:\/\/amej.org.mx\/home\/wp-json\/wp\/v2\/media?parent=51"}],"curies":[{"name":"wp","href":"https:\/\/api.w.org\/{rel}","templated":true}]}}