{"id":923,"date":"2021-04-02T00:11:10","date_gmt":"2021-04-02T00:11:10","guid":{"rendered":"http:\/\/amej.org.mx\/home\/?page_id=923"},"modified":"2021-04-19T21:03:15","modified_gmt":"2021-04-19T21:03:15","slug":"quienes-somos-2","status":"publish","type":"page","link":"http:\/\/amej.org.mx\/home\/quienes-somos-2\/","title":{"rendered":"\u00bfQui\u00e9nes somos?"},"content":{"rendered":"\t\t<div data-elementor-type=\"wp-page\" data-elementor-id=\"923\" class=\"elementor elementor-923\">\n\t\t\t\t\t\t<section class=\"elementor-section elementor-top-section elementor-element elementor-element-a46254e elementor-section-full_width elementor-section-height-default elementor-section-height-default\" data-id=\"a46254e\" data-element_type=\"section\">\n\t\t\t\t\t\t<div class=\"elementor-container elementor-column-gap-no\">\n\t\t\t\t\t<div class=\"elementor-column elementor-col-100 elementor-top-column elementor-element elementor-element-ef22e8f\" data-id=\"ef22e8f\" data-element_type=\"column\">\n\t\t\t<div class=\"elementor-widget-wrap elementor-element-populated\">\n\t\t\t\t\t\t<div class=\"elementor-element elementor-element-19edcbe banner-img elementor-widget__width-inherit elementor-widget elementor-widget-image\" data-id=\"19edcbe\" data-element_type=\"widget\" data-widget_type=\"image.default\">\n\t\t\t\t<div class=\"elementor-widget-container\">\n\t\t\t\t\t\t\t\t\t\t\t\t\t\t\t<img fetchpriority=\"high\" decoding=\"async\" width=\"1528\" height=\"1047\" src=\"http:\/\/amej.org.mx\/home\/wp-content\/uploads\/2021\/04\/010-Shinnenkai0001-copy.jpg\" class=\"attachment-full size-full wp-image-972\" alt=\"\" srcset=\"http:\/\/amej.org.mx\/home\/wp-content\/uploads\/2021\/04\/010-Shinnenkai0001-copy.jpg 1528w, http:\/\/amej.org.mx\/home\/wp-content\/uploads\/2021\/04\/010-Shinnenkai0001-copy-300x206.jpg 300w, http:\/\/amej.org.mx\/home\/wp-content\/uploads\/2021\/04\/010-Shinnenkai0001-copy-1024x702.jpg 1024w, http:\/\/amej.org.mx\/home\/wp-content\/uploads\/2021\/04\/010-Shinnenkai0001-copy-768x526.jpg 768w, http:\/\/amej.org.mx\/home\/wp-content\/uploads\/2021\/04\/010-Shinnenkai0001-copy-850x582.jpg 850w\" sizes=\"(max-width: 1528px) 100vw, 1528px\" \/>\t\t\t\t\t\t\t\t\t\t\t\t\t\t\t<\/div>\n\t\t\t\t<\/div>\n\t\t\t\t\t<\/div>\n\t\t<\/div>\n\t\t\t\t\t<\/div>\n\t\t<\/section>\n\t\t\t\t<section class=\"elementor-section elementor-top-section elementor-element elementor-element-555ba8a section-title elementor-section-full_width elementor-section-height-default elementor-section-height-default\" data-id=\"555ba8a\" data-element_type=\"section\">\n\t\t\t\t\t\t<div class=\"elementor-container elementor-column-gap-default\">\n\t\t\t\t\t<div class=\"elementor-column elementor-col-100 elementor-top-column elementor-element elementor-element-24da4d7\" data-id=\"24da4d7\" data-element_type=\"column\">\n\t\t\t<div class=\"elementor-widget-wrap elementor-element-populated\">\n\t\t\t\t\t\t<div class=\"elementor-element elementor-element-afae85b text-box elementor-widget elementor-widget-heading\" data-id=\"afae85b\" data-element_type=\"widget\" data-widget_type=\"heading.default\">\n\t\t\t\t<div class=\"elementor-widget-container\">\n\t\t\t\t\t<h1 class=\"elementor-heading-title elementor-size-default\">\u00bfQui\u00e9nes somos?<\/h1>\t\t\t\t<\/div>\n\t\t\t\t<\/div>\n\t\t\t\t\t<\/div>\n\t\t<\/div>\n\t\t\t\t\t<\/div>\n\t\t<\/section>\n\t\t\t\t<section class=\"elementor-section elementor-top-section elementor-element elementor-element-06559b1 elementor-section-full_width elementor-section-height-default elementor-section-height-default\" data-id=\"06559b1\" data-element_type=\"section\">\n\t\t\t\t\t\t<div class=\"elementor-container elementor-column-gap-default\">\n\t\t\t\t\t<div class=\"elementor-column elementor-col-100 elementor-top-column elementor-element elementor-element-0235215\" data-id=\"0235215\" data-element_type=\"column\">\n\t\t\t<div class=\"elementor-widget-wrap elementor-element-populated\">\n\t\t\t\t\t\t<div class=\"elementor-element elementor-element-2b23fe5 elementor-widget elementor-widget-text-editor\" data-id=\"2b23fe5\" data-element_type=\"widget\" data-widget_type=\"text-editor.default\">\n\t\t\t\t<div class=\"elementor-widget-container\">\n\t\t\t\t\t\t\t\t\t<p class=\"MsoNormal\" style=\"text-align: justify;\"><span style=\"font-family: Armata;\">Por su acr\u00f3nimo, AMEJ significa \u201cAsociaci\u00f3n Mexicana de Exbecarios del Jap\u00f3n\u201d, Asociaci\u00f3n Civil constituida en 1994. Sus fundadores compart\u00edan una caracter\u00edstica en com\u00fan: haber sido becarios del Gobierno Japon\u00e9s a trav\u00e9s de los programas del Ministerio de Educaci\u00f3n, Deporte, Ciencia y Tecnolog\u00eda del Jap\u00f3n (ahora MONBUKAGAKUSHO o MEXT). Actualmente AMEJ cuenta con el respaldo del Ministerio de Asuntos Exteriores de Jap\u00f3n (MOFA o GAIMUSHO) a trav\u00e9s de la Embajada del Jap\u00f3n en M\u00e9xico.<\/span><\/p><p class=\"MsoNormal\" style=\"text-align: justify;\"><span style=\"font-family: Armata;\">\u00a0<\/span><\/p><p class=\"MsoNormal\" style=\"text-align: justify;\"><span style=\"font-family: Armata;\">Al d\u00eda de hoy, M\u00e9xico se ha visto beneficiado con cerca de 1,000 becas otorgadas dentro de los distintos programas del MEXT, como son las becas de licenciatura, posgrado, maestros de Educaci\u00f3n B\u00e1sica en Servicio, Colegio Tecnol\u00f3gico, Especializaci\u00f3n y perfeccionamiento del idioma japon\u00e9s. En la actualidad 510 exbecarios est\u00e1n inscritos a la Asociaci\u00f3n y poco m\u00e1s de 200 permanecen como miembros activos. Muchos de ellos radican en M\u00e9xico, mientras que otra parte labora en Jap\u00f3n. Una concentraci\u00f3n menor labora en Norteam\u00e9rica, Sudam\u00e9rica, Europa y el resto de Asia. Por \u00faltimo, dichos miembros actualmente activos participan continuamente en las actividades de la Asociaci\u00f3n y mantienen sus datos actualizados con la Embajada del Jap\u00f3n en M\u00e9xico y la misma AMEJ.<\/span><\/p><p class=\"MsoNormal\" style=\"text-align: justify;\"><span style=\"font-family: Armata;\">\u00a0<\/span><\/p><p class=\"MsoNormal\" style=\"text-align: justify;\"><span style=\"font-family: Armata;\">Los objetivos principales de AMEJ estan relacionados a contribuir al fortalecimiento de la amistad, mutuo entendimiento y relaciones de intercambio cultural entre M\u00e9xico y Jap\u00f3n; aportar al desarrollo cient\u00edfico, cultural y econ\u00f3mico de M\u00e9xico y; fomentar la fraternidad entre sus miembros.<\/span><\/p><p class=\"MsoNormal\" style=\"text-align: justify;\"><span style=\"font-family: Armata;\">\u00a0<\/span><\/p><p class=\"MsoNormal\" style=\"text-align: justify;\"><span style=\"font-family: Armata;\">Su equipo de trabajo, dentro de la Rep\u00fablica Mexicana, consta de seis Coordinaciones Regionales:<\/span><\/p><p class=\"MsoNormal\" style=\"text-align: justify;\"><span style=\"font-family: Armata;\">\u2022 Noroeste: Baja California, Baja California Norte, Sonora, Sinaloa y Nayarit<\/span><\/p><p class=\"MsoNormal\" style=\"text-align: justify;\"><span style=\"font-family: Armata;\">\u2022 Norte: Chihuahua, Durango, Coahuila y Zacatecas<\/span><\/p><p class=\"MsoNormal\" style=\"text-align: justify;\"><span style=\"font-family: Armata;\">\u2022 Noreste: Nuevo Le\u00f3n, Tamaulipas y San Lu\u00eds Potos\u00ed<\/span><\/p><p class=\"MsoNormal\" style=\"text-align: justify;\"><span style=\"font-family: Armata;\">\u2022 Centro-Baj\u00edo: Jalisco Quer\u00e9taro, Guanajuato, Aguascalientes y Colima<\/span><\/p><p class=\"MsoNormal\" style=\"text-align: justify;\"><span style=\"font-family: Armata;\">\u2022 Centro-Sur: Puebla, Guerrero, Hidalgo, Estado de M\u00e9xico, Ciudad de M\u00e9xico, Michoac\u00e1n y Tlaxcala<\/span><\/p><p class=\"MsoNormal\" style=\"text-align: justify;\"><span style=\"font-family: Armata;\">\u2022 Sureste: Veracruz, Campeche, Chiapas, Oaxaca, Quintana Roo, Tabasco, Yucat\u00e1n<\/span><\/p><p class=\"MsoNormal\" style=\"text-align: justify;\"><span style=\"font-family: Armata;\">\u00a0<\/span><\/p><p class=\"MsoNormal\" style=\"text-align: justify;\"><span style=\"font-family: Armata;\">Finalmente, dependiendo de cada Mesa Directiva, y en conformidad con los Estatutos de AMEJ, existen Coordinaciones de Trabajo en \u00e1reas tales como educaci\u00f3n, cooperaci\u00f3n acad\u00e9mica, relaciones econ\u00f3micas, acci\u00f3n social, vinculaci\u00f3n, entre otros.<\/span><\/p><p class=\"MsoNormal\"><span style=\"font-family: Armata;\">\u00a0 <\/span><\/p><p class=\"MsoNormal\" style=\"text-align: justify;\"><span style=\"font-family: Armata;\">AMEJ est\u00e1 abierta, en casos sobresalientes, a profesionistas mexicanos y extranjeros que hayan tenido en Jap\u00f3n las mismas condiciones de estudio de MEXT o cualquier otro tipo de beca equivalente a la experiencia de los programas del mismo. Los miembros de AMEJ participan constantemente en eventos organizados por la Asociaci\u00f3n tales como semanas culturales, conferencias sobre Jap\u00f3n, convivencias sociales, foros, orientaciones a nuevos becarios, actividades de apreciaci\u00f3n al arte, entre otros. Tambi\u00e9n apoyan eventos organizados por la Embajada del Jap\u00f3n como lo pueden ser ferias comerciales, publicaciones, seminarios, reportajes, asambleas, entre otros, as\u00ed como apoyo a eventos externos o en colaboraci\u00f3n con otras asociaciones o entidades de origen japon\u00e9s o mexicano con objetivos de difusi\u00f3n bilateral en cualquier campo, como ser\u00edan festivales, encuentros de descendientes japoneses, conferencias magnas, entre otros.<\/span><\/p><p class=\"MsoNormal\"><span style=\"font-family: Armata;\">\u00a0<\/span><\/p><p class=\"MsoNormal\" style=\"text-align: justify;\"><span style=\"font-family: Armata;\">AMEJ busca ser una entidad fuerte en el desarrollo de las relaciones bilaterales entre M\u00e9xico y Jap\u00f3n, fomentando la convivencia entre sus miembros, a trav\u00e9s de estas actividades. AMEJ desea ser un soporte de capital humano, con especialistas en \u00e1reas de conocimiento, para el enriquecimiento de ambos pa\u00edses, as\u00ed como colaborar con el significativo crecimiento de su relaci\u00f3n.<\/span><\/p>\t\t\t\t\t\t\t\t<\/div>\n\t\t\t\t<\/div>\n\t\t\t\t\t<\/div>\n\t\t<\/div>\n\t\t\t\t\t<\/div>\n\t\t<\/section>\n\t\t\t\t<section class=\"elementor-section elementor-top-section elementor-element elementor-element-c428198 elementor-section-full_width elementor-section-height-default elementor-section-height-default\" data-id=\"c428198\" data-element_type=\"section\">\n\t\t\t\t\t\t<div class=\"elementor-container elementor-column-gap-default\">\n\t\t\t\t\t<div class=\"elementor-column elementor-col-100 elementor-top-column elementor-element elementor-element-988ade3\" data-id=\"988ade3\" data-element_type=\"column\">\n\t\t\t<div class=\"elementor-widget-wrap elementor-element-populated\">\n\t\t\t\t\t\t<div class=\"elementor-element elementor-element-12e7e49 elementor-widget elementor-widget-heading\" data-id=\"12e7e49\" data-element_type=\"widget\" data-widget_type=\"heading.default\">\n\t\t\t\t<div class=\"elementor-widget-container\">\n\t\t\t\t\t<h3 class=\"elementor-heading-title elementor-size-default\">Historia E importancia de AMEJ<\/h3>\t\t\t\t<\/div>\n\t\t\t\t<\/div>\n\t\t\t\t<div class=\"elementor-element elementor-element-6c05efc elementor-widget elementor-widget-text-editor\" data-id=\"6c05efc\" data-element_type=\"widget\" data-widget_type=\"text-editor.default\">\n\t\t\t\t<div class=\"elementor-widget-container\">\n\t\t\t\t\t\t\t\t\t<p>La historia de AMEJ comienza en febrero de 1994 cuando se reunieron el Agregado Cultural de la Embajada del Jap\u00f3n en M\u00e9xico, Sr. Hajime Naganuma; el Encargado de Becas en el Departamento Cultural de la misma Embajada, Lic. Jorge Guti\u00e9rrez; el Profesor Luis Cort\u00e9s y la Profesora Mar\u00eda Sol\u00eds, para organizar y coordinar la tit\u00e1nica labor de localizar al mayor n\u00famero de exbecarios e invitarlos a participar en el proyecto.<\/p><p>A finales de marzo de 1994, en el auditorio de la Embajada del Jap\u00f3n en M\u00e9xico se dieron cita los exbecarios que fundar\u00edan AMEJ. La reuni\u00f3n congreg\u00f3 un total de 18 exbecarios quienes brindaron propuestas, crearon estatutos y dise\u00f1aron un logo. La labor culmin\u00f3 en octubre del mismo a\u00f1o, cuando frente a un Notario P\u00fablico se llev\u00f3 a cabo el acto protocolario para constituir oficialmente la Asociaci\u00f3n Mexicana de Exbecarios del Jap\u00f3n, A.C., quedando como su sede y direcci\u00f3n oficial autorizada el de la Embajada del Jap\u00f3n en M\u00e9xico. Por consenso, el Embajador del Jap\u00f3n en M\u00e9xico en turno, el Sr. Mitsuro Donowaki, el Ministro, Sr. Seigi Hinata y los Agregados Culturales Sr. Hajime Naganuma y Sr. Naoki Yokobayashi fueron designados miembros honorarios de la Asociaci\u00f3n.<\/p><p>La constituci\u00f3n de AMEJ fue la culminaci\u00f3n de una visi\u00f3n que ha permitido reforzar los lazos de amistad, tanto con Jap\u00f3n como entre sus miembros. Gracias a la participaci\u00f3n en AMEJ, los exbecarios mantienen vivo el recuerdo de sus experiencias en Jap\u00f3n y tienen la oportunidad de interactuar con personas de distintas generaciones y \u00e1reas de conocimiento.<\/p><p>En 2014, en la gesti\u00f3n del Presidente Octavio Gonz\u00e1lez, se realizaron acercamientos significativos con la Comunidad Nikkei llevando a una delegaci\u00f3n de exbecarios a participar en Mazatl\u00e1n, Sinaloa para la XII CONANI &#8211; Convenci\u00f3n Nacional Nikkei por invitaci\u00f3n de la Sra. Esperanza Kasuga, y que desde ese momento cre\u00f3 lazos importantes con la comunidad en distintas zonas del pa\u00eds. Ese mismo a\u00f1o, por invitaci\u00f3n del entonces Embajador del Jap\u00f3n en M\u00e9xico, Excmo. Se\u00f1or Shuichiro Megata, el Presidente Octavio Gonz\u00e1lez estuvo en la recepci\u00f3n de bienvenida durante la visita del Primer Ministro del Jap\u00f3n, Excmo. Sr. Shinzo Abe con quien comparti\u00f3 unos minutos de charla.<\/p><p>En 2015, entr\u00f3 la gesti\u00f3n del Presidente Jaime \u00c1lvarez y por iniciativa del entonces Embajador del Jap\u00f3n en M\u00e9xico, Excmo. Sr. Akira Yamada se delegaron actividades de representaci\u00f3n a los miembros de la AMEJ para eventos magnos como la Feria Nacional Potosina en San Luis Potos\u00ed, y la Feria Internacional del Libro en Monterrey, Nuevo Le\u00f3n, colaborando adem\u00e1s durante el Festival Jap\u00f3n llevado a cabo en el CENART. Ese a\u00f1o se inaugur\u00f3 una Exhibici\u00f3n de Fotograf\u00eda Itinerante llamada \u201cJap\u00f3n Visto desde el Lente de los Exbecarios\u201d en Pachuca, Hidalgo. La Vice-Presidenta, Mtra. Vania de la Vega Shiota fue elegida como becaria del programa <em>\u201cNext Generation of Nikkei Leaders\u201d<\/em> del MOFA \u2013 Ministerio de Relaciones Exteriores del Jap\u00f3n. Durante ese a\u00f1o, dentro del marco de las iniciativas de la Pol\u00edtica Econ\u00f3mica del Primer Ministro Shinzo Abe en el empoderamiento de la mujer, se llev\u00f3 a cabo el primer WAW! \u2013 <em>\u201cWorld Assembly for Women!\u201d<\/em> en CDMX en paralelo a las <em>\u201cShine Weeks\u201d<\/em> de Tokio, donde la delegada de M\u00e9xico, la Sra. Teresa Kasuga comparti\u00f3 su experiencia a su regreso a M\u00e9xico, y se invitaron grandes figuras de la pol\u00edtica, el sector p\u00fablico, privado y de las organizaciones civiles, as\u00ed como exbecarias destacadas que compartieron su visi\u00f3n, sus experiencias y retos como mujeres a cargo de liderar grupos, empresas, asociaciones, etc. Dicho a\u00f1o la AMEJ empez\u00f3 a perfilar con miembros en el Seminario de L\u00edderes de Pr\u00f3xima Generaci\u00f3n M\u00e9xico-Jap\u00f3n.<\/p><p>En 2016, se sum\u00f3 el evento del Networking M\u00e9xico-Jap\u00f3n, tambi\u00e9n una iniciativa aprobada por el Gobierno del Jap\u00f3n, y que surgi\u00f3 como una necesidad de integrar a los diferentes actores de la relaci\u00f3n bilateral M\u00e9xico-Jap\u00f3n, y donde el Embajador, el Excmo. Sr. Akira Yamada deseaba que AMEJ tomara la gesti\u00f3n del mismo. A partir de ese a\u00f1o AMEJ tiene un acercamiento especial con algunas asociaciones hermanas como la ASEMEJA, as\u00ed como con entidades emblem\u00e1ticas como la C\u00e1mara Japonesa de Comercio e Industria, la Fundaci\u00f3n Jap\u00f3n en M\u00e9xico, el Liceo Mexicano-Japon\u00e9s, el Programa de Estudios de Asia Pac\u00edfico del ITAM y el Programa Universitario de Estudios de Asia y \u00c1frica de la UNAM, entre otros. Se iniciaron las actividades sociales y de convivencia con los becarios japoneses del CONACYT, tal como a Xochimilco y Teotihuac\u00e1n, llev\u00e1ndose a cabo el D\u00eda de Jap\u00f3n en Chapingo. A lo largo del a\u00f1o la AMEJ volvi\u00f3 a representar a la Embajada del Jap\u00f3n en M\u00e9xico en la Feria Internacional del Libro en Guadalajara, Jalisco y se tuvo una segunda entrega del Foro de Mujeres L\u00edderes bajo el marco de las del WAW! \u2013 <em>\u201cWorld Assembly for Women!\u201d.<\/em><\/p><p>Por otra parte, por reglamentaci\u00f3n y lineamientos recientes del MEXT \u2013 Ministerio de Educaci\u00f3n, Cultura, Deporte, Ciencia y Tecnolog\u00eda del Jap\u00f3n, empez\u00f3 con la Sesi\u00f3n de Experiencias de Exbecarios que regresan a M\u00e9xico cada a\u00f1o, con el fin de cumplir los mismos lineamientos.<\/p><p>En el 2017, en transici\u00f3n de Mesas Directivas se llev\u00f3 a cabo el 2\u00ba Networking M\u00e9xico-Jap\u00f3n, y enseguida, durante la gesti\u00f3n de la Vice-Presidenta Vania de la Vega Shiota, fue el Mtro. Francisco Valencia quien lider\u00f3 a un grupo de 9 exbecarios en un di\u00e1logo de reflexi\u00f3n e impacto de las becas MEXT en la vida personal y profesional junto al Vice-Ministro de Relaciones Exteriores del Jap\u00f3n Sr. Kentaro Sonoura. Una charla que fortaleci\u00f3 el di\u00e1logo pol\u00edtico de cooperaci\u00f3n e intercambio acad\u00e9mico entre M\u00e9xico y Jap\u00f3n.<\/p><p>Ese mismo a\u00f1o, ahora en la gesti\u00f3n del Presidente Francisco Valencia hubo un incremento de 3 a 6 orientaciones de becas dentro del interior de la rep\u00fablica incluyendo Zacatecas, Veracruz, Guanajuato, Sinaloa, Guerrero, Puebla y Jalisco. Se represent\u00f3 a la Embajada del Jap\u00f3n en M\u00e9xico en el 1er Bazar Japon\u00e9s en la Colonia Roma, organizado por la Revista WAttention en Espa\u00f1ol. La AMEJ se uni\u00f3 como colaborador del Seminario de L\u00edderes de Pr\u00f3xima Generaci\u00f3n M\u00e9xico-Jap\u00f3n ese verano. En el 2018, como parte de las a\u00fan <em>\u201cShine Weeks\u201d<\/em> del 2017 se llev\u00f3 a cabo un 3er Foro de Mujeres L\u00edderes bajo el marco del WAW! \u2013 <em>\u201cWorld Assembly for Women!\u201d<\/em>. Al final del a\u00f1o, por invitaci\u00f3n de los Embajadores, el Excmo. Sr. Akira Yamada\u00a0 y el Excmo. Sr. Carlos Almada, el Presidente de la AMEJ viaj\u00f3 a Hiroshima, Jap\u00f3n para representar a la AMEJ en la 3\u00aa Cumbre de Rectores M\u00e9xico-Jap\u00f3n acompa\u00f1ado por el Dr. Salvador Barrera como un profesional acad\u00e9mico experimentado en la vinculaci\u00f3n bilateral entre M\u00e9xico y Jap\u00f3n.<\/p><p>En el 2018, AMEJ inici\u00f3 en colaboraci\u00f3n intensa con la Embajada del Jap\u00f3n en M\u00e9xico las celebraciones del 130 Aniversario de Relaciones Diplom\u00e1ticas. Un a\u00f1o que fue el que m\u00e1s eventos a acumulado en la historia de la AMEJ, que incluyeron, la 3\u00aa Sesi\u00f3n de Experiencias de Exbecarios en CDMX, el 1er Seminario de Cultura F\u00edsica del Jap\u00f3n llevado a cabo en la ENED \u2013 Escuela Nacional de Entrenadores Deportivos, el 3er Networking M\u00e9xico-Jap\u00f3n en CDMX, el 1er Foro de Amistad M\u00e9xico-Jap\u00f3n en CDMX, la participaci\u00f3n en la XIV CONANNI \u2013 Convenci\u00f3n Nacional Nikkei en Cuernavaca, Morelos, el D\u00eda de Jap\u00f3n en Aguascalientes, Aguascalientes, el Festival Xochimatsuri en Xochimilco, el 1er Foro del Conocimiento del Jap\u00f3n en M\u00e9xico en CDMX, el Foro de Multiculturalidad en los Negocios en Le\u00f3n, Guanajuato, la Noche Bohemia Japonesa en Puebla, Puebla, el 4o Foro de Mujeres L\u00edderes en el marco de WAW!\u2013 <em>\u201cWorld Assembly for Women!\u201d<\/em> en CDMX, el Foro de Jap\u00f3n en Sinaloa: Historias de Migraci\u00f3n y Conocimiento en Los Mochis, Sinaloa y orientaciones de becas llevadas a cabo en los Estados de Chihuahua, Campeche, Nayarit, Oaxaca, Nuevo Le\u00f3n, Chiapas y San Luis Potos\u00ed.<\/p><p>Asimismo, fue el a\u00f1o en que AMEJ se uni\u00f3 a los Organizadores oficiales del Seminario de L\u00edderes de Pr\u00f3xima Generaci\u00f3n M\u00e9xico-Jap\u00f3n.<\/p><p>El 2019, durante el cierre de la gesti\u00f3n 2017- 2019, se llev\u00f3 a cabo el 2\u00ba Foro de Amistad M\u00e9xico- Jap\u00f3n en Cuernavaca, Morelos, el 4\u00ba Networking M\u00e9xico-Jap\u00f3n en Guadalajara, Jalisco, la 4\u00aa Sesi\u00f3n de Experiencias de Exbecarios en la CDMX. Y de manera extraordinaria se a\u00f1adieron orientaciones de becas en el interior de la rep\u00fablica en Baja California, Tlaxcala, Puebla y el Estado de M\u00e9xico. Los dos eventos magnos fuera de CDMX marcan una pauta de la descentralizaci\u00f3n de los mismos hacia el interior de la Rep\u00fablica, como un esfuerzo de compartir, diseminar y hacer llegar la informaci\u00f3n m\u00e1s all\u00e1 de la misma capital.<\/p><p><span style=\"font-weight: 400;\">Durante la gesti\u00f3n del Lic. David Lira se asisti\u00f3 a la Celebraci\u00f3n de la Era Reiwa en la Residencia del Embajador del Jap\u00f3n en M\u00e9xico, se llevaron a cabo orientaciones de becas en las siguientes ciudades de la Rep\u00fablica Mexicana: Ciudad Obreg\u00f3n, Sonora; Morelia, Michoac\u00e1n y Villahermosa Tabasco. Se particip\u00f3 en las preparaciones de la 4\u00aa Cumbre de Rectores M\u00e9xico-Jap\u00f3n en las juntas con la AMEXCID y hubo una participaci\u00f3n de voluntariado en la FICA (Feria Internacional de las Culturas Amigas) en el Parque de Chapultepec dentro del stand de la Embajada del Jap\u00f3n en M\u00e9xico.<\/span><\/p><p><span style=\"font-weight: 400;\">El Lic. Lira tambi\u00e9n particip\u00f3 como miembro en el 5o Seminario de L\u00edderes de Pr\u00f3xima Generaci\u00f3n M\u00e9xico-Jap\u00f3n en Ticum\u00e1n, Morelos. En este periodo se gestion\u00f3 el voluntariado para la b\u00fasqueda de alojamiento para la Generaci\u00f3n de becarios japoneses CONACYT 2019 y se prepar\u00f3 el 5\u00ba WAW! En M\u00e9xico \u2013 World Assembly for Women!, como parte de los programas de la gesti\u00f3n del Primer Ministro Shinzo Abe.<\/span><\/p><p><span style=\"font-weight: 400;\">Durante el primer trimestre del 2020, se llev\u00f3 a cabo de manera presencial el Shinnenkai 2020 donde se cont\u00f3 con la presencia del Ministro de la Embajada del Jap\u00f3n en M\u00e9xico el Sr. Ryosuke Kuwana, as\u00ed mismo se realiz\u00f3 la 6\u00aa Sesi\u00f3n de Experiencias de Exbecarios en la CDMX y el 5\u00b0 Networking M\u00e9xico \u2013 Jap\u00f3n en la ciudad de Monterrey, Nuevo Le\u00f3n reuniendo personas estrat\u00e9gicas que se han encargado de fortalecer esta relaci\u00f3n. A partir del mes de abril, debido a la contingencia global, se cambiaron todos los eventos a formato virtual, teniendo un mayor alcance para orientaci\u00f3n de becas, el D\u00eda de Jap\u00f3n en l\u00ednea con sede en Guadalajara y el Foro del conocimiento de Acuacultura y pesquer\u00eda en el sur del pa\u00eds.<\/span><\/p><p>Para la gesti\u00f3n 2021 \u2013 2023, encabezada por la presidenta Vania De la Vega Shiota se tienen planeadas actividades de divulgaci\u00f3n de la cultura japonesa en M\u00e9xico, seminarios y conferencias dictados por los exbecarios desde sus \u00e1reas de conocimiento, adem\u00e1s de las ya acostumbradas pl\u00e1ticas de difusi\u00f3n de las becas otorgadas por el gobierno de Jap\u00f3n a j\u00f3venes mexicanos; tarea que ser\u00e1 posible gracias a una mesa directiva de m\u00e1s de 30 exbecarios distribuidos en diferentes entidades de la Rep\u00fablica Mexicana e incluso radicados en Jap\u00f3n<\/p>\t\t\t\t\t\t\t\t<\/div>\n\t\t\t\t<\/div>\n\t\t\t\t\t<\/div>\n\t\t<\/div>\n\t\t\t\t\t<\/div>\n\t\t<\/section>\n\t\t\t\t<section class=\"elementor-section elementor-top-section elementor-element elementor-element-446c98f elementor-section-boxed elementor-section-height-default elementor-section-height-default\" data-id=\"446c98f\" data-element_type=\"section\">\n\t\t\t\t\t\t<div class=\"elementor-container elementor-column-gap-default\">\n\t\t\t\t\t<div class=\"elementor-column elementor-col-100 elementor-top-column elementor-element elementor-element-8db0ffe\" data-id=\"8db0ffe\" data-element_type=\"column\">\n\t\t\t<div class=\"elementor-widget-wrap elementor-element-populated\">\n\t\t\t\t\t\t<div class=\"elementor-element elementor-element-de4dd02 elementor-widget elementor-widget-heading\" data-id=\"de4dd02\" data-element_type=\"widget\" data-widget_type=\"heading.default\">\n\t\t\t\t<div class=\"elementor-widget-container\">\n\t\t\t\t\t<h2 class=\"elementor-heading-title elementor-size-default\">Estad\u00cdsticas<\/h2>\t\t\t\t<\/div>\n\t\t\t\t<\/div>\n\t\t\t\t<div class=\"elementor-element elementor-element-37f91ec elementor-widget elementor-widget-shortcode\" data-id=\"37f91ec\" data-element_type=\"widget\" data-widget_type=\"shortcode.default\">\n\t\t\t\t<div class=\"elementor-widget-container\">\n\t\t\t\t\t\t\t<div class=\"elementor-shortcode\"><div id=\"metaslider-id-596\" style=\"max-width: 800px; margin: 0 auto;\" class=\"ml-slider-3-102-0 metaslider metaslider-flex metaslider-596 ml-slider has-dots-nav ms-theme-default\" role=\"region\" aria-label=\"Estad\u00edsticas\" data-height=\"533\" data-width=\"800\">\n    <div id=\"metaslider_container_596\">\n        <div id=\"metaslider_596\">\n            <ul class='slides'>\n                <li style=\"display: block; width: 100%;\" class=\"slide-606 ms-image \" aria-roledescription=\"slide\" data-date=\"2021-03-27 20:26:38\" data-slide-type=\"image\"><img decoding=\"async\" src=\"http:\/\/amej.org.mx\/home\/wp-content\/uploads\/2021\/03\/estadisticas01-800x533.jpg\" height=\"533\" width=\"800\" alt=\"\" class=\"slider-596 slide-606 msDefaultImage\" title=\"estadisticas01\" \/><\/li>\n                <li style=\"display: none; width: 100%;\" class=\"slide-607 ms-image \" aria-roledescription=\"slide\" data-date=\"2021-03-27 20:26:38\" data-slide-type=\"image\"><img decoding=\"async\" src=\"http:\/\/amej.org.mx\/home\/wp-content\/uploads\/2021\/03\/estadisticas02-800x533.jpg\" height=\"533\" width=\"800\" alt=\"\" class=\"slider-596 slide-607 msDefaultImage\" title=\"estadisticas02\" \/><\/li>\n                <li style=\"display: none; width: 100%;\" class=\"slide-608 ms-image \" aria-roledescription=\"slide\" data-date=\"2021-03-27 20:26:38\" data-slide-type=\"image\"><img loading=\"lazy\" decoding=\"async\" src=\"http:\/\/amej.org.mx\/home\/wp-content\/uploads\/2021\/03\/estadisticas03-800x533.jpg\" height=\"533\" width=\"800\" alt=\"\" class=\"slider-596 slide-608 msDefaultImage\" title=\"estadisticas03\" \/><\/li>\n                <li style=\"display: none; width: 100%;\" class=\"slide-609 ms-image \" aria-roledescription=\"slide\" data-date=\"2021-03-27 20:26:38\" data-slide-type=\"image\"><img loading=\"lazy\" decoding=\"async\" src=\"http:\/\/amej.org.mx\/home\/wp-content\/uploads\/2021\/03\/estadisticas04-800x533.jpg\" height=\"533\" width=\"800\" alt=\"\" class=\"slider-596 slide-609 msDefaultImage\" title=\"estadisticas04\" \/><\/li>\n                <li style=\"display: none; width: 100%;\" class=\"slide-610 ms-image \" aria-roledescription=\"slide\" data-date=\"2021-03-27 20:26:38\" data-slide-type=\"image\"><img loading=\"lazy\" decoding=\"async\" src=\"http:\/\/amej.org.mx\/home\/wp-content\/uploads\/2021\/03\/estadisticas05-800x533.jpg\" height=\"533\" width=\"800\" alt=\"\" class=\"slider-596 slide-610 msDefaultImage\" title=\"estadisticas05\" \/><\/li>\n                <li style=\"display: none; width: 100%;\" class=\"slide-611 ms-image \" aria-roledescription=\"slide\" data-date=\"2021-03-27 20:26:38\" data-slide-type=\"image\"><img loading=\"lazy\" decoding=\"async\" src=\"http:\/\/amej.org.mx\/home\/wp-content\/uploads\/2021\/03\/estadisticas06-800x533.jpg\" height=\"533\" width=\"800\" alt=\"\" class=\"slider-596 slide-611 msDefaultImage\" title=\"estadisticas06\" \/><\/li>\n                <li style=\"display: none; width: 100%;\" class=\"slide-612 ms-image \" aria-roledescription=\"slide\" data-date=\"2021-03-27 20:26:38\" data-slide-type=\"image\"><img loading=\"lazy\" decoding=\"async\" src=\"http:\/\/amej.org.mx\/home\/wp-content\/uploads\/2021\/03\/estadisticas07-800x533.jpg\" height=\"533\" width=\"800\" alt=\"\" class=\"slider-596 slide-612 msDefaultImage\" title=\"estadisticas07\" \/><\/li>\n                <li style=\"display: none; width: 100%;\" class=\"slide-613 ms-image \" aria-roledescription=\"slide\" data-date=\"2021-03-27 20:26:38\" data-slide-type=\"image\"><img loading=\"lazy\" decoding=\"async\" src=\"http:\/\/amej.org.mx\/home\/wp-content\/uploads\/2021\/03\/estadisticas08-800x533.jpg\" height=\"533\" width=\"800\" alt=\"\" class=\"slider-596 slide-613 msDefaultImage\" title=\"estadisticas08\" \/><\/li>\n                <li style=\"display: none; width: 100%;\" class=\"slide-614 ms-image \" aria-roledescription=\"slide\" data-date=\"2021-03-27 20:26:38\" data-slide-type=\"image\"><img loading=\"lazy\" decoding=\"async\" src=\"http:\/\/amej.org.mx\/home\/wp-content\/uploads\/2021\/03\/estadisticas09-800x533.jpg\" height=\"533\" width=\"800\" alt=\"\" class=\"slider-596 slide-614 msDefaultImage\" title=\"estadisticas09\" \/><\/li>\n            <\/ul>\n        <\/div>\n        \n    <\/div>\n<\/div><\/div>\n\t\t\t\t\t\t<\/div>\n\t\t\t\t<\/div>\n\t\t\t\t<div class=\"elementor-element elementor-element-95801ef elementor-widget elementor-widget-text-editor\" data-id=\"95801ef\" data-element_type=\"widget\" data-widget_type=\"text-editor.default\">\n\t\t\t\t<div class=\"elementor-widget-container\">\n\t\t\t\t\t\t\t\t\t<p>Estad\u00edsticas de los exbecarios elaboradas con informaci\u00f3n de AMEJ con motivo de su 25 aniversario<\/p>\t\t\t\t\t\t\t\t<\/div>\n\t\t\t\t<\/div>\n\t\t\t\t\t<\/div>\n\t\t<\/div>\n\t\t\t\t\t<\/div>\n\t\t<\/section>\n\t\t\t\t<\/div>\n\t\t","protected":false},"excerpt":{"rendered":"<p>\u00bfQui\u00e9nes somos? Por su acr\u00f3nimo, AMEJ significa \u201cAsociaci\u00f3n Mexicana de Exbecarios del Jap\u00f3n\u201d, Asociaci\u00f3n Civil constituida en 1994. Sus fundadores compart\u00edan una caracter\u00edstica en com\u00fan: haber sido becarios del Gobierno Japon\u00e9s a trav\u00e9s de los programas del Ministerio de Educaci\u00f3n, Deporte, Ciencia y Tecnolog\u00eda del Jap\u00f3n (ahora MONBUKAGAKUSHO o MEXT). Actualmente AMEJ cuenta con el&#8230;<\/p>\n","protected":false},"author":5,"featured_media":0,"parent":0,"menu_order":0,"comment_status":"closed","ping_status":"closed","template":"","meta":{"footnotes":""},"class_list":["post-923","page","type-page","status-publish","hentry"],"_links":{"self":[{"href":"http:\/\/amej.org.mx\/home\/wp-json\/wp\/v2\/pages\/923","targetHints":{"allow":["GET"]}}],"collection":[{"href":"http:\/\/amej.org.mx\/home\/wp-json\/wp\/v2\/pages"}],"about":[{"href":"http:\/\/amej.org.mx\/home\/wp-json\/wp\/v2\/types\/page"}],"author":[{"embeddable":true,"href":"http:\/\/amej.org.mx\/home\/wp-json\/wp\/v2\/users\/5"}],"replies":[{"embeddable":true,"href":"http:\/\/amej.org.mx\/home\/wp-json\/wp\/v2\/comments?post=923"}],"version-history":[{"count":25,"href":"http:\/\/amej.org.mx\/home\/wp-json\/wp\/v2\/pages\/923\/revisions"}],"predecessor-version":[{"id":1140,"href":"http:\/\/amej.org.mx\/home\/wp-json\/wp\/v2\/pages\/923\/revisions\/1140"}],"wp:attachment":[{"href":"http:\/\/amej.org.mx\/home\/wp-json\/wp\/v2\/media?parent=923"}],"curies":[{"name":"wp","href":"https:\/\/api.w.org\/{rel}","templated":true}]}}