{"id":939,"date":"2021-04-02T00:12:29","date_gmt":"2021-04-02T00:12:29","guid":{"rendered":"http:\/\/amej.org.mx\/home\/?page_id=939"},"modified":"2021-04-19T21:13:05","modified_gmt":"2021-04-19T21:13:05","slug":"condecorados","status":"publish","type":"page","link":"http:\/\/amej.org.mx\/home\/condecorados\/","title":{"rendered":"Condecorados"},"content":{"rendered":"\t\t<div data-elementor-type=\"wp-page\" data-elementor-id=\"939\" class=\"elementor elementor-939\">\n\t\t\t\t\t\t<section class=\"elementor-section elementor-top-section elementor-element elementor-element-d26492d elementor-section-boxed elementor-section-height-default elementor-section-height-default\" data-id=\"d26492d\" data-element_type=\"section\">\n\t\t\t\t\t\t<div class=\"elementor-container elementor-column-gap-default\">\n\t\t\t\t\t<div class=\"elementor-column elementor-col-100 elementor-top-column elementor-element elementor-element-22a72c4\" data-id=\"22a72c4\" data-element_type=\"column\">\n\t\t\t<div class=\"elementor-widget-wrap elementor-element-populated\">\n\t\t\t\t\t\t<div class=\"elementor-element elementor-element-750e3f0 elementor-widget elementor-widget-shortcode\" data-id=\"750e3f0\" data-element_type=\"widget\" data-widget_type=\"shortcode.default\">\n\t\t\t\t<div class=\"elementor-widget-container\">\n\t\t\t\t\t\t\t<div class=\"elementor-shortcode\"><div id=\"metaslider-id-1141\" style=\"width: 100%;\" class=\"ml-slider-3-102-0 metaslider metaslider-flex metaslider-1141 ml-slider has-dots-nav ms-theme-default\" role=\"region\" aria-label=\"Condecorados\">\n    <div id=\"metaslider_container_1141\">\n        <div id=\"metaslider_1141\">\n            <ul class='slides'>\n                <li style=\"display: block; width: 100%;\" class=\"slide-1144 ms-image \" aria-roledescription=\"slide\" data-date=\"2021-04-19 21:08:09\" data-slide-type=\"image\"><img decoding=\"async\" src=\"http:\/\/amej.org.mx\/home\/wp-content\/uploads\/2021\/04\/003-Condecorados-copy-0x0.jpg\" height=\"0\" width=\"0\" alt=\"\" class=\"slider-1141 slide-1144 msDefaultImage\" title=\"Condecorados\" \/><\/li>\n                <li style=\"display: none; width: 100%;\" class=\"slide-1146 ms-image \" aria-roledescription=\"slide\" data-date=\"2021-04-19 21:09:07\" data-slide-type=\"image\"><img decoding=\"async\" src=\"http:\/\/amej.org.mx\/home\/wp-content\/uploads\/2021\/04\/Carlos-Uscanga2-0x0.jpg\" height=\"0\" width=\"0\" alt=\"\" class=\"slider-1141 slide-1146 msDefaultImage\" title=\"Carlos Uscanga2\" \/><\/li>\n                <li style=\"display: none; width: 100%;\" class=\"slide-1143 ms-image \" aria-roledescription=\"slide\" data-date=\"2021-04-19 21:07:57\" data-slide-type=\"image\"><img decoding=\"async\" src=\"http:\/\/amej.org.mx\/home\/wp-content\/uploads\/2021\/04\/Ulises-Granados-0x0.jpg\" height=\"0\" width=\"0\" alt=\"\" class=\"slider-1141 slide-1143 msDefaultImage\" title=\"Ulises Granados\" \/><\/li>\n            <\/ul>\n        <\/div>\n        \n    <\/div>\n<\/div><\/div>\n\t\t\t\t\t\t<\/div>\n\t\t\t\t<\/div>\n\t\t\t\t\t<\/div>\n\t\t<\/div>\n\t\t\t\t\t<\/div>\n\t\t<\/section>\n\t\t\t\t<section class=\"elementor-section elementor-top-section elementor-element elementor-element-0b4e388 elementor-section-boxed elementor-section-height-default elementor-section-height-default\" data-id=\"0b4e388\" data-element_type=\"section\">\n\t\t\t\t\t\t<div class=\"elementor-container elementor-column-gap-default\">\n\t\t\t\t\t<div class=\"elementor-column elementor-col-100 elementor-top-column elementor-element elementor-element-5ec302e\" data-id=\"5ec302e\" data-element_type=\"column\">\n\t\t\t<div class=\"elementor-widget-wrap elementor-element-populated\">\n\t\t\t\t\t\t<div class=\"elementor-element elementor-element-4937d03 elementor-widget elementor-widget-heading\" data-id=\"4937d03\" data-element_type=\"widget\" data-widget_type=\"heading.default\">\n\t\t\t\t<div class=\"elementor-widget-container\">\n\t\t\t\t\t<h1 class=\"elementor-heading-title elementor-size-default\">Condecorados<\/h1>\t\t\t\t<\/div>\n\t\t\t\t<\/div>\n\t\t\t\t\t<\/div>\n\t\t<\/div>\n\t\t\t\t\t<\/div>\n\t\t<\/section>\n\t\t\t\t<section class=\"elementor-section elementor-top-section elementor-element elementor-element-0681f98 elementor-section-boxed elementor-section-height-default elementor-section-height-default\" data-id=\"0681f98\" data-element_type=\"section\">\n\t\t\t\t\t\t<div class=\"elementor-container elementor-column-gap-default\">\n\t\t\t\t\t<div class=\"elementor-column elementor-col-100 elementor-top-column elementor-element elementor-element-4a87034\" data-id=\"4a87034\" data-element_type=\"column\">\n\t\t\t<div class=\"elementor-widget-wrap elementor-element-populated\">\n\t\t\t\t\t\t<div class=\"elementor-element elementor-element-832d379 elementor-widget elementor-widget-text-editor\" data-id=\"832d379\" data-element_type=\"widget\" data-widget_type=\"text-editor.default\">\n\t\t\t\t<div class=\"elementor-widget-container\">\n\t\t\t\t\t\t\t\t\t<p>A lo largo de su historia, AMEJ ha sido testigo del reconocimiento de sus miembros en distintos \u00e1mbitos profesionales y en su trabajo por el fortalecimiento de las relaciones bilaterales entre M\u00e9xico y Jap\u00f3n. Exbecarios que han sido condecorados por el Gobierno de Jap\u00f3n, son:<\/p>\t\t\t\t\t\t\t\t<\/div>\n\t\t\t\t<\/div>\n\t\t\t\t\t<\/div>\n\t\t<\/div>\n\t\t\t\t\t<\/div>\n\t\t<\/section>\n\t\t\t\t<section class=\"elementor-section elementor-top-section elementor-element elementor-element-b803aad elementor-section-boxed elementor-section-height-default elementor-section-height-default\" data-id=\"b803aad\" data-element_type=\"section\">\n\t\t\t\t\t\t<div class=\"elementor-container elementor-column-gap-default\">\n\t\t\t\t\t<div class=\"elementor-column elementor-col-100 elementor-top-column elementor-element elementor-element-1e00a8f\" data-id=\"1e00a8f\" data-element_type=\"column\">\n\t\t\t<div class=\"elementor-widget-wrap elementor-element-populated\">\n\t\t\t\t\t\t<div class=\"elementor-element elementor-element-b30c9f6 elementor-widget elementor-widget-heading\" data-id=\"b30c9f6\" data-element_type=\"widget\" data-widget_type=\"heading.default\">\n\t\t\t\t<div class=\"elementor-widget-container\">\n\t\t\t\t\t<h3 class=\"elementor-heading-title elementor-size-default\">Dra. Kayo Matsubara<\/h3>\t\t\t\t<\/div>\n\t\t\t\t<\/div>\n\t\t\t\t<div class=\"elementor-element elementor-element-1b242f7 elementor-widget elementor-widget-text-editor\" data-id=\"1b242f7\" data-element_type=\"widget\" data-widget_type=\"text-editor.default\">\n\t\t\t\t<div class=\"elementor-widget-container\">\n\t\t\t\t\t\t\t\t\t<p>La Dra. Kayo Matsubara recibi\u00f3 su condecoraci\u00f3n en el a\u00f1o 2009 con la clase de \u201cOrden del Sol Naciente con Rayos Dorados y Roseta\u201d por larga labor en la promoci\u00f3n y difusi\u00f3n de la Cultura Japonesa en M\u00e9xico, espec\u00edficamente a trav\u00e9s de sus roles dentro de Chuo Gakuen, la primera escuela de japon\u00e9s en M\u00e9xico, donde es actualmente la Directora y cuenta con 30 a\u00f1os de experiencia en dicho puesto..<\/p>\t\t\t\t\t\t\t\t<\/div>\n\t\t\t\t<\/div>\n\t\t\t\t\t<\/div>\n\t\t<\/div>\n\t\t\t\t\t<\/div>\n\t\t<\/section>\n\t\t\t\t<section class=\"elementor-section elementor-top-section elementor-element elementor-element-805f61d elementor-section-boxed elementor-section-height-default elementor-section-height-default\" data-id=\"805f61d\" data-element_type=\"section\">\n\t\t\t\t\t\t<div class=\"elementor-container elementor-column-gap-default\">\n\t\t\t\t\t<div class=\"elementor-column elementor-col-100 elementor-top-column elementor-element elementor-element-9ba97ee\" data-id=\"9ba97ee\" data-element_type=\"column\">\n\t\t\t<div class=\"elementor-widget-wrap elementor-element-populated\">\n\t\t\t\t\t\t<div class=\"elementor-element elementor-element-cd7c451 elementor-widget elementor-widget-heading\" data-id=\"cd7c451\" data-element_type=\"widget\" data-widget_type=\"heading.default\">\n\t\t\t\t<div class=\"elementor-widget-container\">\n\t\t\t\t\t<h3 class=\"elementor-heading-title elementor-size-default\">Dr. V\u00edctor L\u00f3pez<\/h3>\t\t\t\t<\/div>\n\t\t\t\t<\/div>\n\t\t\t\t<div class=\"elementor-element elementor-element-de6acb8 elementor-widget elementor-widget-text-editor\" data-id=\"de6acb8\" data-element_type=\"widget\" data-widget_type=\"text-editor.default\">\n\t\t\t\t<div class=\"elementor-widget-container\">\n\t\t\t\t\t\t\t\t\t<p>El Dr. V\u00edctor L\u00f3pez recibi\u00f3 su condecoraci\u00f3n en el a\u00f1o 2017 con la clase de \u201cOrden del Sol Naciente con Rayos Dorados con Collar de List\u00f3n\u201d por su trayectoria como investigador en los temas pol\u00edtico-econ\u00f3micos de la relaci\u00f3n bilateral M\u00e9xico-Jap\u00f3n, siendo Profesor Em\u00e9rito del ITESM &#8211; Instituto Tecnol\u00f3gico de Estudios Superiores de Monterrey y Profesor de la Universidad Aut\u00f3noma de Zacatecas como asesor de tesis de doctorado.<\/p><p>Es doctor en econom\u00eda y maestro en ciencia pol\u00edtica, grados obtenidos en la Universidad Nacional Aut\u00f3noma de M\u00e9xico. Realiz\u00f3 estudios de posgrado en la Universidad de Tsukuba en Jap\u00f3n durante los a\u00f1os de 1977 a 1979. Antes de integrarse a la Universidad Aut\u00f3noma de Zacatecas fue profesor en la Universidad Nacional Aut\u00f3noma de M\u00e9xico entre 1979 y 1993 y posteriormente fue profesor del Tecnol\u00f3gico de Monterrey entre 1993 y 2012. Ha sido un pionero y reconocido experto en M\u00e9xico y Am\u00e9rica Latina de los estudios sobre la regi\u00f3n Asia-Pac\u00edfico, adem\u00e1s de trabajar los temas de la globalizaci\u00f3n con \u00e9nfasis en la regi\u00f3n de Am\u00e9rica del Norte. Ha sido investigador visitante en el Instituto de Econom\u00edas en Desarrollo de Tokio, la Universidad de California en San Diego (con la beca Fulbright), la Universidad de la Columbia Brit\u00e1nica en Canad\u00e1 y en la Universidad Ritsumeikan de Kioto. En el a\u00f1o 2008 estuvo como investigador visitante por el Instituto de Am\u00e9rica Latina de la Academia de Ciencias Sociales de Beijing, para desarrollar un proyecto sobre el futuro de China.<\/p><p>Es autor de 12 libros y m\u00e1s de 70 art\u00edculos y cap\u00edtulos de libros publicados en M\u00e9xico y otras partes del mundo. De estos destacan: \u201cLa formaci\u00f3n del sistema pol\u00edtico mexicano\u201d 1986. \u201cGlobalizaci\u00f3n y regionalizaci\u00f3n desigual\u201d 1997. \u201cAsia en Transici\u00f3n. Auge, crisis y desaf\u00edos\u201d, 1999. \u201cEstados Unidos y Am\u00e9rica Latina. Los nuevos desaf\u00edos. \u00bfUni\u00f3n o desuni\u00f3n?, 2007. En el a\u00f1o 2012 public\u00f3 el libro \u201cLa modernidad de China. Fin del socialismo y desaf\u00edos de la sociedad de mercado\u201d y recientemente fue co-editor del libro \u201cJap\u00f3n despu\u00e9s de ser el n\u00famero uno. Del alto crecimiento al r\u00e1pido envejecimiento\u201d.\u00a0Adem\u00e1s, es miembro del Sistema Nacional de Investigadores (SNI) desde 1990 y de la Academia Mexicana de Ciencias (AMC) desde el a\u00f1o 2005.<\/p>\t\t\t\t\t\t\t\t<\/div>\n\t\t\t\t<\/div>\n\t\t\t\t\t<\/div>\n\t\t<\/div>\n\t\t\t\t\t<\/div>\n\t\t<\/section>\n\t\t\t\t<section class=\"elementor-section elementor-top-section elementor-element elementor-element-7e3f8cd elementor-section-boxed elementor-section-height-default elementor-section-height-default\" data-id=\"7e3f8cd\" data-element_type=\"section\">\n\t\t\t\t\t\t<div class=\"elementor-container elementor-column-gap-default\">\n\t\t\t\t\t<div class=\"elementor-column elementor-col-100 elementor-top-column elementor-element elementor-element-420a65e\" data-id=\"420a65e\" data-element_type=\"column\">\n\t\t\t<div class=\"elementor-widget-wrap elementor-element-populated\">\n\t\t\t\t\t\t<div class=\"elementor-element elementor-element-25792df elementor-widget elementor-widget-heading\" data-id=\"25792df\" data-element_type=\"widget\" data-widget_type=\"heading.default\">\n\t\t\t\t<div class=\"elementor-widget-container\">\n\t\t\t\t\t<h3 class=\"elementor-heading-title elementor-size-default\">Dr. Carlos Uscanga<\/h3>\t\t\t\t<\/div>\n\t\t\t\t<\/div>\n\t\t\t\t<div class=\"elementor-element elementor-element-9ba7894 elementor-widget elementor-widget-text-editor\" data-id=\"9ba7894\" data-element_type=\"widget\" data-widget_type=\"text-editor.default\">\n\t\t\t\t<div class=\"elementor-widget-container\">\n\t\t\t\t\t\t\t\t\t<p>El Dr. Carlos Uscanga es licenciado en Relaciones Internacionales (FCPyS-UNAM), maestro en Ciencia Pol\u00edtica Internacional (Universidad de Ehime, Jap\u00f3n) y doctor en Cooperaci\u00f3n Internacional por la Universidad de Nagoya, Jap\u00f3n. Profesor Titular nivel \u201cC\u201d de T. C. del Centro de Relaciones Internacionales de la FCPyS. Fue Miembro del Grupo de Estudio para el Fortalecimiento de las Relaciones Econ\u00f3micas de M\u00e9xico y Jap\u00f3n; y del Grupo de Expertos para el Fortalecimiento de la Asociaci\u00f3n Econ\u00f3mica entre M\u00e9xico y Corea del Sur (SEGOB). Es miembro del Sistema Nacional de Investigadores nivel II. Fue Becario por la Japan Foundation (2002) y por la fundaci\u00f3n Olof Palme (2004). Ha sido Investigador Visitante en Jap\u00f3n, en Suecia, en Espa\u00f1a y en Estados Unidos. Tiene diversas publicaciones sobre relaciones econ\u00f3micas y diplom\u00e1ticas entre M\u00e9xico y Jap\u00f3n, mecanismos de cooperaci\u00f3n regional en el Pac\u00edfico Asi\u00e1tico y sobre cooperaci\u00f3n internacional.<\/p>\t\t\t\t\t\t\t\t<\/div>\n\t\t\t\t<\/div>\n\t\t\t\t\t<\/div>\n\t\t<\/div>\n\t\t\t\t\t<\/div>\n\t\t<\/section>\n\t\t\t\t<section class=\"elementor-section elementor-top-section elementor-element elementor-element-7006399 elementor-section-boxed elementor-section-height-default elementor-section-height-default\" data-id=\"7006399\" data-element_type=\"section\">\n\t\t\t\t\t\t<div class=\"elementor-container elementor-column-gap-default\">\n\t\t\t\t\t<div class=\"elementor-column elementor-col-100 elementor-top-column elementor-element elementor-element-ab3567f\" data-id=\"ab3567f\" data-element_type=\"column\">\n\t\t\t<div class=\"elementor-widget-wrap elementor-element-populated\">\n\t\t\t\t\t\t<div class=\"elementor-element elementor-element-cf15e7b elementor-widget elementor-widget-heading\" data-id=\"cf15e7b\" data-element_type=\"widget\" data-widget_type=\"heading.default\">\n\t\t\t\t<div class=\"elementor-widget-container\">\n\t\t\t\t\t<h3 class=\"elementor-heading-title elementor-size-default\">Dr. Ulises Granados<\/h3>\t\t\t\t<\/div>\n\t\t\t\t<\/div>\n\t\t\t\t<div class=\"elementor-element elementor-element-b8f4f0c elementor-widget elementor-widget-text-editor\" data-id=\"b8f4f0c\" data-element_type=\"widget\" data-widget_type=\"text-editor.default\">\n\t\t\t\t<div class=\"elementor-widget-container\">\n\t\t\t\t\t\t\t\t\t<p>El Dr. Ulises Granados es profesor e investigador de tiempo completo y \u00a0Coordinador del Programa de Estudios de Asia Pac\u00edfico (PEAP) en el Departamento Acad\u00e9mico de Estudios Internacionales del ITAM. Es licenciado en Relaciones Internacionales por la UNAM, maestro en Estudios de Asia y \u00c1frica por El Colegio de M\u00e9xico, y doctor en Historia por la Universidad de Tokio.<\/p><p>Se ha desempe\u00f1ado como profesor en diversas universidades japonesas, incluyendo Daito Bunka, International Christian University, Sophia University y Utsunomiya University, profesor asociado de tiempo completo en la Universidad de Tokio, y locutor de noticias en el servicio internacional de la NHK en Jap\u00f3n. Organiza e imparte conferencias y simposia, elabora libros y art\u00edculos acad\u00e9micos arbitrados, es miembro del comit\u00e9 editorial y evaluador de diversas revistas acad\u00e9micas, y comentarista para medios de comunicaci\u00f3n nacionales e internacionales sobre asuntos de Asia, incluyendo El Universal, El Financiero, El Economista, Reforma y Televisa en M\u00e9xico, y AFP, CNN, BBC, Radio Francia Internacional, Xinhua y China Daily en el extranjero.<\/p><p>Ha participado asimismo en cursos \u00a0de diplomado sobre Asia en la UNAM, El Colegio de M\u00e9xico, el Centro de Estudios Superiores Navales de la Secretar\u00eda de Marina, ITAM, \u00a0la Secretar\u00eda de Relaciones Exteriores, entre otros, y ha participado en cursos especiales y conferencias de alto nivel en la East China Normal University en Shanghai y la Universidad de Hokkaido en Jap\u00f3n, CEPAL en Chile, la Academia Diplom\u00e1tica de Vietnam, el Foreign Service Institute de Filipinas y el Instituto de Estudios Orientales de la Academia Rusia de Ciencias.<\/p><p>Para los miembros de la AMEJ, cada uno de los exbecarios condecorados representa una gran inspiraci\u00f3n para todas las nuevas generaciones que tambi\u00e9n contribuyen a la relaci\u00f3n bilateral de M\u00e9xico-Jap\u00f3n en los campos de la difusi\u00f3n de la cultura, el idioma, las investigaciones pol\u00edticas, econ\u00f3micas y de tecnolog\u00edas para la transferencia y transformaci\u00f3n, entre muchos otros.<\/p>\t\t\t\t\t\t\t\t<\/div>\n\t\t\t\t<\/div>\n\t\t\t\t\t<\/div>\n\t\t<\/div>\n\t\t\t\t\t<\/div>\n\t\t<\/section>\n\t\t\t\t<\/div>\n\t\t","protected":false},"excerpt":{"rendered":"<p>Condecorados A lo largo de su historia, AMEJ ha sido testigo del reconocimiento de sus miembros en distintos \u00e1mbitos profesionales y en su trabajo por el fortalecimiento de las relaciones bilaterales entre M\u00e9xico y Jap\u00f3n. Exbecarios que han sido condecorados por el Gobierno de Jap\u00f3n, son: Dra. Kayo Matsubara La Dra. Kayo Matsubara recibi\u00f3 su&#8230;<\/p>\n","protected":false},"author":5,"featured_media":0,"parent":0,"menu_order":0,"comment_status":"closed","ping_status":"closed","template":"","meta":{"footnotes":""},"class_list":["post-939","page","type-page","status-publish","hentry"],"_links":{"self":[{"href":"http:\/\/amej.org.mx\/home\/wp-json\/wp\/v2\/pages\/939","targetHints":{"allow":["GET"]}}],"collection":[{"href":"http:\/\/amej.org.mx\/home\/wp-json\/wp\/v2\/pages"}],"about":[{"href":"http:\/\/amej.org.mx\/home\/wp-json\/wp\/v2\/types\/page"}],"author":[{"embeddable":true,"href":"http:\/\/amej.org.mx\/home\/wp-json\/wp\/v2\/users\/5"}],"replies":[{"embeddable":true,"href":"http:\/\/amej.org.mx\/home\/wp-json\/wp\/v2\/comments?post=939"}],"version-history":[{"count":17,"href":"http:\/\/amej.org.mx\/home\/wp-json\/wp\/v2\/pages\/939\/revisions"}],"predecessor-version":[{"id":1152,"href":"http:\/\/amej.org.mx\/home\/wp-json\/wp\/v2\/pages\/939\/revisions\/1152"}],"wp:attachment":[{"href":"http:\/\/amej.org.mx\/home\/wp-json\/wp\/v2\/media?parent=939"}],"curies":[{"name":"wp","href":"https:\/\/api.w.org\/{rel}","templated":true}]}}